{"id":3407,"date":"2022-06-07T09:13:15","date_gmt":"2022-06-07T07:13:15","guid":{"rendered":"https:\/\/www.studiumgenerale.uni-mannheim.de\/?page_id=3407"},"modified":"2026-04-19T12:33:14","modified_gmt":"2026-04-19T10:33:14","slug":"studium-oecologicum","status":"publish","type":"page","link":"https:\/\/www.studiumgenerale.uni-mannheim.de\/index.php\/studium-oecologicum\/","title":{"rendered":"Zertifikat Nachhaltigkeit: Studium Oecologicum"},"content":{"rendered":"<p>[vc_row][vc_column][vc_column_text]<div class=\"super-hero-big-wrapper super-hero-spinning\" style=\"\"><div class=\"shs-spinner-wrapper\"><div class=\"shs-spinner\"><\/div><\/div><div id=\"slider-47\" class=\"super-hero-slider shs-carousel button-square navigation-center dark-on-light\" style=\"\"><div id=\"slide-47-45\" class=\"super-hero-slide full-width\" style=\"\"><a class=\"super-hero-link\" href=\"https:\/\/www.studiumgenerale.uni-mannheim.de\/\"><div class=\"super-hero-image\"><img decoding=\"async\" src=\"https:\/\/www.studiumgenerale.uni-mannheim.de\/wp-content\/uploads\/2019\/06\/Header-StudGen-KurseWeiterbildung-1024x200.jpg\"><\/div><!-- .super-hero-image --><\/a><\/div><!-- .super-hero-slide --><\/div><!-- .super-hero-slider --><\/div><!-- .big --><script>jQuery(document).ready(function($){var shs47 = $(\"#slider-47\");\r\n\t\t\tshs47.imagesLoaded(function(){\r\n\t\t\t\tshs47.superHeroSlider({theme:\"shs-theme\",baseClass:\"shs-carousel\",singleItem:true,addClassActive:true,transitionStyle:\"backSlide\",autoPlay:false,navigation:true,navigationText:[\"<span class='dashicons dashicons-arrow-left'><\/span>\",\"<span class='dashicons dashicons-arrow-right'><\/span>\"],pagination:false,beforeInit:function(el){\r\n\t\t\t\t\t\tvar slides = el.find(\".super-hero-slide\").length;\r\n\t\t\t\t\t},afterInit:function(el){\r\n\t\t\t\t\t\tvar currentItem = el.find(\".shs-item.active\");\r\n\t\t\t\t\t\tvar itemID = \"#\"+currentItem.find(\".super-hero-slide\").attr(\"ID\");\r\n\t\t\t\t\t\tcurrentItem.find(\".super-hero-caption-wrapper\").addClass(\"fadeIn animated\");\r\n\t\t\t\t\t\tvar currentCaption1 = currentItem.find(\".caption-1\");\r\n\t\t\t\t\t\tvar captionAnimation1 = currentCaption1.data(\"animation\");\r\n\t\t\t\t\t\tcurrentCaption1.addClass(captionAnimation1 + \" animated\");\r\n\t\t\t\t\t\tvar currentCaption2 = currentItem.find(\".caption-2\");\r\n\t\t\t\t\t\tvar captionAnimation2 = currentCaption2.data(\"animation\");\r\n\t\t\t\t\t\tcurrentCaption2.addClass(captionAnimation2 + \" animated\");\r\n\t\t\t\t\t\tvar currentCaption3 = currentItem.find(\".caption-3\");\r\n\t\t\t\t\t\tvar captionAnimation3 = currentCaption3.data(\"animation\");\r\n\t\t\t\t\t\tcurrentCaption3.addClass(captionAnimation3 + \" animated\");\r\n\t\t\t\t\t\t\/\/ Clear any styles\r\n\t\t\t\t\t\tshs_resize_slide( itemID, currentItem );\r\n\t\t\t\t\t},beforeMove:function(el){\r\n\t\t\t\t\t\tvar oldItem = el.find(\".shs-item.active\");\r\n\t\t\t\t\t\tvar itemID = \"#\"+oldItem.find(\".super-hero-slide\").attr(\"ID\");\r\n\t\t\t\t\t\toldItem.find(\".super-hero-caption-wrapper\").removeClass(\"fadeIn animated\");\r\n\t\t\t\t\t\tvar oldCaption1 = oldItem.find(\".caption-1\");\r\n\t\t\t\t\t\tvar oldCaption2 = oldItem.find(\".caption-2\");\r\n\t\t\t\t\t\tvar oldCaption3 = oldItem.find(\".caption-3\");\r\n\t\t\t\t\t\tvar captionAnimation1 = oldCaption1.data(\"animation\");\r\n\t\t\t\t\t\toldCaption1.removeClass(captionAnimation1);\r\n\t\t\t\t\t\toldCaption1.removeClass(\"animated\");\r\n\t\t\t\t\t\tvar captionAnimation2 = oldCaption2.data(\"animation\");\r\n\t\t\t\t\t\toldCaption2.removeClass(captionAnimation2);\r\n\t\t\t\t\t\toldCaption2.removeClass(\"animated\");\r\n\t\t\t\t\t\tvar captionAnimation3 = oldCaption3.data(\"animation\");\r\n\t\t\t\t\t\toldCaption3.removeClass(captionAnimation3);\r\n\t\t\t\t\t\toldCaption3.removeClass(\"animated\");\r\n\t\t\t\t\t\t\/\/ Remove any styles we might have added in afterMove\r\n\t\t\t\t\t\t$(itemID+\" .super-hero-image img\").removeAttr(\"style\");\r\n\t\t\t\t\t},afterMove:function(el){\r\n\t\t\t\t\t\tvar newItem = el.find(\".shs-item.active\");\r\n\t\t\t\t\t\tvar itemID = \"#\"+newItem.find(\".super-hero-slide\").attr(\"ID\");\r\n\t\t\t\t\t\tnewItem.find(\".super-hero-caption-wrapper\").addClass(\"fadeIn animated\").css(\"animation-duration\",5);\r\n\t\t\t\t\t\tvar newCaption1 = newItem.find(\".caption-1\");\r\n\t\t\t\t\t\tvar newAnimation1 = newCaption1.data(\"animation\");\r\n\t\t\t\t\t\tnewCaption1.addClass(newAnimation1 + \" animated\");\r\n\t\t\t\t\t\tvar newCaption2 = newItem.find(\".caption-2\");\r\n\t\t\t\t\t\tvar newAnimation2 = newCaption2.data(\"animation\");\r\n\t\t\t\t\t\tnewCaption2.addClass(newAnimation2 + \" animated\");\r\n\t\t\t\t\t\tvar newCaption3 = newItem.find(\".caption-3\");\r\n\t\t\t\t\t\tvar newAnimation3 = newCaption3.data(\"animation\");\r\n\t\t\t\t\t\tnewCaption3.addClass(newAnimation3 + \" animated\");\r\n\t\t\t\t\t\t\/\/ Clear any styles\r\n\t\t\t\t\t\tshs_resize_slide( itemID, newItem );\r\n\t\t\t\t\t},});\r\n\t\t\t\t$(\".super-hero-big-wrapper\").removeClass(\"super-hero-spinning\");\r\n\t\t\t\t$(\".shs-spinner\").fadeOut(150,function(){\r\n\t\t\t\t\t$(this).remove();\r\n\t\t\t\t});\r\n\t\t\t\t$(\"body\").addClass(\"shs-loaded\");\r\n\t\t\t});\r\n\t\t\t$(window).resize(function(){\r\n\t\t\t\tshs47.data(\"superHeroSlider\").destroy();\r\n\t\t\t\tshs47.superHeroSlider({theme:\"shs-theme\",baseClass:\"shs-carousel\",singleItem:true,addClassActive:true,transitionStyle:\"backSlide\",autoPlay:false,navigation:true,navigationText:[\"<span class='dashicons dashicons-arrow-left'><\/span>\",\"<span class='dashicons dashicons-arrow-right'><\/span>\"],pagination:false,beforeInit:function(el){\r\n\t\t\t\t\t\tvar slides = el.find(\".super-hero-slide\").length;\r\n\t\t\t\t\t},afterInit:function(el){\r\n\t\t\t\t\t\tvar currentItem = el.find(\".shs-item.active\");\r\n\t\t\t\t\t\tvar itemID = \"#\"+currentItem.find(\".super-hero-slide\").attr(\"ID\");\r\n\t\t\t\t\t\tcurrentItem.find(\".super-hero-caption-wrapper\").addClass(\"fadeIn animated\");\r\n\t\t\t\t\t\tvar currentCaption1 = currentItem.find(\".caption-1\");\r\n\t\t\t\t\t\tvar captionAnimation1 = currentCaption1.data(\"animation\");\r\n\t\t\t\t\t\tcurrentCaption1.addClass(captionAnimation1 + \" animated\");\r\n\t\t\t\t\t\tvar currentCaption2 = currentItem.find(\".caption-2\");\r\n\t\t\t\t\t\tvar captionAnimation2 = currentCaption2.data(\"animation\");\r\n\t\t\t\t\t\tcurrentCaption2.addClass(captionAnimation2 + \" animated\");\r\n\t\t\t\t\t\tvar currentCaption3 = currentItem.find(\".caption-3\");\r\n\t\t\t\t\t\tvar captionAnimation3 = currentCaption3.data(\"animation\");\r\n\t\t\t\t\t\tcurrentCaption3.addClass(captionAnimation3 + \" animated\");\r\n\t\t\t\t\t\t\/\/ Clear any styles\r\n\t\t\t\t\t\tshs_resize_slide( itemID, currentItem );\r\n\t\t\t\t\t},beforeMove:function(el){\r\n\t\t\t\t\t\tvar oldItem = el.find(\".shs-item.active\");\r\n\t\t\t\t\t\tvar itemID = \"#\"+oldItem.find(\".super-hero-slide\").attr(\"ID\");\r\n\t\t\t\t\t\toldItem.find(\".super-hero-caption-wrapper\").removeClass(\"fadeIn animated\");\r\n\t\t\t\t\t\tvar oldCaption1 = oldItem.find(\".caption-1\");\r\n\t\t\t\t\t\tvar oldCaption2 = oldItem.find(\".caption-2\");\r\n\t\t\t\t\t\tvar oldCaption3 = oldItem.find(\".caption-3\");\r\n\t\t\t\t\t\tvar captionAnimation1 = oldCaption1.data(\"animation\");\r\n\t\t\t\t\t\toldCaption1.removeClass(captionAnimation1);\r\n\t\t\t\t\t\toldCaption1.removeClass(\"animated\");\r\n\t\t\t\t\t\tvar captionAnimation2 = oldCaption2.data(\"animation\");\r\n\t\t\t\t\t\toldCaption2.removeClass(captionAnimation2);\r\n\t\t\t\t\t\toldCaption2.removeClass(\"animated\");\r\n\t\t\t\t\t\tvar captionAnimation3 = oldCaption3.data(\"animation\");\r\n\t\t\t\t\t\toldCaption3.removeClass(captionAnimation3);\r\n\t\t\t\t\t\toldCaption3.removeClass(\"animated\");\r\n\t\t\t\t\t\t\/\/ Remove any styles we might have added in afterMove\r\n\t\t\t\t\t\t$(itemID+\" .super-hero-image img\").removeAttr(\"style\");\r\n\t\t\t\t\t},afterMove:function(el){\r\n\t\t\t\t\t\tvar newItem = el.find(\".shs-item.active\");\r\n\t\t\t\t\t\tvar itemID = \"#\"+newItem.find(\".super-hero-slide\").attr(\"ID\");\r\n\t\t\t\t\t\tnewItem.find(\".super-hero-caption-wrapper\").addClass(\"fadeIn animated\").css(\"animation-duration\",5);\r\n\t\t\t\t\t\tvar newCaption1 = newItem.find(\".caption-1\");\r\n\t\t\t\t\t\tvar newAnimation1 = newCaption1.data(\"animation\");\r\n\t\t\t\t\t\tnewCaption1.addClass(newAnimation1 + \" animated\");\r\n\t\t\t\t\t\tvar newCaption2 = newItem.find(\".caption-2\");\r\n\t\t\t\t\t\tvar newAnimation2 = newCaption2.data(\"animation\");\r\n\t\t\t\t\t\tnewCaption2.addClass(newAnimation2 + \" animated\");\r\n\t\t\t\t\t\tvar newCaption3 = newItem.find(\".caption-3\");\r\n\t\t\t\t\t\tvar newAnimation3 = newCaption3.data(\"animation\");\r\n\t\t\t\t\t\tnewCaption3.addClass(newAnimation3 + \" animated\");\r\n\t\t\t\t\t\t\/\/ Clear any styles\r\n\t\t\t\t\t\tshs_resize_slide( itemID, newItem );\r\n\t\t\t\t\t},});\r\n\t\t\t});});<\/script>[\/vc_column_text][vc_row_inner el_class=&#8220;navrow&#8220;][vc_column_inner width=&#8220;1\/6&#8243;][\/vc_column_inner][vc_column_inner width=&#8220;2\/3&#8243;][vc_column_text]<div id=\"mega-menu-wrap-max_mega_menu_1\" class=\"mega-menu-wrap\"><div class=\"mega-menu-toggle\"><div class=\"mega-toggle-blocks-left\"><\/div><div class=\"mega-toggle-blocks-center\"><\/div><div class=\"mega-toggle-blocks-right\"><div class='mega-toggle-block mega-menu-toggle-block mega-toggle-block-1' id='mega-toggle-block-1' tabindex='0'><span class='mega-toggle-label' role='button' aria-expanded='false'><span class='mega-toggle-label-closed'>MENU<\/span><span class='mega-toggle-label-open'>MENU<\/span><\/span><\/div><\/div><\/div><ul id=\"mega-menu-max_mega_menu_1\" class=\"mega-menu max-mega-menu mega-menu-horizontal mega-no-js\" data-event=\"hover_intent\" data-effect=\"fade_up\" data-effect-speed=\"200\" data-effect-mobile=\"disabled\" data-effect-speed-mobile=\"0\" data-mobile-force-width=\"false\" data-second-click=\"go\" data-document-click=\"collapse\" data-vertical-behaviour=\"standard\" data-breakpoint=\"600\" data-unbind=\"true\" data-mobile-state=\"collapse_all\" data-mobile-direction=\"vertical\" data-hover-intent-timeout=\"300\" data-hover-intent-interval=\"100\"><li class=\"mega-menu-item mega-menu-item-type-custom mega-menu-item-object-custom mega-menu-item-has-children mega-menu-megamenu mega-menu-grid mega-align-bottom-left mega-menu-grid mega-menu-item-68 menu-item\" id=\"mega-menu-item-68\"><a class=\"mega-menu-link\" href=\"#\" aria-expanded=\"false\" tabindex=\"0\">Kurse & Weiterbildung<span class=\"mega-indicator\" aria-hidden=\"true\"><\/span><\/a>\n<ul class=\"mega-sub-menu\" role='presentation'>\n<li class=\"mega-menu-row menu-item\" id=\"mega-menu-68-0\">\n\t<ul class=\"mega-sub-menu\" style='--columns:12' role='presentation'>\n<li class=\"mega-menu-column mega-menu-columns-3-of-12 menu-item\" style=\"--columns:12; --span:3\" id=\"mega-menu-68-0-0\">\n\t\t<ul class=\"mega-sub-menu\">\n<li class=\"mega-menu-item mega-menu-item-type-post_type mega-menu-item-object-page mega-menu-item-69 menu-item\" id=\"mega-menu-item-69\"><a class=\"mega-menu-link\" href=\"https:\/\/www.studiumgenerale.uni-mannheim.de\/index.php\/sprachkurse\/\">Sprachkurse<\/a><\/li><li class=\"mega-menu-item mega-menu-item-type-post_type mega-menu-item-object-page mega-menu-item-has-children mega-menu-item-161 menu-item\" id=\"mega-menu-item-161\"><a class=\"mega-menu-link\" href=\"https:\/\/www.studiumgenerale.uni-mannheim.de\/index.php\/it-kurse\/\">IT-Kurse<span class=\"mega-indicator\" aria-hidden=\"true\"><\/span><\/a>\n\t\t\t<ul class=\"mega-sub-menu\">\n<li class=\"mega-menu-item mega-menu-item-type-post_type mega-menu-item-object-page mega-menu-item-3947 menu-item\" id=\"mega-menu-item-3947\"><a class=\"mega-menu-link\" href=\"https:\/\/www.studiumgenerale.uni-mannheim.de\/index.php\/unterstuetzungsangebote-zu-layout-formatierungen-wissenschaftlicher-arbeiten\/\">\u00bb Unterst\u00fctzungsangebote zu Layout\/Formatierungen wissenschaftlicher Arbeiten<\/a><\/li>\t\t\t<\/ul>\n<\/li><li class=\"mega-menu-item mega-menu-item-type-post_type mega-menu-item-object-page mega-menu-item-164 menu-item\" id=\"mega-menu-item-164\"><a class=\"mega-menu-link\" href=\"https:\/\/www.studiumgenerale.uni-mannheim.de\/index.php\/kommunikationskurse\/\">Kommunikationskurse<\/a><\/li>\t\t<\/ul>\n<\/li><li class=\"mega-menu-column mega-menu-columns-3-of-12 menu-item\" style=\"--columns:12; --span:3\" id=\"mega-menu-68-0-1\">\n\t\t<ul class=\"mega-sub-menu\">\n<li class=\"mega-menu-item mega-menu-item-type-post_type mega-menu-item-object-page mega-menu-item-114 menu-item\" id=\"mega-menu-item-114\"><a class=\"mega-menu-link\" href=\"https:\/\/www.studiumgenerale.uni-mannheim.de\/index.php\/fuer-internehmen\/\">F\u00fcr Unternehmen<\/a><\/li><li class=\"mega-menu-item mega-menu-item-type-post_type mega-menu-item-object-page mega-menu-item-has-children mega-menu-item-124 menu-item\" id=\"mega-menu-item-124\"><a class=\"mega-menu-link\" href=\"https:\/\/www.studiumgenerale.uni-mannheim.de\/index.php\/fortbildung\/\">Fortbildung<span class=\"mega-indicator\" aria-hidden=\"true\"><\/span><\/a>\n\t\t\t<ul class=\"mega-sub-menu\">\n<li class=\"mega-menu-item mega-menu-item-type-post_type mega-menu-item-object-page mega-menu-item-6415 menu-item\" id=\"mega-menu-item-6415\"><a class=\"mega-menu-link\" href=\"https:\/\/www.studiumgenerale.uni-mannheim.de\/index.php\/foerdermoeglichkeiten\/\">\u00bb F\u00f6rderm\u00f6glichkeiten<\/a><\/li><li class=\"mega-menu-item mega-menu-item-type-post_type mega-menu-item-object-page mega-menu-item-4084 menu-item\" id=\"mega-menu-item-4084\"><a class=\"mega-menu-link\" href=\"https:\/\/www.studiumgenerale.uni-mannheim.de\/index.php\/weiterbildungsberatung\/\">\u00bb Weiterbildungsberatung<\/a><\/li>\t\t\t<\/ul>\n<\/li>\t\t<\/ul>\n<\/li><li class=\"mega-menu-column mega-menu-columns-3-of-12 menu-item\" style=\"--columns:12; --span:3\" id=\"mega-menu-68-0-2\">\n\t\t<ul class=\"mega-sub-menu\">\n<li class=\"mega-menu-item mega-menu-item-type-custom mega-menu-item-object-custom mega-menu-item-has-children mega-menu-item-76 menu-item\" id=\"mega-menu-item-76\"><a class=\"mega-menu-link\" href=\"https:\/\/www.studiumgenerale.uni-mannheim.de\/index.php\/zertifikatskurse\/\">Wissenschaftliche Weiterbildung<span class=\"mega-indicator\" aria-hidden=\"true\"><\/span><\/a>\n\t\t\t<ul class=\"mega-sub-menu\">\n<li class=\"mega-menu-item mega-menu-item-type-post_type mega-menu-item-object-page mega-menu-item-171 menu-item\" id=\"mega-menu-item-171\"><a class=\"mega-menu-link\" href=\"https:\/\/www.studiumgenerale.uni-mannheim.de\/index.php\/kontaktstudium\/\">\u00bb Hochschulzertifikat: Kontaktstudium DaF\/DaZ<\/a><\/li><li class=\"mega-menu-item mega-menu-item-type-post_type mega-menu-item-object-page mega-menu-item-3411 menu-item\" id=\"mega-menu-item-3411\"><a class=\"mega-menu-link\" href=\"https:\/\/www.studiumgenerale.uni-mannheim.de\/index.php\/studium-oecologicum\/\">\u00bb Zertifikat Nachhaltigkeit: Studium Oecologicum<\/a><\/li><li class=\"mega-menu-item mega-menu-item-type-post_type mega-menu-item-object-page mega-menu-item-6309 menu-item\" id=\"mega-menu-item-6309\"><a class=\"mega-menu-link\" href=\"https:\/\/www.studiumgenerale.uni-mannheim.de\/index.php\/data-literacy\/\">\u00bb Zertifikat: Data Literacy<\/a><\/li><li class=\"mega-menu-item mega-menu-item-type-post_type mega-menu-item-object-page mega-menu-item-6670 menu-item\" id=\"mega-menu-item-6670\"><a class=\"mega-menu-link\" href=\"https:\/\/www.studiumgenerale.uni-mannheim.de\/index.php\/mental-health-courses\/\">\u00bb Mental Health Courses - ENGAGE.EU<\/a><\/li><li class=\"mega-menu-item mega-menu-item-type-post_type mega-menu-item-object-page mega-menu-item-8229 menu-item\" id=\"mega-menu-item-8229\"><a class=\"mega-menu-link\" href=\"https:\/\/www.studiumgenerale.uni-mannheim.de\/index.php\/career-workshops-engage-eu\/\">\u00bb Career Workshops - ENGAGE.EU<\/a><\/li>\t\t\t<\/ul>\n<\/li>\t\t<\/ul>\n<\/li>\t<\/ul>\n<\/li><\/ul>\n<\/li><li class=\"mega-menu-item mega-menu-item-type-custom mega-menu-item-object-custom mega-menu-item-has-children mega-align-bottom-left mega-menu-flyout mega-menu-item-77 menu-item\" id=\"mega-menu-item-77\"><a class=\"mega-menu-link\" href=\"https:\/\/www.studiumgenerale.uni-mannheim.de\/index.php\/sprachtests-und-zertifikate\/\" aria-expanded=\"false\" tabindex=\"0\">Tests & Zertifikate<span class=\"mega-indicator\" aria-hidden=\"true\"><\/span><\/a>\n<ul class=\"mega-sub-menu\">\n<li class=\"mega-menu-item mega-menu-item-type-post_type mega-menu-item-object-page mega-menu-item-82 menu-item\" id=\"mega-menu-item-82\"><a class=\"mega-menu-link\" href=\"https:\/\/www.studiumgenerale.uni-mannheim.de\/index.php\/sprachzertifikate\/\">Sprachzertifikate<\/a><\/li><li class=\"mega-menu-item mega-menu-item-type-post_type mega-menu-item-object-page mega-menu-item-180 menu-item\" id=\"mega-menu-item-180\"><a class=\"mega-menu-link\" href=\"https:\/\/www.studiumgenerale.uni-mannheim.de\/index.php\/toefl\/\">TOEFL<\/a><\/li><li class=\"mega-menu-item mega-menu-item-type-post_type mega-menu-item-object-page mega-menu-item-174 menu-item\" id=\"mega-menu-item-174\"><a class=\"mega-menu-link\" href=\"https:\/\/www.studiumgenerale.uni-mannheim.de\/index.php\/gre\/\">GRE<\/a><\/li><li class=\"mega-menu-item mega-menu-item-type-post_type mega-menu-item-object-page mega-menu-item-177 menu-item\" id=\"mega-menu-item-177\"><a class=\"mega-menu-link\" href=\"https:\/\/www.studiumgenerale.uni-mannheim.de\/index.php\/telc\/\">telc<\/a><\/li><li class=\"mega-menu-item mega-menu-item-type-post_type mega-menu-item-object-page mega-menu-item-186 menu-item\" id=\"mega-menu-item-186\"><a class=\"mega-menu-link\" href=\"https:\/\/www.studiumgenerale.uni-mannheim.de\/index.php\/einstufungstests\/\">Einstufungstests<\/a><\/li><\/ul>\n<\/li><li class=\"mega-menu-item mega-menu-item-type-custom mega-menu-item-object-custom mega-menu-item-has-children mega-align-bottom-left mega-menu-flyout mega-menu-item-78 menu-item\" id=\"mega-menu-item-78\"><a class=\"mega-menu-link\" href=\"#\" aria-expanded=\"false\" tabindex=\"0\">ZfS<span class=\"mega-indicator\" aria-hidden=\"true\"><\/span><\/a>\n<ul class=\"mega-sub-menu\">\n<li class=\"mega-menu-item mega-menu-item-type-post_type mega-menu-item-object-page mega-menu-item-328 menu-item\" id=\"mega-menu-item-328\"><a class=\"mega-menu-link\" href=\"https:\/\/www.studiumgenerale.uni-mannheim.de\/index.php\/zfsueber\/\">\u00dcber das ZfS<\/a><\/li><li class=\"mega-menu-item mega-menu-item-type-post_type mega-menu-item-object-page mega-menu-item-189 menu-item\" id=\"mega-menu-item-189\"><a class=\"mega-menu-link\" href=\"https:\/\/www.studiumgenerale.uni-mannheim.de\/index.php\/studiengaenge\/\">Studieng\u00e4nge<\/a><\/li><li class=\"mega-menu-item mega-menu-item-type-post_type mega-menu-item-object-page mega-menu-item-195 menu-item\" id=\"mega-menu-item-195\"><a class=\"mega-menu-link\" href=\"https:\/\/www.studiumgenerale.uni-mannheim.de\/index.php\/fristen\/\">Fristen<\/a><\/li><li class=\"mega-menu-item mega-menu-item-type-post_type mega-menu-item-object-page mega-menu-item-194 menu-item\" id=\"mega-menu-item-194\"><a class=\"mega-menu-link\" href=\"https:\/\/www.studiumgenerale.uni-mannheim.de\/index.php\/veranstaltungen-2\/\">Veranstaltungen<\/a><\/li><\/ul>\n<\/li><li class=\"mega-menu-item mega-menu-item-type-custom mega-menu-item-object-custom mega-menu-item-has-children mega-align-bottom-left mega-menu-flyout mega-menu-item-79 menu-item\" id=\"mega-menu-item-79\"><a class=\"mega-menu-link\" href=\"#\" aria-expanded=\"false\" tabindex=\"0\">Kultur<span class=\"mega-indicator\" aria-hidden=\"true\"><\/span><\/a>\n<ul class=\"mega-sub-menu\">\n<li class=\"mega-menu-item mega-menu-item-type-post_type mega-menu-item-object-page mega-menu-item-198 menu-item\" id=\"mega-menu-item-198\"><a class=\"mega-menu-link\" href=\"https:\/\/www.studiumgenerale.uni-mannheim.de\/index.php\/vortraege\/\">Vortr\u00e4ge<\/a><\/li><li class=\"mega-menu-item mega-menu-item-type-post_type mega-menu-item-object-page mega-menu-item-204 menu-item\" id=\"mega-menu-item-204\"><a class=\"mega-menu-link\" href=\"https:\/\/www.studiumgenerale.uni-mannheim.de\/index.php\/musik\/\">Musik<\/a><\/li><li class=\"mega-menu-item mega-menu-item-type-post_type mega-menu-item-object-page mega-menu-item-203 menu-item\" id=\"mega-menu-item-203\"><a class=\"mega-menu-link\" href=\"https:\/\/www.studiumgenerale.uni-mannheim.de\/index.php\/theater\/\">Theater<\/a><\/li><\/ul>\n<\/li><li class=\"mega-menu-item mega-menu-item-type-custom mega-menu-item-object-custom mega-menu-item-has-children mega-align-bottom-left mega-menu-flyout mega-menu-item-81 menu-item\" id=\"mega-menu-item-81\"><a class=\"mega-menu-link\" href=\"#\" aria-expanded=\"false\" tabindex=\"0\">\u00dcber uns<span class=\"mega-indicator\" aria-hidden=\"true\"><\/span><\/a>\n<ul class=\"mega-sub-menu\">\n<li class=\"mega-menu-item mega-menu-item-type-post_type mega-menu-item-object-page mega-menu-item-2965 menu-item\" id=\"mega-menu-item-2965\"><a class=\"mega-menu-link\" href=\"https:\/\/www.studiumgenerale.uni-mannheim.de\/index.php\/historie\/\">Historie<\/a><\/li><li class=\"mega-menu-item mega-menu-item-type-post_type mega-menu-item-object-page mega-menu-item-92 menu-item\" id=\"mega-menu-item-92\"><a class=\"mega-menu-link\" href=\"https:\/\/www.studiumgenerale.uni-mannheim.de\/index.php\/kontakt\/\">Kontakt<\/a><\/li><li class=\"mega-menu-item mega-menu-item-type-post_type mega-menu-item-object-page mega-menu-item-101 menu-item\" id=\"mega-menu-item-101\"><a class=\"mega-menu-link\" href=\"https:\/\/www.studiumgenerale.uni-mannheim.de\/index.php\/faqs\/\">FAQs<\/a><\/li><li class=\"mega-menu-item mega-menu-item-type-post_type mega-menu-item-object-page mega-menu-item-105 menu-item\" id=\"mega-menu-item-105\"><a class=\"mega-menu-link\" href=\"https:\/\/www.studiumgenerale.uni-mannheim.de\/index.php\/uebersetzungsservice\/\">Studentischer \u00dcbersetzungsservice<\/a><\/li><li class=\"mega-menu-item mega-menu-item-type-post_type mega-menu-item-object-page mega-menu-item-148 menu-item\" id=\"mega-menu-item-148\"><a class=\"mega-menu-link\" href=\"https:\/\/www.studiumgenerale.uni-mannheim.de\/index.php\/aktuelles-2\/\">Wichtige Links<\/a><\/li><\/ul>\n<\/li><\/ul><\/div>[\/vc_column_text][\/vc_column_inner][vc_column_inner width=&#8220;1\/6&#8243;][\/vc_column_inner][\/vc_row_inner][\/vc_column][\/vc_row][vc_row][vc_column width=&#8220;1\/6&#8243;][\/vc_column][vc_column width=&#8220;2\/3&#8243;][vc_column_text css=&#8220;.vc_custom_1751541187373{background-color: #597d9c !important;border-radius: 5px !important;}&#8220;]<\/p>\n<h2 id=\"top\" style=\"padding-top: 40px; padding-bottom: 40px; text-align: center;\"><span style=\"color: #ffffff;\"><strong>Zertifikat Nachhaltigkeit: Studium Oecologicum<\/strong><\/span><\/h2>\n<p>[\/vc_column_text][vc_row_inner][vc_column_inner width=&#8220;2\/3&#8243; css=&#8220;.vc_custom_1538985480375{margin-top: 10px !important;}&#8220;][vc_column_text]Die Gefahren des Klimawandels sowie die sozialen Missst\u00e4nde in globalen Lieferketten zeigen die Notwendigkeit f\u00fcr nachhaltiges Wirtschaften deutlich auf. Neben den gesellschaftlichen und politischen Forderungen l\u00e4sst sich von Seiten der Regulierung eine deutlich zunehmende Relevanz erkennen. Um zukunftsrelevantes Fachwissen zu erlangen und ethische Handlungsweisen und Entscheidungsprozesse umsetzen zu k\u00f6nnen, bietet die Universit\u00e4t Mannheim den einj\u00e4hrigen Zertifikatskurs: Studium Oecologcium an. Das Zertifikat wird mit 6 ECTS abgeschlossen!<\/p>\n<hr \/>\n<p>F\u00fcr Teilnehmende aus anderen Hochschulen und Externe besteht seit diesem Semester die M\u00f6glichkeit an bestimmten Exkursionen und Workshops teilzunehmen.<\/p>\n<p>Siehe <a href=\"#StOecGoesSG\"><strong>Studium Oecologicum goes Studium Generale<\/strong><\/a>[\/vc_column_text][\/vc_column_inner][vc_column_inner width=&#8220;1\/3&#8243;][vc_single_image image=&#8220;6278&#8243; img_size=&#8220;medium&#8220; alignment=&#8220;center&#8220;][\/vc_column_inner][\/vc_row_inner][\/vc_column][vc_column width=&#8220;1\/6&#8243;][\/vc_column][\/vc_row][vc_row][vc_column width=&#8220;1\/6&#8243;][\/vc_column][vc_column width=&#8220;2\/3&#8243;][vc_column_text css=&#8220;.vc_custom_1751877150861{background-color: #597d9c !important;border-radius: 5px !important;}&#8220;]<\/p>\n<h3 id=\"gen\" style=\"padding-top: 40px; padding-bottom: 40px; text-align: center;\"><span style=\"color: #ffffff;\"><strong>Allgemeine Informationen<\/strong><\/span><\/h3>\n<p>[\/vc_column_text][vc_row_inner][vc_column_inner width=&#8220;1\/3&#8243; css=&#8220;.vc_custom_1538985480375{margin-top: 10px !important;}&#8220;][vc_single_image image=&#8220;4541&#8243; img_size=&#8220;400&#215;300&#8243; alignment=&#8220;center&#8220; onclick=&#8220;img_link_large&#8220;][\/vc_column_inner][vc_column_inner width=&#8220;2\/3&#8243;][vc_column_text]Das Studium Oecologicum steht Bachelor- und Masterstudierenden der Universit\u00e4t Mannheim offen. Es soll Studierende interdisziplin\u00e4r zusammenbringen und einen \u00fcber das Studium hinausgehenden ganzheitlichen Blick auf Nachhaltigkeit erm\u00f6glichen. Das Programm ist als einj\u00e4hriges Zertifikatsprogramm konzipiert und umfasst Lehreinheiten, Workshops, Vortr\u00e4ge und Exkursionen.<\/p>\n<p>Die Universit\u00e4t Mannheim m\u00f6chte mit diesem Angebot der zunehmenden Relevanz nachhaltigen Handels nachkommen und Studierenden die M\u00f6glichkeit zum Austausch und einem ganzheitlichen Nachhaltigkeitsverst\u00e4ndnis erm\u00f6glichen.<\/p>\n<p>Das Studium Oecologicum im neuen <a href=\"https:\/\/api.klima-ma.de\/api\/download\/max2-klimaschutzmagazin-2025-web-7mb.pdf\" target=\"_blank\" rel=\"noopener\">Magazin der Klimaschutzagentur Mannheim.<\/a>[\/vc_column_text][vc_column_text]<\/p>\n<h3><strong>Die Anmeldung f\u00fcr das FSS 2026 ist abgeschlossen!<\/strong><\/h3>\n<p>Die Pl\u00e4tze werden nach dem First-Come-First-Served-Prinzip vergeben.<\/p>\n<p><strong>DIE TEILNAHME IST KOSTENLOS!<\/strong>[\/vc_column_text][vc_column_text][\/vc_column_text][\/vc_column_inner][\/vc_row_inner][\/vc_column][vc_column width=&#8220;1\/6&#8243;][\/vc_column][\/vc_row][vc_row][vc_column width=&#8220;1\/6&#8243;][\/vc_column][vc_column width=&#8220;2\/3&#8243;][vc_column_text css=&#8220;.vc_custom_1751877137640{background-color: #597d9c !important;border-radius: 5px !important;}&#8220;]<\/p>\n<h3 id=\"imprtnt\" style=\"padding-top: 40px; padding-bottom: 40px; text-align: center;\"><span style=\"color: #ffffff;\"><strong>Wichtige Informationen<\/strong><\/span><\/h3>\n<p>[\/vc_column_text][vc_row_inner][vc_column_inner width=&#8220;3\/3&#8243; css=&#8220;.vc_custom_1538985480375{margin-top: 10px !important;}&#8220;][vc_column_text]<img loading=\"lazy\" decoding=\"async\" class=\"wpa-warning wpa-suspicious-alt size-medium wp-image-5254 alignright\" src=\"https:\/\/www.studiumgenerale.uni-mannheim.de\/wp-content\/uploads\/2024\/05\/RZ_Logo_VAN_4c-1-300x144.jpg\" alt=\"VAN Bremen Logo\" width=\"300\" height=\"144\" data-warning=\"Suspicious alt text\" srcset=\"https:\/\/www.studiumgenerale.uni-mannheim.de\/wp-content\/uploads\/2024\/05\/RZ_Logo_VAN_4c-1-300x144.jpg 300w, https:\/\/www.studiumgenerale.uni-mannheim.de\/wp-content\/uploads\/2024\/05\/RZ_Logo_VAN_4c-1-2048x982.jpg 2048w, https:\/\/www.studiumgenerale.uni-mannheim.de\/wp-content\/uploads\/2024\/05\/RZ_Logo_VAN_4c-1-768x368.jpg 768w, https:\/\/www.studiumgenerale.uni-mannheim.de\/wp-content\/uploads\/2024\/05\/RZ_Logo_VAN_4c-1-1536x736.jpg 1536w, https:\/\/www.studiumgenerale.uni-mannheim.de\/wp-content\/uploads\/2024\/05\/RZ_Logo_VAN_4c-1-1920x920.jpg 1920w\" sizes=\"auto, (max-width: 300px) 100vw, 300px\" \/><\/p>\n<p style=\"font-size: 18px; padding-bottom: 5px;\"><strong>Hier finden Sie alle Informationen zum Studium Oecologicum<\/strong><\/p>\n<p>[\/vc_column_text][vc_toggle title=&#8220;Wer wird zum Studium Oecologicum zugelassen?&#8220;]Alle Studierenden sowohl in Bachelor- als auch in Master-Studieng\u00e4ngen der Universit\u00e4t Mannheim.<\/p>\n<p>Ausgew\u00e4hlte Workshops und Exkursionen sind seit dem FSS 2026 auch f\u00fcr Studierende anderer Hochschulen und Externe belegbar.<\/p>\n<p>Pro Semester k\u00f6nnen bis zu 40 Studierende teilnehmen.<\/p>\n<p>Die Teilnahme ist kostenlos.[\/vc_toggle][vc_toggle title=&#8220;Anmeldefrist&#8220;]<strong>Die Anmeldefrist f\u00fcr das Fr\u00fchjahrssemester startet am Donnerstag, 12. Februar 2026 um 12:00 Uhr.<br \/>\n<\/strong><\/p>\n<p>Die Pl\u00e4tze werden nach dem First-Come-First-Served-Prinzip vergeben.[\/vc_toggle][vc_toggle title=&#8220;Inhalte des Studium Oecologicum&#8220;]Das Programm des Studium Oecologicum finden Sie weiter unten.[\/vc_toggle][vc_toggle title=&#8220;Termin\u00fcbersicht FSS 2026&#8243;]25. Februar:\u00a0 \u00a0 \u00a0 \u00a0 \u00a0 \u00a0 \u00a0 \u00a0 \u00a0 \u00a0 \u00a0 \u00a0 \u00a0 \u00a0 \u00a0 \u00a0 \u00a0 \u00a0 \u00a0 \u00a0 \u00a0 \u00a0 \u00a0 Kick-off Veranstaltung<\/p>\n<p>28. Februar + 7.+14.+21. M\u00e4rz:\u00a0 \u00a0 \u00a0 \u00a0 \u00a0 \u00a0 ZfS-Seminar: Der Wald: \u00d6kosystem, Klimasenke, Wildnis<\/p>\n<p>3. M\u00e4rz:\u00a0 \u00a0 \u00a0 \u00a0 \u00a0 \u00a0 \u00a0 \u00a0 \u00a0 \u00a0 \u00a0 \u00a0 \u00a0 \u00a0 \u00a0 \u00a0 \u00a0 \u00a0 \u00a0 \u00a0 \u00a0 \u00a0 \u00a0 \u00a0 \u00a0 \u00a0 \u00a0 Exkursion: Die nachhaltige Musterwohnung<\/p>\n<p>5. M\u00e4rz:\u00a0 \u00a0 \u00a0 \u00a0 \u00a0 \u00a0 \u00a0 \u00a0 \u00a0 \u00a0 \u00a0 \u00a0 \u00a0 \u00a0 \u00a0 \u00a0 \u00a0 \u00a0 \u00a0 \u00a0 \u00a0 \u00a0 \u00a0 \u00a0 \u00a0 \u00a0 \u00a0 Tagesworkshop: Nachhaltige Ern\u00e4hrung<\/p>\n<p>13.+14.+20.+21. M\u00e4rz:\u00a0 \u00a0 \u00a0 \u00a0 \u00a0 \u00a0 \u00a0 \u00a0 \u00a0 \u00a0 \u00a0 \u00a0 \u00a0 \u00a0 ZfS-Seminar: Nachhaltigkeitsprojekte managen<\/p>\n<p>20. M\u00e4rz:\u00a0 \u00a0 \u00a0 \u00a0 \u00a0 \u00a0 \u00a0 \u00a0 \u00a0 \u00a0 \u00a0 \u00a0 \u00a0 \u00a0 \u00a0 \u00a0 \u00a0 \u00a0 \u00a0 \u00a0 \u00a0 \u00a0 \u00a0 \u00a0 \u00a0 \u00a0Exkursion: Waldpark Mannheim<\/p>\n<p>27.+28. M\u00e4rz + 25. April:\u00a0 \u00a0 \u00a0 \u00a0 \u00a0 \u00a0 \u00a0 \u00a0 \u00a0 \u00a0 \u00a0 ZfS-Kurs: Konflikte um Trinkwasserversorgung in Zeiten der Klimakrise<\/p>\n<p>15. April:\u00a0 \u00a0 \u00a0 \u00a0 \u00a0 \u00a0 \u00a0 \u00a0 \u00a0 \u00a0 \u00a0 \u00a0 \u00a0 \u00a0 \u00a0 \u00a0 \u00a0 \u00a0 \u00a0 \u00a0 \u00a0 \u00a0 \u00a0 \u00a0 \u00a0 \u00a0 Exkursion: SDG Walk<\/p>\n<p>23. April:\u00a0 \u00a0 \u00a0 \u00a0 \u00a0 \u00a0 \u00a0 \u00a0 \u00a0 \u00a0 \u00a0 \u00a0 \u00a0 \u00a0 \u00a0 \u00a0 \u00a0 \u00a0 \u00a0 \u00a0 \u00a0 \u00a0 \u00a0 \u00a0 \u00a0 \u00a0 Tagesworkshop: Kleidung, Kuss &amp; Konsumkritik<\/p>\n<p>16. April:\u00a0 \u00a0 \u00a0 \u00a0 \u00a0 \u00a0 \u00a0 \u00a0 \u00a0 \u00a0 \u00a0 \u00a0 \u00a0 \u00a0 \u00a0 \u00a0 \u00a0 \u00a0 \u00a0 \u00a0 \u00a0 \u00a0 \u00a0 \u00a0 \u00a0 \u00a0 Tagesworkshop: Lebensmittelverschwendung reduzieren<\/p>\n<p>18. April:\u00a0 \u00a0 \u00a0 \u00a0 \u00a0 \u00a0 \u00a0 \u00a0 \u00a0 \u00a0 \u00a0 \u00a0 \u00a0 \u00a0 \u00a0 \u00a0 \u00a0 \u00a0 \u00a0 \u00a0 \u00a0 \u00a0 \u00a0 \u00a0 \u00a0 \u00a0 Tagesworkshop: Nachhaltigkeitsberichterstattung in der EU<\/p>\n<p>24. April:\u00a0 \u00a0 \u00a0 \u00a0 \u00a0 \u00a0 \u00a0 \u00a0 \u00a0 \u00a0 \u00a0 \u00a0 \u00a0 \u00a0 \u00a0 \u00a0 \u00a0 \u00a0 \u00a0 \u00a0 \u00a0 \u00a0 \u00a0 \u00a0 \u00a0 \u00a0Tagesworkshop: Was uns kleidet<\/p>\n<p>24.+25.+26. April:\u00a0 \u00a0 \u00a0 \u00a0 \u00a0 \u00a0 \u00a0 \u00a0 \u00a0 \u00a0 \u00a0 \u00a0 \u00a0 \u00a0 \u00a0 \u00a0 \u00a0 \u00a0ZfS-Seminar: Nachhaltige Ausrichtung eines Unternehmens<\/p>\n<p>28. April:\u00a0 \u00a0 \u00a0 \u00a0 \u00a0 \u00a0 \u00a0 \u00a0 \u00a0 \u00a0 \u00a0 \u00a0 \u00a0 \u00a0 \u00a0 \u00a0 \u00a0 \u00a0 \u00a0 \u00a0 \u00a0 \u00a0 \u00a0 \u00a0 \u00a0 \u00a0Exkursion: Naturf\u00fchrung an den Rhein (Paralleltermin A)<\/p>\n<p>29. April:\u00a0 \u00a0 \u00a0 \u00a0 \u00a0 \u00a0 \u00a0 \u00a0 \u00a0 \u00a0 \u00a0 \u00a0 \u00a0 \u00a0 \u00a0 \u00a0 \u00a0 \u00a0 \u00a0 \u00a0 \u00a0 \u00a0 \u00a0 \u00a0 \u00a0 \u00a0Tagesworkshop: Nachhaltige Gesch\u00e4ftsmodelle entwickeln und umsetzen<\/p>\n<p>7. Mai:\u00a0 \u00a0 \u00a0 \u00a0 \u00a0 \u00a0 \u00a0 \u00a0 \u00a0 \u00a0 \u00a0 \u00a0 \u00a0 \u00a0 \u00a0 \u00a0 \u00a0 \u00a0 \u00a0 \u00a0 \u00a0 \u00a0 \u00a0 \u00a0 \u00a0 \u00a0 \u00a0 \u00a0Exkursion: RNV Betriebshoff\u00fchrung<\/p>\n<p>8.+15.+22.+29. Mai:\u00a0 \u00a0 \u00a0 \u00a0 \u00a0 \u00a0 \u00a0 \u00a0 \u00a0 \u00a0 \u00a0 \u00a0 \u00a0 \u00a0 \u00a0 ZfS-Seminar: Storytelling und Greenwashing in Marketing +PR[\/vc_toggle][vc_toggle title=&#8220;Wie melde ich mich an?&#8220;]Am 12. Februar 2026\u00a0 wird auf dieser Seite ein Link zur Anmeldung zu ersehen sein!<\/p>\n<h2><\/h2>\n<p>&nbsp;[\/vc_toggle][vc_toggle title=&#8220;Aufbau des Zertifikatskurses: Zertifikat Nachhaltigkeit (Studium Oecologicum)&#8220;]Um den Zertifikatskurs Nachhaltigkeit: Studium Oecologicum erfolgreich zu absolvieren m\u00fcssen folgende Programmpunkte besucht werden:<\/p>\n<ul>\n<li>Kick-off Veranstaltung<\/li>\n<li>1 Vorlesungsreihe<\/li>\n<li>2 Tagesworkshops<\/li>\n<li>3 Exkursionen \/ Netzwerktreffen<\/li>\n<li>2 ZfS Kurse mit jeweils (28 UE = 3 ECTS)<\/li>\n<\/ul>\n<p>[\/vc_toggle][vc_toggle title=&#8220;Satzung&#8220;]<a href=\"https:\/\/www.studiumgenerale.uni-mannheim.de\/wp-content\/uploads\/2025\/06\/Satzung-Zertifikat-Nachhaltigkeit-unterzeichnet-1.pdf\">Satzung Zertifikat Nachhaltigkeit <\/a>[\/vc_toggle][vc_column_text]<\/p>\n<h4><strong><a href=\"mailto:studiumoecologicum@service.uni-mannheim.de\" target=\"_blank\" rel=\"noopener\">Bei allen Fragen rund um das Studium Oecologicum kontaktieren Sie uns gerne per Mail &#8230;<\/a><\/strong><\/h4>\n<p>[\/vc_column_text][\/vc_column_inner][\/vc_row_inner][\/vc_column][vc_column width=&#8220;1\/6&#8243;][\/vc_column][\/vc_row][vc_row][vc_column width=&#8220;1\/6&#8243;][\/vc_column][vc_column width=&#8220;2\/3&#8243;][vc_column_text css=&#8220;.vc_custom_1765876540204{background-color: #597d9c !important;border-radius: 5px !important;}&#8220;]<\/p>\n<h3 id=\"prog\" style=\"padding-top: 40px; padding-bottom: 40px; text-align: center;\"><span style=\"color: #ffffff;\"><strong>Programm des Studium Oecologicum im FSS 2026<\/strong><\/span><\/h3>\n<p>[\/vc_column_text][\/vc_column][vc_column width=&#8220;1\/6&#8243;][\/vc_column][\/vc_row][vc_row][vc_column width=&#8220;1\/6&#8243;][\/vc_column][vc_column width=&#8220;2\/3&#8243;][vc_toggle title=&#8220;Kick-off-Veranstaltung &#8211; 25. Februar 2026&#8243;]<strong>Wann: <\/strong>25.02.2026 von 17:45 &#8211; 20:30 Uhr<\/p>\n<p><strong>Wo: <\/strong>ExpLAB (Universit\u00e4t Mannheim)<\/p>\n<p><strong>Beschreibung:<br \/>\n<\/strong>An diesem Tag soll ein Einblick in die Forschungen und T\u00e4tigkeiten rund um die Nachhaltigkeit an der Universit\u00e4t Mannheim gegeben werden. Ein Kennenlernen und Austausch zwischen den Teilnehmenden steht hierbei ebenfalls im Fokus. <strong><br \/>\n<\/strong>[\/vc_toggle][vc_toggle title=&#8220;Tagesworkshop: \u201eNachhaltige Ern\u00e4hrung\u201c &#8211; 5. M\u00e4rz 2026&#8243;]<strong>Wann:<\/strong> 05.03.2026 von 17:00 &#8211; 20:30 Uhr<\/p>\n<p><strong>Wo:<\/strong> Klimaschutzagentur, Tattersallstr. 15-17<\/p>\n<p><strong>Kursleitung: <\/strong>Caroline Golly<strong><br \/>\n<\/strong><\/p>\n<p><strong>\u00dcber die Klimaschutzagentur:<br \/>\n<\/strong>Mannheim im Herzen, das Weltklima immer im Blick: Getreu diesem Motto ist die Klimaschutzagentur Mannheim seit 2009 Anlaufstelle f\u00fcr mehr Klimaschutz und Nachhaltigkeit in unserer Stadt. Ob zum Thema Stromsparen, klimafreundliche Ern\u00e4hrung oder Plastikvermeidung, ob bei der direkten Beratung, auf einer Veranstaltung oder in den sozialen Medien: Die 14 Mitarbeitenden helfen kostenfrei und neutral mit praktischen Tipps und Tricks zu allen Klimathemen.<\/p>\n<p><strong>Kursbeschreibung:<br \/>\n<\/strong>Dieser Workshops l\u00e4dt zum Mitmachen, Ausprobieren und Diskutieren zu folgenden Fragen ein: Lieber frische \u00c4pfel aus Neuseeland oder aus der Lagerung in Deutschland? Macht es einen Unterschied, ob Rind oder H\u00e4hnchen auf dem Burger? Und warum ist Plastikvermeidung auch Klimaschutz? Die Antworten dazu gibt es in diesem Vortrag der Klimaschutzagentur Mannheim. Die Referentin Louise Lauppe leitet durch f\u00fcnf Themenbl\u00f6cke und zeigt auf, was unter einer nachhaltigen Ern\u00e4hrungsweise zu verstehen ist.[\/vc_toggle][vc_toggle title=&#8220;Tagesworkshop: \u201eLebensmittelverschwendung reduzieren\u201c &#8211; 16. April 2026&#8243;]<img loading=\"lazy\" decoding=\"async\" class=\"wpa-warning wpa-image-missing-alt alignright wp-image-7501\" src=\"https:\/\/www.studiumgenerale.uni-mannheim.de\/wp-content\/uploads\/2026\/01\/462643667_1110124223650777_6507740621178261118_n-217x300.jpg\" alt=\"\" width=\"150\" height=\"208\" data-warning=\"Missing alt text\" srcset=\"https:\/\/www.studiumgenerale.uni-mannheim.de\/wp-content\/uploads\/2026\/01\/462643667_1110124223650777_6507740621178261118_n-217x300.jpg 217w, https:\/\/www.studiumgenerale.uni-mannheim.de\/wp-content\/uploads\/2026\/01\/462643667_1110124223650777_6507740621178261118_n-768x1063.jpg 768w, https:\/\/www.studiumgenerale.uni-mannheim.de\/wp-content\/uploads\/2026\/01\/462643667_1110124223650777_6507740621178261118_n-1109x1536.jpg 1109w, https:\/\/www.studiumgenerale.uni-mannheim.de\/wp-content\/uploads\/2026\/01\/462643667_1110124223650777_6507740621178261118_n.jpg 1479w\" sizes=\"auto, (max-width: 150px) 100vw, 150px\" \/><\/p>\n<p><strong>Wann:<\/strong> 16.04.2026 von 17:15 &#8211; 19:00 Uhr<\/p>\n<p><strong>Wo:<\/strong> ExpLab, Schloss Schneckenhof<\/p>\n<p><strong>Kursleitung: <\/strong>Carolina Fenner<\/p>\n<p><strong>\u00a0<\/strong><strong>\u00dcber foodsharing Mannheim &#8211; gegen Lebensmittelverschwendung e.V.:<\/strong><br \/>\nDer Mannheimer foodsharing-Verein ist die lokale Organisation der deutschlandweiten Umweltbewegung <em>foodsharing<\/em>. Ziel ist die Schonung der nat\u00fcrlichen Ressourcen auf unserem Planeten durch die Rettung von Lebensmitteln. Denn Lebensmittel zu verschwenden bedeutet, die daf\u00fcr aufgewendeten Ressourcen (z. B. Wasser, Land, Rohstoffe) zu verschwenden. Wir setzten an drei entscheidenden Stellen an: bei Lebensmittelh\u00e4ndlern und Betrieben, bei Verbraucher:innen im privaten Bereich und bei Produktionsbetrieben.<\/p>\n<p><strong>Kursbeschreibung:<br \/>\n<\/strong>Der Workshop gibt einen \u00dcberblick \u00fcber die aktuelle Lebensmittelverschwendung in Deutschland und vermittelt praktische Tipps, wie jede:r einzelne:r dem entgegenwirken kann. Au\u00dferdem wird foodsharing Mannheim &#8211; gegen Lebensmittelverschwendung e.V. vorgestellt, ein gemeinn\u00fctziger Verein in Mannheim (mit weiteren Gruppierungen deutschlandweit), der Lebensmittel rettet, bevor sie weggeschmissen w\u00fcrden. Auch ohne Mitgliedschaft kann jede:r verschiedene Angebote des Vereins nutzen &#8211; diese werden im Rahmen des Workshops ebenfalls aufgezeigt.[\/vc_toggle][vc_toggle title=&#8220;Tagesworkshop: &#8222;Nachhaltigkeitsberichterstattung in der EU: Pflicht, Chance und Herausforderung?&#8222; &#8211; 18. April 2026&#8243;]<strong>Wann: 1<\/strong>8.04.2026 von 09:00 &#8211; 14:15 Uhr<\/p>\n<p><strong>Wo: <\/strong>Online via Zoom<\/p>\n<p><strong>Kursleitung: <\/strong>Stefanie Reustlen<img loading=\"lazy\" decoding=\"async\" class=\"alignright wp-image-4102\" src=\"https:\/\/www.studiumgenerale.uni-mannheim.de\/wp-content\/uploads\/2022\/11\/Foto-Reustlen-300x200.jpg\" alt=\"\" width=\"220\" height=\"147\" srcset=\"https:\/\/www.studiumgenerale.uni-mannheim.de\/wp-content\/uploads\/2022\/11\/Foto-Reustlen-300x200.jpg 300w, https:\/\/www.studiumgenerale.uni-mannheim.de\/wp-content\/uploads\/2022\/11\/Foto-Reustlen-768x512.jpg 768w, https:\/\/www.studiumgenerale.uni-mannheim.de\/wp-content\/uploads\/2022\/11\/Foto-Reustlen-330x220.jpg 330w, https:\/\/www.studiumgenerale.uni-mannheim.de\/wp-content\/uploads\/2022\/11\/Foto-Reustlen.jpg 1200w\" sizes=\"auto, (max-width: 220px) 100vw, 220px\" \/><br \/>\nSeit Beginn meiner Promotion hat mich das Thema Nachhaltigkeit und hierbei insbesondere die Nachhaltigkeitsberichterstattung begeistert. Basierend auf den Erkenntnissen aus meiner Berufst\u00e4tigkeit fasziniert mich an der Nachhaltigkeitsberichterstattung die M\u00f6glichkeit, \u00f6konomische Ziele im Einklang mit \u00f6kologischen und sozialen Belangen umzusetzen. Insbesondere die soziale Dimension der Nachhaltigkeit \u2013 die in Bezug auf Arbeitnehmer humane Arbeitsbedingungen fordert \u2013 hat aufgrund der (noch) geringen Forschungst\u00e4tigkeit verbunden mit der M\u00f6glichkeit einen sozialen Mehrwert zu schaffen, meine Leidenshaft geweckt. Ich freue mich sehr gemeinsam mit Ihnen das spannende Themenfeld der Nachhaltigkeitsberichterstattung zu durchleuchten.<\/p>\n<p><strong>Kursbeschreibung:<br \/>\n<\/strong>Fokus inhaltlich: nichtfinanzielle Berichterstattung \/ Nachhaltigkeitsberichterstattung, ESG<br \/>\nFokus methodisch:\u00a0Ersteller- und Adressatenperspektive (Berichterstattung DAX notierter Unternehmen vs. der Erwartungshaltung von Share- und Stakeholdern sowie der normativen Vorgaben)<\/p>\n<p>Im Kurs soll es um die normativen Vorgaben zur Offenlegung von nichtfinanziellen Erkl\u00e4rungen und Berichten \/ Nachhaltigkeitsberichten gehen:<br \/>\nDie Nachhaltigkeitsberichterstattung hat in den vergangenen Jahren sukzessive an Bedeutung gewonnen (CSR-Richtlinie, CSR-RUG, CSRD, ESRS).<br \/>\nDiese Entwicklung ist f\u00fcr gro\u00dfe kapitalmarktorientierte Unternehmen (sowie aufgrund der steigenden Offenlegungspflichten zunehmend auch f\u00fcr KMU) von hoher Relevanz.<br \/>\nIm Kurs schauen wir uns die Entwicklung sowie die aktuellen und zuk\u00fcnftigen Verpflichtungen im Kontext der Nachhaltigkeitsberichterstattung mit Bezug auf EU und Deutschland an.<br \/>\nBasierend auf den normativen Vorgaben evaluieren wir die gegenw\u00e4rtige Berichterstattung DAX notierter Unternehmen und beantworten hierbei u. a. die folgenden Fragen:<br \/>\nWie Entscheidungsn\u00fctzlich ist die Berichterstattung? Welche Berichtsaspekte werden offengelegt und warum? Wie erfolgt die Offenlegung? (qualitativ \/ quantitativ \/ Leistungskennzahlen)[\/vc_toggle][vc_toggle title=&#8220;Tagesworkshop: \u201eKleidung, Kuss &#038; Konsumkritik &#8211; Wie aus Nadelstichen Narrative werden\u201c &#8211; 23. April 2026&#8243;]<strong>Wann:<\/strong> 23.04.2026 16:00-19:30 Uhr<br \/>\n<strong>Wo: KHG Mannheim D6,15<\/strong><\/p>\n<p><strong>Kursleitung:<br \/>\n<\/strong>Was passiert, wenn eine Soziologin, eine Jurastudentin und ein Psychologe gemeinsam Nachhaltigkeit denken? Genau das wollen wir herausfinden. Wir sind ein interdisziplin\u00e4res Team, das durch Modeaktionen, Workshops und provokante Insta-Storys nachhaltige Denkanst\u00f6\u00dfe gibt. Unsere Formate sind interaktiv, \u00e4sthetisch anspruchsvoll und oft augenzwinkernd \u2013 mit feministischer Haltung und<br \/>\nklarem Ziel: Nachhaltigkeit darf auch Spa\u00df machen.<\/p>\n<p><img loading=\"lazy\" decoding=\"async\" class=\"wpa-warning wpa-image-missing-alt alignright wp-image-8158\" style=\"outline-color: #b32d2e; outline-width: 4px;\" src=\"https:\/\/www.studiumgenerale.uni-mannheim.de\/wp-content\/uploads\/2026\/01\/c68c3972-463f-404e-ab51-3ace1c8b71f4-300x225.jpeg\" alt=\"\" width=\"200\" height=\"150\" data-warning=\"Missing alt text\" srcset=\"https:\/\/www.studiumgenerale.uni-mannheim.de\/wp-content\/uploads\/2026\/01\/c68c3972-463f-404e-ab51-3ace1c8b71f4-300x225.jpeg 300w, https:\/\/www.studiumgenerale.uni-mannheim.de\/wp-content\/uploads\/2026\/01\/c68c3972-463f-404e-ab51-3ace1c8b71f4-768x576.jpeg 768w, https:\/\/www.studiumgenerale.uni-mannheim.de\/wp-content\/uploads\/2026\/01\/c68c3972-463f-404e-ab51-3ace1c8b71f4-1536x1152.jpeg 1536w, https:\/\/www.studiumgenerale.uni-mannheim.de\/wp-content\/uploads\/2026\/01\/c68c3972-463f-404e-ab51-3ace1c8b71f4-640x480.jpeg 640w, https:\/\/www.studiumgenerale.uni-mannheim.de\/wp-content\/uploads\/2026\/01\/c68c3972-463f-404e-ab51-3ace1c8b71f4.jpeg 1600w\" sizes=\"auto, (max-width: 200px) 100vw, 200px\" \/><\/p>\n<p><strong>Em\u00edlia Cinov\u00e1<\/strong><br \/>\nstudiert Jura und begeistert sich aber trotzdem nicht nur f\u00fcr B\u00fccher. Mit einem offenen Blick f\u00fcr \u00c4sthetik schafft sie gern ihren eigenen Stil, der dynamisch und harmonisch zugleich sein kann.<\/p>\n<p>&nbsp;<\/p>\n<p><strong><img loading=\"lazy\" decoding=\"async\" class=\"alignright wp-image-8159\" src=\"https:\/\/www.studiumgenerale.uni-mannheim.de\/wp-content\/uploads\/2026\/01\/fbab6bde-01a0-47cf-97bb-4034956a60eb-300x200.jpeg\" alt=\"Bild Lorey\" width=\"200\" height=\"133\" srcset=\"https:\/\/www.studiumgenerale.uni-mannheim.de\/wp-content\/uploads\/2026\/01\/fbab6bde-01a0-47cf-97bb-4034956a60eb-300x200.jpeg 300w, https:\/\/www.studiumgenerale.uni-mannheim.de\/wp-content\/uploads\/2026\/01\/fbab6bde-01a0-47cf-97bb-4034956a60eb-768x512.jpeg 768w, https:\/\/www.studiumgenerale.uni-mannheim.de\/wp-content\/uploads\/2026\/01\/fbab6bde-01a0-47cf-97bb-4034956a60eb-1536x1025.jpeg 1536w, https:\/\/www.studiumgenerale.uni-mannheim.de\/wp-content\/uploads\/2026\/01\/fbab6bde-01a0-47cf-97bb-4034956a60eb-330x220.jpeg 330w, https:\/\/www.studiumgenerale.uni-mannheim.de\/wp-content\/uploads\/2026\/01\/fbab6bde-01a0-47cf-97bb-4034956a60eb.jpeg 1703w\" sizes=\"auto, (max-width: 200px) 100vw, 200px\" \/><\/strong><\/p>\n<p><strong>M<\/strong><strong>aximilijan Lorey<\/strong><br \/>\nstudiert Psychologie im Master (M.Sc.) mit Schwerpunkt Klinische Psychologie. In seiner Freizeit setzt er sich intensiv mit philosophischen und psychologischen Fragen auseinander und findet als naturverbundener Mensch in kleinen Momenten die Freude des Lebens.<\/p>\n<p>&nbsp;<\/p>\n<p><strong><img loading=\"lazy\" decoding=\"async\" class=\"alignright wp-image-8157\" src=\"https:\/\/www.studiumgenerale.uni-mannheim.de\/wp-content\/uploads\/2026\/01\/Statement_Bild-300x169.jpg\" alt=\"Bild_Pauli\" width=\"200\" height=\"113\" srcset=\"https:\/\/www.studiumgenerale.uni-mannheim.de\/wp-content\/uploads\/2026\/01\/Statement_Bild-300x169.jpg 300w, https:\/\/www.studiumgenerale.uni-mannheim.de\/wp-content\/uploads\/2026\/01\/Statement_Bild-2048x1152.jpg 2048w, https:\/\/www.studiumgenerale.uni-mannheim.de\/wp-content\/uploads\/2026\/01\/Statement_Bild-768x432.jpg 768w, https:\/\/www.studiumgenerale.uni-mannheim.de\/wp-content\/uploads\/2026\/01\/Statement_Bild-1536x864.jpg 1536w, https:\/\/www.studiumgenerale.uni-mannheim.de\/wp-content\/uploads\/2026\/01\/Statement_Bild-1920x1080.jpg 1920w\" sizes=\"auto, (max-width: 200px) 100vw, 200px\" \/><\/strong><\/p>\n<p><strong>Lisa Pauli<\/strong><br \/>\nstudiert Soziologie in Mannheim und macht aus Fragen Haltung \u2013 und aus Haltung Projekte.<br \/>\nZwischen Nachhaltigkeit, Feminismus und Performancekunst verwebt sie Theorie und Praxis zu einem Raum f\u00fcr kollektive und kreative Reflexion.<\/p>\n<p><strong>Kursbeschreibung:<br \/>\n<\/strong>Ein Kleidertausch ist keine Revolution \u2013 aber manchmal der Anfang von etwas Gr\u00f6\u00dferem.<\/p>\n<p>In diesem Workshop erforschen wir gemeinsam die<strong> sozialen, psychologischen<\/strong><br \/>\n<strong>und juristischen Strukturen<\/strong>, die unseren Konsum pr\u00e4gen \u2013 und wie wir durch symbolische Praktiken wie<strong> N\u00e4hen, Tauschen und Erz\u00e4hlen<\/strong> wieder Handlungsmacht gewinnen.<br \/>\n<strong>Inhalte &amp; Methoden:<\/strong><br \/>\n\u2022 Kritische Einf\u00fchrung: Fast Fashion, Kapitalismus &amp; Konsumverhalten<br \/>\n\u2022 Der <em>Butterfly Effect<\/em> <em>in der Nachhaltigkeit<\/em> \u2013 kleine Handlungen, gro\u00dfe Wirkung?<br \/>\n\u2022 Kreativphase: Sticken als Widerstand \u2013 der \u201eRote Faden\u201c unserer eigenen Narrative<br \/>\n\u2022 Reflexion &amp; Transfer: Was hei\u00dft nachhaltiges Handeln wirklich? Und wo beginnt es?<\/p>\n<p><strong>Didaktik:<\/strong> Gruppenarbeit, k\u00fcnstlerische Praxis, Impulse, Diskussion \u2013 keine Vorkenntnisse n\u00f6tig.<br \/>\n<strong>Ziel: <\/strong>Der Workshop l\u00e4dt dazu ein, \u00fcber sich selbst, sein Konsumverhalten und die politische Dimension allt\u00e4glicher Entscheidungen nachzudenken \u2013 aber nicht moralisch, sondern kreativ, humorvoll und kritisch.[\/vc_toggle][vc_toggle title=&#8220;Tagesworkshop: \u201eTagesworkshop: Was uns kleidet &#8211; Ein Einblick in die globalen Produktionsbedingungen von Textilien\u201c &#8211; 24. April 2026&#8243;]<strong>Wann:<\/strong> 24.04.2026 von 13:00 &#8211; 16:15 Uhr<br \/>\n<strong>Wo:<\/strong> ExpLAB (Universit\u00e4t Mannheim)<\/p>\n<p><strong>Kursleitung:<br \/>\n<\/strong>Susanne Kammer<strong><img loading=\"lazy\" decoding=\"async\" class=\" wp-image-4104 alignright\" src=\"https:\/\/www.studiumgenerale.uni-mannheim.de\/wp-content\/uploads\/2022\/11\/Kemmer-296x300.jpg\" alt=\"\" width=\"155\" height=\"157\" srcset=\"https:\/\/www.studiumgenerale.uni-mannheim.de\/wp-content\/uploads\/2022\/11\/Kemmer-296x300.jpg 296w, https:\/\/www.studiumgenerale.uni-mannheim.de\/wp-content\/uploads\/2022\/11\/Kemmer.jpg 665w\" sizes=\"auto, (max-width: 155px) 100vw, 155px\" \/><\/strong><\/p>\n<p><strong>Kursbeschreibung:<br \/>\n<\/strong>Ein Fokus wird auf den Arbeitsbedingungen in den Textilfabriken Bangladeschs liegen. Prek\u00e4re und unterbezahlte Arbeitsverh\u00e4ltnisse sowie mangelnde Geb\u00e4udesicherheit und Unterdr\u00fcckung von Gewerkschaften z\u00e4hlen zu den gr\u00f6\u00dften Problemen der besch\u00e4ftigten Arbeiter*innen. Im Anschluss erarbeiten wir gemeinsam, welche Hebel es auf indvidueller, unternehmerischer und gesetzgeberischer Ebene gibt, um einen nachhaltigen Wandel voranzubringen.[\/vc_toggle][vc_toggle title=&#8220;Tagesworkshop: &#8222;Nachhaltige Gesch\u00e4ftsmodelle entwickeln und umsetzen&#8222; &#8211; 29. April + 4. Mai 2026&#8243;]<strong>Wann:<br \/>\n<\/strong>29.04.2026 von 17:15 &#8211; 20:30 Uhr +<br \/>\n04.05.2026 von 17:30 &#8211; 20:00 Uhr<\/p>\n<p><strong>Wo: <\/strong>Schloss, ExpLAB<\/p>\n<p><strong>Kursleitung:<\/strong><br \/>\n<strong><img loading=\"lazy\" decoding=\"async\" class=\"alignright wp-image-5714\" src=\"https:\/\/www.studiumgenerale.uni-mannheim.de\/wp-content\/uploads\/2024\/12\/Profilbild_Nora-Zybura.jpg\" alt=\"\" width=\"320\" height=\"213\" srcset=\"https:\/\/www.studiumgenerale.uni-mannheim.de\/wp-content\/uploads\/2024\/12\/Profilbild_Nora-Zybura.jpg 2048w, https:\/\/www.studiumgenerale.uni-mannheim.de\/wp-content\/uploads\/2024\/12\/Profilbild_Nora-Zybura-300x200.jpg 300w, https:\/\/www.studiumgenerale.uni-mannheim.de\/wp-content\/uploads\/2024\/12\/Profilbild_Nora-Zybura-768x512.jpg 768w, https:\/\/www.studiumgenerale.uni-mannheim.de\/wp-content\/uploads\/2024\/12\/Profilbild_Nora-Zybura-1536x1025.jpg 1536w, https:\/\/www.studiumgenerale.uni-mannheim.de\/wp-content\/uploads\/2024\/12\/Profilbild_Nora-Zybura-1920x1281.jpg 1920w, https:\/\/www.studiumgenerale.uni-mannheim.de\/wp-content\/uploads\/2024\/12\/Profilbild_Nora-Zybura-330x220.jpg 330w\" sizes=\"auto, (max-width: 320px) 100vw, 320px\" \/><\/strong>Dr. Nora Zybura promovierte an der Fakult\u00e4t f\u00fcr Betriebswirtschaftslehre der Universit\u00e4tMannheim zu den Themen Entrepreneurship und Innovation. Sie bringt umfassende Expertise in der Entwicklung und Umsetzung von Ma\u00dfnahmen und Formaten im Bereich Entrepreneurship sowie in anwendungs- und transferorientierten Projekten (u.a. Gr\u00fcndungsunterst\u00fctzung, Impact Entrepreneurship) mit. Ihre praktische Erfahrung umfasst insbesondere die Beratung und Unterst\u00fctzung von Startups bei der Entwicklung und Validierung von Gesch\u00e4ftsmodellen. Derzeit ist sie am Mannheim Center for Entrepreneurship and Innovation (MCEI)\/ Institut f\u00fcr Mittelstandsforschung (ifm) der Universit\u00e4t Mannheim t\u00e4tig.<\/p>\n<p><strong>Beschreibung:<\/strong><br \/>\nDieser Workshop bietet sowohl theoretische als auch praktische Einblicke in die Entwicklung von Gesch\u00e4ftsmodellen von Startups, die wirtschaftlichen Erfolg sowie positive soziale und \u00f6kologische Auswirkungen anstreben. Die Teilnehmenden lernen Strategien und Werkzeuge, darunter das Sustainable Business Model Canvas, kennen, um Nachhaltigkeit zu integrieren. Zudem wird ein grundlegendes Verst\u00e4ndnis wichtiger globaler Nachhaltigkeitsrahmen, wie die Ziele f\u00fcr nachhaltige Entwicklung der Vereinten Nationen (SDGs), und deren Einfluss auf Gesch\u00e4ftsstrategien vermittelt.<br \/>\nIm Workshop werden verschiedene Gesch\u00e4ftsmodelle vorgestellt, die Nachhaltigkeit in den Mittelpunkt stellen und zentrale Trends wie erneuerbare Energien, nachhaltige Mode und nachhaltige Technologien adressieren. Dar\u00fcber hinaus wird ein Startup Einblicke in sein Gesch\u00e4ftsmodell geben und zeigen, wie es nachhaltige Praktiken erfolgreich umsetzt. In einer praktischen \u00dcbung haben die Teilnehmenden die M\u00f6glichkeit, in Teams eigene Ideen f\u00fcr nachhaltige Gesch\u00e4ftsmodelle zu entwickeln, diese vorzustellen und Feedback zu erhalten.<br \/>\n<strong><br \/>\n<\/strong>[\/vc_toggle][vc_toggle title=&#8220;Exkursion: F\u00fchrung \u201eDie nachhaltige Musterwohnung&#8222; &#8211; 3. M\u00e4rz 2026&#8243;]<strong>Wann: <\/strong>03.03.2026 von 17:00 &#8211; 20:30 Uhr<\/p>\n<p><strong>Treffpunkt:<\/strong> Nachhaltige Musterwohnung, Tattersallstra\u00dfe 15-17<\/p>\n<p><strong>\u00dcber die Klimaschutzagentur:<br \/>\n<\/strong>Mannheim im Herzen, das Weltklima immer im Blick: Getreu diesem Motto ist die Klimaschutzagentur Mannheim seit 2009 Anlaufstelle f\u00fcr mehr Klimaschutz und Nachhaltigkeit in unserer Stadt. Ob zum Thema Stromsparen, klimafreundliche Ern\u00e4hrung oder Plastikvermeidung, ob bei der direkten Beratung, auf einer Veranstaltung oder in den sozialen Medien: Die 14 Mitarbeitenden helfen kostenfrei und neutral mit praktischen Tipps und Tricks zu allen Klimathemen.<\/p>\n<p><strong>Kursbeschreibung:<br \/>\n<\/strong>Nachhaltigkeit kann durch viele kleine Dinge aktiv im Alltag gelebt werden. In der Ausstellung \u201eDie nachhaltige Musterwohnung\u201c wird das intuitiv \u201ebegreifbar\u201c. Beim Ziehen, Hochheben und \u00d6ffnen der typischen Haushaltsgegenst\u00e4nde wird deutlich, das Energiesparen, Plastikvermeidung und Begr\u00fcnungsma\u00dfnahmen nicht nur f\u00fcr das Klima Vorteile haben. Geringere Kosten, eine ges\u00fcndere Lebensweise oder Schutz der Artenvielfalt: Nachhaltigkeit bedeutet eben nicht Verzicht, sondern ein Gewinn f\u00fcr alle. Bei einer F\u00fchrung durch die Mitarbeitenden der Klimaschutzagentur werden die Hintergr\u00fcnde sowie weiterf\u00fchrende Tipps zur Ausstellung vermittelt.[\/vc_toggle][vc_toggle title=&#8220;Exkursion &#8211; &#8222;Waldpark Mannheim&#8222; &#8211; 20. M\u00e4rz 2026&#8243;]<strong>Wann:<\/strong> 20.03.2026 von 14:00 &#8211; 16:00 Uhr<\/p>\n<p><strong>Treffpunkt:<\/strong><br \/>\nSpeyerer Str.\/Ecke Schwarzwaldstr. Fu\u00dfweg: <strong><a href=\"https:\/\/maps.app.goo.gl\/tvscueWvU78NLFdF8\">https:\/\/maps.app.goo.gl\/tvscueWvU78NLFdF8<\/a><\/strong><\/p>\n<p><strong>Kursbeschreibung:<br \/>\n<\/strong>Die Walderkundung in den K\u00e4fertaler Wald soll Wissen praktisch machen und erg\u00e4nzt das Seminar <strong>Der Wald: \u00d6kosystem, Klimasenke, Wildnis<\/strong>; die Exkursion kann aber auch unabh\u00e4ngig vom Seminar belegt werden. Das beliebte Naherholungsgebiet mag vertraut erscheinen vom Sonntagsspaziergang oder auch fremd, weil bisher Lust und Gelegenheit fehlten, sich hier genauer umzuschauen. In jedem Fall gibt es vieles zu entdecken, das den Blick auf die Natur ver\u00e4ndern wird. Und auch der Wald selbst ver\u00e4ndert sich, was Fragen nach seiner Zukunft aufwirft. Wer mehr wei\u00df, sieht auch mehr. Nach diesem Motto m\u00f6chten wir am Beispiel Wald f\u00fcr den Umgang mit der Natur sensibilisieren.<br \/>\nBitte festes Schuhwerk mitbringen.<strong><br \/>\n<\/strong>[\/vc_toggle][vc_toggle title=&#8220;Exkursion: &#8222;SDG Walk&#8222; &#8211; 15. April 2026&#8243;]<strong>Wann: <\/strong>15.04.2026 von 10:00 &#8211; 12:30 Uhr<\/p>\n<p><strong>Treffpunkt:<\/strong> Rathaus Mannheim, Haltestelle Rathaus\/Reiss-Museum (Museums-Seite)<\/p>\n<p><strong>Kursleitung:<br \/>\n<\/strong>Zentrum f\u00fcr Globales Lernen<strong><br \/>\n<\/strong>Das Eine-Welt-Forum Mannheim e.V. (EWF) und seine mehr als 25 Mitgliedsgruppen setzen sich seit \u00fcber 20 Jahren f\u00fcr eine global gerechte und nachhaltige Entwicklung ein. Wir f\u00f6rdern durch Bildungsarbeit, Informationsveranstaltungen, Workshops und Kampagnen ein Umdenken hin zu einem nachhaltigen Lebensstil, der global zukunftsf\u00e4hig ist.<br \/>\n2017 haben wir unsere Bildungseinrichtung, das Zentrum f\u00fcr Globales Lernen Mannheim, gegr\u00fcndet, in dem wir Bildungsangebot des Globalen Lernens und der Bildung f\u00fcr eine nachhaltige Entwicklung (BNE) f\u00fcr verschiedene Zielgruppen anbieten.<\/p>\n<div class=\"wp-block-image\">\n<figure id=\"attachment_6484\" class=\"thumbnail wp-caption alignleft\" style=\"width: 260px\"><img loading=\"lazy\" decoding=\"async\" class=\"wp-image-6484\" src=\"https:\/\/www.studiumgenerale.uni-mannheim.de\/wp-content\/uploads\/2025\/07\/Susanne-farbig-by_Lerato-Gantner_EWF-Mannheim-300x300.jpg\" alt=\"Susanne Kammer\" width=\"250\" height=\"250\" data-warning=\"Missing alt text\" srcset=\"https:\/\/www.studiumgenerale.uni-mannheim.de\/wp-content\/uploads\/2025\/07\/Susanne-farbig-by_Lerato-Gantner_EWF-Mannheim-300x300.jpg 300w, https:\/\/www.studiumgenerale.uni-mannheim.de\/wp-content\/uploads\/2025\/07\/Susanne-farbig-by_Lerato-Gantner_EWF-Mannheim-150x150.jpg 150w, https:\/\/www.studiumgenerale.uni-mannheim.de\/wp-content\/uploads\/2025\/07\/Susanne-farbig-by_Lerato-Gantner_EWF-Mannheim-768x768.jpg 768w, https:\/\/www.studiumgenerale.uni-mannheim.de\/wp-content\/uploads\/2025\/07\/Susanne-farbig-by_Lerato-Gantner_EWF-Mannheim-700x700.jpg 700w, https:\/\/www.studiumgenerale.uni-mannheim.de\/wp-content\/uploads\/2025\/07\/Susanne-farbig-by_Lerato-Gantner_EWF-Mannheim.jpg 800w\" sizes=\"auto, (max-width: 250px) 100vw, 250px\" \/><figcaption class=\"caption wp-caption-text\">Susanne Kammer leitet die Gesch\u00e4ftsstelle des Eine-Welt-Forum Mannheim e.V.<\/figcaption><\/figure><br \/>\n<figure id=\"attachment_6483\" class=\"thumbnail wp-caption alignleft\" style=\"width: 260px\"><img loading=\"lazy\" decoding=\"async\" class=\"wpa-warning wpa-image-missing-alt wp-image-6483\" src=\"https:\/\/www.studiumgenerale.uni-mannheim.de\/wp-content\/uploads\/2025\/07\/Julia_by_Lerato-Gantner_EWF-Mannheim-300x300.jpg\" alt=\"Julia Christof\" width=\"250\" height=\"250\" data-warning=\"Missing alt text\" srcset=\"https:\/\/www.studiumgenerale.uni-mannheim.de\/wp-content\/uploads\/2025\/07\/Julia_by_Lerato-Gantner_EWF-Mannheim-300x300.jpg 300w, https:\/\/www.studiumgenerale.uni-mannheim.de\/wp-content\/uploads\/2025\/07\/Julia_by_Lerato-Gantner_EWF-Mannheim-150x150.jpg 150w, https:\/\/www.studiumgenerale.uni-mannheim.de\/wp-content\/uploads\/2025\/07\/Julia_by_Lerato-Gantner_EWF-Mannheim-768x768.jpg 768w, https:\/\/www.studiumgenerale.uni-mannheim.de\/wp-content\/uploads\/2025\/07\/Julia_by_Lerato-Gantner_EWF-Mannheim-700x700.jpg 700w, https:\/\/www.studiumgenerale.uni-mannheim.de\/wp-content\/uploads\/2025\/07\/Julia_by_Lerato-Gantner_EWF-Mannheim.jpg 800w\" sizes=\"auto, (max-width: 250px) 100vw, 250px\" \/><figcaption class=\"caption wp-caption-text\">Julia Christof arbeitet als Bildungsreferentin im Zentrum f\u00fcr Globales Lernen.<\/figcaption><\/figure>\n<\/div>\n<p>&nbsp;<\/p>\n<p>&nbsp;<\/p>\n<p>&nbsp;<\/p>\n<p>&nbsp;<\/p>\n<p>&nbsp;<\/p>\n<p>&nbsp;<\/p>\n<p>&nbsp;<\/p>\n<p>&nbsp;<\/p>\n<p>&nbsp;<\/p>\n<p>&nbsp;<\/p>\n<p>&nbsp;<\/p>\n<p style=\"text-align: left;\"><strong>Kursbeschreibung:<br \/>\n<\/strong>Mit der Agenda 2030 haben die Vereinten Nationen gemeinsame Ziele f\u00fcr eine gerechte und nachhaltige Entwicklung der Welt beschlossen, die Sustainable Development Goals \u2013 kurz SDG. 193 Staaten der Welt haben sich verpflichtet, diese 17 Ziele bis zum Jahr 2030 zu erreichen. Auch die Stadt Mannheim hat sich mit ihrem Leitbild \u201eMannheim 2030\u201c auf den Weg gemacht, die Ziele umzusetzen. Bereits jetzt wird Nachhaltigkeit in Mannheim von vielen Menschen in unterschiedlichsten Facetten gelebt. Beim SDG-Walk entdecken wir inspirierende Projekte und spannende Orte und lernen so die SDG handlungsnah kennen. An f\u00fcnf interaktiven Stationen in der Innenstadt zu Themen wie Fair Fashion und Fairer Handel, Klimaschutz, Bildungsgerechtigkeit und nachhaltiger Ern\u00e4hrung erhalten wir Impulse f\u00fcr einen global nachhaltigen Lebensstil \u2013 denn jede*r kann dazu beitragen, die Welt gerechter und nachhaltiger zu machen![\/vc_toggle][vc_toggle title=&#8220;Exkursion: \u201eNaturf\u00fchrung an den Rhein\u201c &#8211; 28. April 2026 (Paralleltermin A)&#8220;]<strong>Wann:<br \/>\n<\/strong>28.04.2026 von 15:00 &#8211; 17:00 Uhr<\/p>\n<p><strong>Treffpunkt:<br \/>\n<\/strong>Schloss, Universit\u00e4t Mannheim, Campus Shop<\/p>\n<p><strong>Kursleitung:<br \/>\n<\/strong>Margarete Durand, studierte Anglistik und Geografie an der Universit\u00e4t Mannheim ist zur Zeit als Dozentin am Studium Generale der Uni Mannheim t\u00e4tig. Dar\u00fcber hinaus ist sie lizenzierte Naturf\u00fchrerin und bietet in der Region Natur- und Landschaftsf\u00fchrungen an.<\/p>\n<p><strong>Kursbeschreibung:<br \/>\n<\/strong>Woher kommt eigentlich unser Trinkwasser ?<\/p>\n<p>Wasser ist in Mannheim Lebenselixier und Bedrohung zugleich! Klimawandel, \u00dcberschwemmung, Wassermangel, Trinkwassergewinnung, Industrie und Naturlandschaft sind Themen die an diesem Nachmittag angesprochen werden. Bei einem Spaziergang entlang des Ufers erfahrt ihr Interessantes \u00fcber den Rhein und die \u00f6kologische und industrielle Bedeutung des Flusses f\u00fcr die Metropolregion Rhein-Neckar.<\/p>\n<p><a href=\"https:\/\/naturfuehrer.wixsite.com\/vierauwaeldler\/fuehrungen-termine\">Webseite<\/a>[\/vc_toggle][vc_toggle title=&#8220;&#8220;][\/vc_toggle][vc_toggle title=&#8220;Exkursion: &#8222;RNV Betriebshoff\u00fchrung&#8222; &#8211; 7. Mai 2026&#8243;]<strong>Wann:<\/strong> 07.05.2026 von 10:00 &#8211; 12:00 Uhr<\/p>\n<p>Treffpunkt: RNV Betriebshof, M\u00f6hlstra\u00dfe,<br \/>\nEingang wird noch bekannt gegeben.<\/p>\n<p><strong>Kursbeschreibung:<br \/>\n<\/strong>folgt.<strong><br \/>\n<\/strong>[\/vc_toggle][vc_toggle title=&#8220;ZfS-Seminar: &#8222;Der Wald: \u00d6kosystem, Klimasenke, Wildnis&#8222; &#8211; 28. Februar + 7. M\u00e4rz + 14. M\u00e4rz + 21. M\u00e4rz 2026&#8243;]<strong>Wann:<\/strong><br \/>\n28.02.2026 von 10:00 &#8211; 15:45 Uhr +<br \/>\n07.03.2026 von 10:00 &#8211; 15:45 Uhr +<br \/>\n14.03.2026 von 10:00 &#8211; 15:45 Uhr +<br \/>\n21.03.2026 von 10:00 &#8211; 15:45 Uhr<\/p>\n<p><strong>Kursleitung: <\/strong>Dr. Sibylle &amp; Uwe Heidenreich<\/p>\n<p><strong>Dr. Sybille Heidenreich<\/strong> studierte Germanistik, Kunstgeschichte und Latein. Nach T\u00e4tigkeiten in der Kunstberatung und im Verlagswesen arbeitet Sie zusammen mit dem Biologen Uwe Heidenreich im Bereich Nachhaltigkeit und Kultur. Im Rahmen von Lehrauftr\u00e4gen, Vortr\u00e4gen sowie in ihren Publikationen besch\u00e4ftigt Sie sich mit kulturwissenschaftlichen Perspektiven auf \u00f6kologische Fragestellungen. Publikationen (Auswahl): <strong>Die Krise des Fortschritts und der Traum von der sauberen Energie<\/strong> (2021). <strong>Wunschlandschaften<\/strong> (2019). <strong>Das \u00f6kologische Auge<\/strong> (2018).<\/p>\n<p><strong>Uwe Heidenreich<\/strong> (Dipl.-Biol.) studierte Biologie und Chemieingenieurwesen in Karlsruhe (KIT). Nach T\u00e4tigkeiten bei einem Ingenieurb\u00fcro und bei Stadtwerken arbeitet er freiberuflich im Naturschutz- und Umweltbereich. Schwerpunkte liegen dabei auf Gutachten, Artenschutzpr\u00fcfungen und Pflegepl\u00e4nen. In Lehrauftr\u00e4gen und Vortr\u00e4gen besch\u00e4ftigter sich mit Klimaschutz und Biodiversit\u00e4t, speziell mit dem Thema Wasser (Limnologie). Er ist ehrenamtlich aktiv im Natur- und Umweltschutz sowie in diversen Aussch\u00fcssen. Publikationen (Auswahl): Heidenreich\/Heidenreich\/Kronemayer (Hrsg.), <strong>Natur \u2013 Kultur \u2013 Wildnis<\/strong> (2018)<\/p>\n<p>Weitere Informationen unter: <a href=\"https:\/\/bfumweltkultur.wordpress.com\/\">https:\/\/bfumweltkultur.wordpress.com\/<\/a><\/p>\n<p><strong>Kursbeschreibung:<br \/>\n<\/strong><em>Wo Kultur und Natur sich begegnen<\/em><br \/>\nF\u00fcr viele Menschen sind W\u00e4lder immer noch magische Orte. Wald: das klingt nach M\u00e4rchen und Mythen, nach Erholung und Seelenbaden. Der Wald ist damit auch ein Raum, in dem Natur und Kultur eng verbunden sind. So entstammt der Begriff der Nachhaltigkeit der Forstwirtschaft und unsere Vorstellungen von Wildnis sind stark durch Kunst und Medien gepr\u00e4gt. An Wald und Wildnis entz\u00fcnden sich ebenso \u00c4ngste wie Sehns\u00fcchte nach Urspr\u00fcnglichkeit und Naturverbundenheit.<br \/>\nDer Wald ist dabei auch ein Wissensraum, in dem sich wie in einem Brennglas \u00f6kologische Themen fokussieren lassen: Wildnis im Wald ist auch ein forstwirtschaftliches Konzept. Der Umgang mit wilden Tieren wie dem Wolf verbindet sich ebenso mit diesem Thema. Das Thema Windkraft im Wald ist von hoher energiepolitischer Relevanz. W\u00e4lder k\u00f6nnen CO2 speichern und sollen damit zum nat\u00fcrlichen Klimaschutz beitragen. Sie sind aber auch durch Klimawandel und D\u00fcrre zunehmend bedroht. W\u00e4lder k\u00f6nnen Hotspots der Artenvielfalt sein, aber auch als Holzplantagen fungieren. So wird der Wald als \u00f6kologisches System zum Zentrum von Diskussionen um wirksame Methoden, dem Klimawandel zu begegnen.<\/p>\n<p>Das Seminar wird erg\u00e4nzt durch eine Exkursion in den K\u00e4fertaler Wald, die zus\u00e4tzlich belegt werden kann und auch anderen Studierenden offen steht.[\/vc_toggle][vc_toggle title=&#8220;ZfS-Seminar: \u201eNachhaltigkeitsprojekte managen&#8222; &#8211; 13. M\u00e4rz + 14. M\u00e4rz + 20. M\u00e4rz + 21. M\u00e4rz 2026&#8243;]<strong>Wann:<br \/>\n<\/strong>13.03.2026 von 14:00 &#8211; 18:00 Uhr<br \/>\n14.03.2026 von 10:00 &#8211; 17:00 Uhr<br \/>\n20.03.2026 von 14:00 &#8211; 18:00 Uhr<br \/>\n21.03.2026 von 10:00 &#8211; 17:00 Uhr<\/p>\n<p><strong>Kursleitung: <\/strong>Frau Jutta Heidenreich<br \/>\nJutta Heidenreich studierte Betriebswirtschaftslehre an der Universit\u00e4t Mannheim und ist als Dozentin f\u00fcr das Studium Generale\/Zentrum f\u00fcr Schl\u00fcsselqualifikationen zu den Themen Projektmanagement, Nachhaltigkeit und Konfliktmanagement t\u00e4tig. Weiterhin arbeitet sie seit vielen Jahren als Management- und F\u00fchrungskr\u00e4ftetrainerin und leitet Seminare f\u00fcr die Frankfurt School of Finance &amp; Management.<\/p>\n<p><strong>Kursbeschreibung:<br \/>\n<\/strong>Das Thema Nachhaltigkeit und das zunehmende Erfordernis, unsere eigene Zukunft vor allem nachhaltig zu entwickeln, sind die vordringlichen Herausforderungen f\u00fcr Politik, Wirtschaft und unsere globale Gesellschaft. Vor diesem Hintergrund haben die Vereinten Nationen im Jahre 2015 mit der \u201aAgenda 2030\u2018 eine Charta f\u00fcr die notwendige Transformation der Welt vorgestellt und einen Aktionsplan mit 17 bedeutenden Milleniumzielen verabschiedet. Hierbei stehen sich erstmalig \u00f6konomische, soziale und \u00f6kologische Ziele gleichwertig gegen\u00fcber.<br \/>\nAuf die Erreichung dieser 17 Sustainable Goals (SGDs) baut dieses Seminar auf.<br \/>\nSie werden sich anhand von Projektauftr\u00e4gen mit einigen dieser Ziele auseinander-setzen, deren Durchsetzbarkeit absch\u00e4tzen und den bisherigen Status quo analysieren.<br \/>\nNach individuellem Interesse entscheiden Sie sich f\u00fcr ein Projekt beispielsweise aus den Bereichen \u201anachhaltiger Verkehr\u2018, \u201anachhaltiger Konsum bzw. Produktion\u2018, \u201aErh\u00f6hung des weltweiten Bildungsniveaus\u2018, \u201aBek\u00e4mpfung der Armut\u2018 oder gar ein eigenes Wunschprojekt.<br \/>\nAnhand der Methoden des Projektmanagements und der Stakeholderanalyse erarbeiten Sie in Teams Ihre eigenen L\u00f6sungen und Wege, wie die vielf\u00e4ltigen Aspekte der Nachhaltigkeit in Ihrem Thema verwirklicht werden k\u00f6nnten. Hierbei bringen Sie gerne auch Ihre eigenen Ideen und Erfahrungen mit ein.<br \/>\nIhre Teamergebnisse pr\u00e4sentieren Sie gemeinsam vor dem Plenum, leiten den sich anschlie\u00dfenden Diskurs und stehen allen Teilnehmern im Anschluss als Experte zur Verf\u00fcgung.<br \/>\nNehmen Sie aus diesem Seminar Impulse und Anregungen f\u00fcr Ihren eigenen Beitrag zur Erreichung der Millenniumziele mit.[\/vc_toggle][vc_toggle title=&#8220;ZfS-Seminar: \u201eKonflikte um Trinkwasserversorgung in Zeiten der Klimakrise\u201c &#8211; 27. M\u00e4rz + 28. M\u00e4rz + 25. April 2026&#8243;]<strong>Wann:<br \/>\n<\/strong>27.03.2026 von 14:00 &#8211; 19:00 Uhr<br \/>\n28.03.2026 von 09:00 &#8211; 18:00 Uhr<br \/>\n25.04.2026 von 09:00 &#8211; 15:00 Uhr<\/p>\n<p><strong>Wo:<\/strong> Pr\u00e4senz<\/p>\n<p><strong>Kursleitung: <\/strong>Lina Graf<\/p>\n<p><strong>Kursbeschreibung:<br \/>\n<\/strong>folgt.[\/vc_toggle][vc_toggle title=&#8220;ZfS-Seminar: \u201eDie nachhaltige Ausrichtung eines Unternehmens\u201c &#8211; 24. + 25. + 26. April&#8220;]<strong>Wann: 24. + 25. + 26. April\u00a0<\/strong><\/p>\n<p><strong>Wo:<\/strong> N.N.<\/p>\n<p><strong>Kursleitung: <\/strong>Jan T\u00e4nzler<\/p>\n<p><strong>Kursbeschreibung:<br \/>\n<\/strong>Wirtschaftsethische Erwartungen prim\u00e4r an Unternehmen drehen sich h\u00e4ufig um die Frage, welches Verhalten man als Teil der \u00d6ffentlichkeit von Unternehmen erwarten sollte.<\/p>\n<p>Unternehmen sind sich dieser Erwartung durchaus bewusst und so wird gesellschaftlich verantwortliches Verhalten der Unternehmen gerade im Hinblick auf Nachhaltigkeit heute mehr denn je gelebt. Neben verschiedenen Aktivit\u00e4ten werden auch gute Corporate-Governance-Ma\u00dfnahmen von Unternehmen in den letzten Jahren vermehrt genutzt. Familienunternehmen besch\u00e4ftigen sich diesbez\u00fcglich st\u00e4rker mit Family-Governance-Ma\u00dfnahmen.<\/p>\n<p>Beleuchtet man das Verhalten von Unternehmen von einer ethischen Perspektive, so sind wichtige Fragen,<\/p>\n<ul>\n<li>welche Erwartungen Kunden an das nachhaltige Verhalten von Unternehmen haben,<\/li>\n<li>welches Verhalten Unternehmen diesbez\u00fcglich an den Tag legen k\u00f6nnen und<\/li>\n<li>wie das nachhaltige Engagement der Unternehmen erfolgreich an die Stakeholder kommuniziert werden kann.<\/li>\n<\/ul>\n<p>Diese Fragen sollen die Studierenden in diesem Seminar diskutieren und beantworten.<\/p>\n<p>Die Studierenden werden in Gruppen aufgeteilt und bekommen eine Case Study zugewiesen. Insgesamt gibt es zwei verschiedene Aufgaben, sodass nicht jede Gruppe die gleichen Inhalte bearbeitet.<\/p>\n<p>Die Case Studies beinhalten ein fiktives Unternehmen, welches vor unterschiedlichen Herausforderungen in Bezug auf die Drei S\u00e4ulen der Nachhaltigkeit (\u00d6konomie, \u00d6kologie und Soziales) steht.<\/p>\n<p>Die erarbeiteten Ergebnisse werde im Anschluss vor den Studierenden vorgestellt und diskutiert. Dadurch, dass verschiedene Inhalte bearbeitet werden, k\u00f6nnen die jeweiligen Studierenden die Ergebnisse der anderen Gruppe diskutieren, ohne Vorwissen zu haben.<\/p>\n<p>Nach dem Seminar haben Sie einen guten Eindruck, welche Beitr\u00e4ge ein Unternehmen leisten kann, um nachhaltiger zu agieren. <strong><br \/>\n<\/strong>[\/vc_toggle][vc_toggle title=&#8220;ZfS-Seminar: \u201eWirkungsorientiertes Unternehmertum: Nachhaltige Gesch\u00e4ftsmodelle entwickeln und soziale Kompetenzen st\u00e4rken&#8222; &#8211; 26. April + 8. Mai + 10. Mai 2026&#8243;]<strong>Wann:<br \/>\n<\/strong>26.04.2026 von 10:00 &#8211; 19:00 Uhr<br \/>\n08.05.2026 von 14:00 &#8211; 18:00 Uhr<br \/>\n10.05.2026 von 10:00 &#8211; 19:00 Uhr<\/p>\n<div class=\"wp-block-image\"><img loading=\"lazy\" decoding=\"async\" class=\"wpa-warning wpa-image-missing-alt alignright wp-image-6174\" src=\"https:\/\/www.studiumgenerale.uni-mannheim.de\/wp-content\/uploads\/2025\/06\/Profilbild_Nora-Zybura.jpg\" alt=\"\" width=\"280\" height=\"187\" data-warning=\"Missing alt text\" srcset=\"https:\/\/www.studiumgenerale.uni-mannheim.de\/wp-content\/uploads\/2025\/06\/Profilbild_Nora-Zybura.jpg 2048w, https:\/\/www.studiumgenerale.uni-mannheim.de\/wp-content\/uploads\/2025\/06\/Profilbild_Nora-Zybura-300x200.jpg 300w, https:\/\/www.studiumgenerale.uni-mannheim.de\/wp-content\/uploads\/2025\/06\/Profilbild_Nora-Zybura-768x512.jpg 768w, https:\/\/www.studiumgenerale.uni-mannheim.de\/wp-content\/uploads\/2025\/06\/Profilbild_Nora-Zybura-1536x1025.jpg 1536w, https:\/\/www.studiumgenerale.uni-mannheim.de\/wp-content\/uploads\/2025\/06\/Profilbild_Nora-Zybura-1920x1281.jpg 1920w, https:\/\/www.studiumgenerale.uni-mannheim.de\/wp-content\/uploads\/2025\/06\/Profilbild_Nora-Zybura-330x220.jpg 330w\" sizes=\"auto, (max-width: 280px) 100vw, 280px\" \/><\/div>\n<p><strong>Kursleitung: <\/strong>Frau Dr. Nora Zybura<br \/>\nDr. Nora Zybura promovierte an der Fakult\u00e4t f\u00fcr Betriebswirtschaftslehre der Universit\u00e4t Mannheim zu den Themen Entrepreneurship und Innovation. Sie bringt umfassende Expertise in der Entwicklung und Umsetzung von Ma\u00dfnahmen und Formaten im Bereich Entrepreneurship sowie in anwendungs- und transferorientierten Projekten (u.a. Gr\u00fcndungsunterst\u00fctzung, Impact Entrepreneurship) mit. Ihre praktische Erfahrung umfasst insbesondere die Beratung und Unterst\u00fctzung von Startups bei der Entwicklung und Validierung von Gesch\u00e4ftsmodellen.<\/p>\n<p><strong>Kursbeschreibung:<br \/>\n<\/strong>Wie k\u00f6nnen unternehmerische Ideen so gestaltet werden, dass sie \u00f6kologischen und sozialen Mehrwert schaffen? Das Seminar richtet sich an Teilnehmende, die sich mit dieser Frage praxisnah auseinandersetzen m\u00f6chten. Im Zentrum steht die Entwicklung wirkungsorientierter Gesch\u00e4ftsmodelle, die \u00f6konomische Tragf\u00e4higkeit mit nachhaltigem Impact verbinden.<\/p>\n<p>Auf Basis von Grundlagen zu Nachhaltigkeit und globalen Rahmenwerken wie den Sustainable Development Goals (SDGs) erarbeiten die Teilnehmenden in Teams eigene Gesch\u00e4ftsideen. Unterst\u00fctzt durch kreative Methoden wie Design Thinking, Interviews, Rapid Prototyping und das Sustainable Business Model Canvas entwickeln sie ein Konzept, das am Ende im Pitch-Format pr\u00e4sentiert wird.<\/p>\n<p>Dabei geht es nicht nur um die wirtschaftliche Machbarkeit, sondern auch um die Analyse gesellschaftlicher Herausforderungen, die Bewertung von Wirkungspotenzial und die pers\u00f6nliche Reflexion unternehmerischer Verantwortung. Die Arbeit im Team st\u00e4rkt zudem wichtige soziale Kompetenzen wie Kommunikation, Probleml\u00f6sungsf\u00e4higkeit und Selbstorganisation.<\/p>\n<p><strong>Zentrale Inhalte des Seminars:<\/strong><\/p>\n<ul>\n<li>Einf\u00fchrung in nachhaltiges Unternehmertum und globale Nachhaltigkeitsziele<\/li>\n<li>Entwicklung und Validierung von Ideen mithilfe von Design Thinking und Nutzer:inneninterviews<\/li>\n<li>Strukturierung nachhaltiger Gesch\u00e4ftsmodelle mit dem Sustainable Business Model Canvas<\/li>\n<li>Visualisierung und Testen von L\u00f6sungen durch Rapid Prototyping<\/li>\n<li>Einsch\u00e4tzung von Marktpotenzial, Finanzierung und gesellschaftlicher Wirkung<\/li>\n<li>Pitch-Pr\u00e4sentation mit Peer-Feedback und Diskussion<\/li>\n<\/ul>\n<p>[\/vc_toggle][vc_toggle title=&#8220;ZfS-Seminar: \u201eStorytelling &#038; Greenwashing in Marketing und PR&#8222; &#8211; 8. + 15. + 22. + 29. Mai 2026&#8243;]<strong>Wann:<br \/>\n<\/strong>08.05.2026 von 13:00 &#8211; 18:30 Uhr<br \/>\n15.05.2026 von 13:00 &#8211; 18:30 Uhr<br \/>\n22.05.2026 von 13:00 &#8211; 18:30 Uhr<br \/>\n29.05.2026 von 13:00 &#8211; 18:30 Uhr<\/p>\n<p><strong>Kursleitung:<br \/>\n<\/strong>Ulrike Krauth<\/p>\n<p><strong>Kursbeschreibung:<br \/>\n<\/strong>Ob im Journalismus, im Marketing, den sozialen Medien, der PR oder der Unternehmenskommunikation \u2013 \u00fcberall wird verst\u00e4rkt mit den Prinzipien des Storytelling gearbeitet. Narrativit\u00e4t ist spannend, anziehend und schafft dort Identifikation, wo Sachinformation alleine nicht mehr ausreichend erscheint.<\/p>\n<p>Dieses Seminar m\u00f6chte einen theoretischen und praktischen Einblick geben in die diversen Formen und Einsatzgebiete des Storytelling im Kontext vom Marketing und PR- vom\u00a0 Werbetext bis hin zu audiovisuellen Formaten. Dabei liegt ein besonderer Fokus auf dem Ph\u00e4nomen des Greenwashing: Wie werden Narrative gezielt eingesetzt, um ein umweltfreundliches oder nachhaltiges Image zu erzeugen, das mit der Realit\u00e4t nicht \u00fcbereinstimmt? Die Studierenden lernen, wie Greenwashing funktioniert, welche ethischen Fragen es aufwirft und wie man es erkennen und kritisch reflektieren kann.<\/p>\n<p>Im Seminar werden alle theoretischen und \u00e4sthetischen Grundlagen und Wirkungsweisen des Storytelling behandelt. Erg\u00e4nzend dazu gibt es praktische Schreib- und Reflexions\u00fcbungen, in denen auch eigene Narrative entwickelt und auf ihre Wirkung hinterfragt werden \u2013 stets mit Blick auf authentische Kommunikation versus manipulative Strategien wie Greenwashing.[\/vc_toggle][vc_separator][vc_column_text el_id=&#8220;StOecGoesSG&#8220;]<\/p>\n<h3><strong>Studium Oecologicum goes Studium Generale<\/strong><\/h3>\n<p>Um die Themen, Inhalte und Arbeitsweise des Studium Oecologicum einer breiteren \u00d6ffentlichkeit zug\u00e4nglich zu machen, \u00f6ffnen wir ausgew\u00e4hlte Veranstaltungen ab FSS 2026.<\/p>\n<p>Alle interessierten Studierenden aller Hochschulen der Region sowie weitere Hochschulangeh\u00f6rige und interessierte B\u00fcrgerinnen und B\u00fcrger sind herzlich eingeladen, diese Veranstaltungen <strong>kostenfrei<\/strong> zu besuchen und Einblicke in die interdisziplin\u00e4re Auseinandersetzung mit Nachhaltigkeit, \u00d6kologie und gesellschaftlicher Transformation zu gewinnen.<\/p>\n<p>Mit dieser \u00d6ffnung m\u00f6chten wir die Arbeit des Studium Oecologicum sichtbarer machen und den Austausch zwischen verschiedenen Fachrichtungen weiter st\u00e4rken. Wir freuen uns auf vielf\u00e4ltige Perspektiven und spannende Diskussionen.<\/p>\n<p>Folgende Veranstaltungen k\u00f6nnen nach Anmeldung besucht werden:<\/p>\n<ul>\n<li>Exkursion: \u201eNaturf\u00fchrung an den Rhein\u201c 5. Mai 2026<\/li>\n<li>Exkursion: \u201eSDG Walk\u201c 15. April 2026<\/li>\n<li>Workshop: \u201eLebensmittelverschwendung reduzieren\u201c 16. April 2026<\/li>\n<li>Workshop: \u201eNachhaltige Gesch\u00e4ftsmodelle entwickeln &amp; umsetzen\u201c 29. April + 4. Mai 2026<\/li>\n<\/ul>\n<p>F\u00fcr eine Anmeldung ab dem 26. Februar ben\u00f6tigen wir Name + Zugeh\u00f6rigkeit (bspw. Name der Hochschule, Mitarbeitende der Universit\u00e4t, Externe TN)<\/p>\n<hr \/>\n<p>Mail: <a href=\"mailto:studiumoecologicum@service.uni-mannheim.de\">studiumoecologicum@service.uni-mannheim.de<\/a>[\/vc_column_text][vc_btn title=&#8220;Zur\u00fcck nach oben&#8220; style=&#8220;custom&#8220; custom_background=&#8220;#1e305f&#8220; custom_text=&#8220;#ffffff&#8220; align=&#8220;center&#8220; button_block=&#8220;true&#8220; custom_onclick=&#8220;true&#8220; custom_onclick_code=&#8220;window.location.href=&#8222;#top&#8222;&#8220;][\/vc_column][vc_column width=&#8220;1\/6&#8243;][\/vc_column][\/vc_row][vc_row][vc_column width=&#8220;1\/6&#8243;][\/vc_column][vc_column width=&#8220;2\/3&#8243; offset=&#8220;vc_hidden-lg vc_hidden-md vc_hidden-sm vc_hidden-xs&#8220;][vc_column_text]<a href=\"https:\/\/weiterbildung-unima.kurso.de\/student_portal\/course_enrollments\/new?course=6oq57VUnOqL9HfPcuRE2FTpqb7YhntiGKnC-F9PFg-E\" target=\"_blank\" rel=\"noopener\"><img loading=\"lazy\" decoding=\"async\" class=\"alignleft wp-image-5922\" src=\"https:\/\/www.studiumgenerale.uni-mannheim.de\/wp-content\/uploads\/2025\/04\/Button-ANMELDUNG-300x98.png\" alt=\"Button Anmeldung\" width=\"200\" height=\"65\" srcset=\"https:\/\/www.studiumgenerale.uni-mannheim.de\/wp-content\/uploads\/2025\/04\/Button-ANMELDUNG-300x98.png 300w, https:\/\/www.studiumgenerale.uni-mannheim.de\/wp-content\/uploads\/2025\/04\/Button-ANMELDUNG.png 438w\" sizes=\"auto, (max-width: 200px) 100vw, 200px\" \/><\/a>[\/vc_column_text][vc_column_text]<\/p>\n<h3>StOec -Zwischenablage<\/h3>\n<p>[\/vc_column_text][vc_toggle title=&#8220;ZfS Seminar: \u201eDie nachhaltige Ausrichtung eines Unternehmens\u201c &#8211; 10. Oktober + 11. Oktober + 12. Oktober 2025 (Parallelgruppe A)&#8220;]<strong>Wann:<br \/>\n<\/strong>10.10.2025 von 14:00 &#8211; 18:00 Uhr<br \/>\n11.10.2025 von 09:00 &#8211; 18:00 Uhr<br \/>\n12.10.2025 von 09:00 &#8211; 18:00 Uhr<\/p>\n<p><strong>Wo:<\/strong> Pr\u00e4senz<\/p>\n<p><strong>Kursleitung: <\/strong>Jan T\u00e4nzler<\/p>\n<p><strong>Kursbeschreibung:<br \/>\n<\/strong>Wirtschaftsethische Erwartungen prim\u00e4r an Unternehmen drehen sich h\u00e4ufig um die Frage, welches Verhalten man als Teil der \u00d6ffentlichkeit von Unternehmen erwarten sollte.<\/p>\n<p>Unternehmen sind sich dieser Erwartung durchaus bewusst und so wird gesellschaftlich verantwortliches Verhalten der Unternehmen gerade im Hinblick auf Nachhaltigkeit heute mehr denn je gelebt. Neben verschiedenen Aktivit\u00e4ten werden auch gute Corporate-Governance-Ma\u00dfnahmen von Unternehmen in den letzten Jahren vermehrt genutzt. Familienunternehmen besch\u00e4ftigen sich diesbez\u00fcglich st\u00e4rker mit Family-Governance-Ma\u00dfnahmen.<\/p>\n<p>Beleuchtet man das Verhalten von Unternehmen von einer ethischen Perspektive, so sind wichtige Fragen,<\/p>\n<ul>\n<li>welche Erwartungen Kunden an das nachhaltige Verhalten von Unternehmen haben,<\/li>\n<li>welches Verhalten Unternehmen diesbez\u00fcglich an den Tag legen k\u00f6nnen und<\/li>\n<li>wie das nachhaltige Engagement der Unternehmen erfolgreich an die Stakeholder kommuniziert werden kann.<\/li>\n<\/ul>\n<p>Diese Fragen sollen die Studierenden in diesem Seminar diskutieren und beantworten.<\/p>\n<p>Die Studierenden werden in Gruppen aufgeteilt und bekommen eine Case Study zugewiesen. Insgesamt gibt es zwei verschiedene Aufgaben, sodass nicht jede Gruppe die gleichen Inhalte bearbeitet.<\/p>\n<p>Die Case Studies beinhalten ein fiktives Unternehmen, welches vor unterschiedlichen Herausforderungen in Bezug auf die Drei S\u00e4ulen der Nachhaltigkeit (\u00d6konomie, \u00d6kologie und Soziales) steht.<\/p>\n<p>Die erarbeiteten Ergebnisse werde im Anschluss vor den Studierenden vorgestellt und diskutiert. Dadurch, dass verschiedene Inhalte bearbeitet werden, k\u00f6nnen die jeweiligen Studierenden die Ergebnisse der anderen Gruppe diskutieren, ohne Vorwissen zu haben.<\/p>\n<p>Nach dem Seminar haben Sie einen guten Eindruck, welche Beitr\u00e4ge ein Unternehmen leisten kann, um nachhaltiger zu agieren. <strong><br \/>\n<\/strong>[\/vc_toggle][vc_toggle title=&#8220;ZfS Seminar: \u201eDie nachhaltige Ausrichtung eines Unternehmens\u201c &#8211; 24. Oktober + 25. Oktober + 26. Oktober 2025 (Parallelgruppe B)&#8220;]<strong>Wann:<br \/>\n<\/strong>24.10.2025 von 14:00 &#8211; 18:00 Uhr<br \/>\n25.10.2025 von 09:00 &#8211; 18:00 Uhr<br \/>\n26.10.2025 von 09:00 &#8211; 18:00 Uhr<\/p>\n<p><strong>Wo:<\/strong> Online (Zugang \u00fcber das Portal\u00b2)<\/p>\n<p><strong>Kursleitung: <\/strong>Jan T\u00e4nzler<\/p>\n<p><strong>Kursbeschreibung:<br \/>\n<\/strong>Wirtschaftsethische Erwartungen prim\u00e4r an Unternehmen drehen sich h\u00e4ufig um die Frage, welches Verhalten man als Teil der \u00d6ffentlichkeit von Unternehmen erwarten sollte.<\/p>\n<p>Unternehmen sind sich dieser Erwartung durchaus bewusst und so wird gesellschaftlich verantwortliches Verhalten der Unternehmen gerade im Hinblick auf Nachhaltigkeit heute mehr denn je gelebt. Neben verschiedenen Aktivit\u00e4ten werden auch gute Corporate-Governance-Ma\u00dfnahmen von Unternehmen in den letzten Jahren vermehrt genutzt. Familienunternehmen besch\u00e4ftigen sich diesbez\u00fcglich st\u00e4rker mit Family-Governance-Ma\u00dfnahmen.<\/p>\n<p>Beleuchtet man das Verhalten von Unternehmen von einer ethischen Perspektive, so sind wichtige Fragen,<\/p>\n<ul>\n<li>welche Erwartungen Kunden an das nachhaltige Verhalten von Unternehmen haben,<\/li>\n<li>welches Verhalten Unternehmen diesbez\u00fcglich an den Tag legen k\u00f6nnen und<\/li>\n<li>wie das nachhaltige Engagement der Unternehmen erfolgreich an die Stakeholder kommuniziert werden kann.<\/li>\n<\/ul>\n<p>Diese Fragen sollen die Studierenden in diesem Seminar diskutieren und beantworten.<\/p>\n<p>Die Studierenden werden in Gruppen aufgeteilt und bekommen eine Case Study zugewiesen. Insgesamt gibt es zwei verschiedene Aufgaben, sodass nicht jede Gruppe die gleichen Inhalte bearbeitet.<\/p>\n<p>Die Case Studies beinhalten ein fiktives Unternehmen, welches vor unterschiedlichen Herausforderungen in Bezug auf die Drei S\u00e4ulen der Nachhaltigkeit (\u00d6konomie, \u00d6kologie und Soziales) steht.<\/p>\n<p>Die erarbeiteten Ergebnisse werde im Anschluss vor den Studierenden vorgestellt und diskutiert. Dadurch, dass verschiedene Inhalte bearbeitet werden, k\u00f6nnen die jeweiligen Studierenden die Ergebnisse der anderen Gruppe diskutieren, ohne Vorwissen zu haben.<\/p>\n<p>Nach dem Seminar haben Sie einen guten Eindruck, welche Beitr\u00e4ge ein Unternehmen leisten kann, um nachhaltiger zu agieren. <strong><br \/>\n<\/strong>[\/vc_toggle][vc_toggle title=&#8220;Exkursion: Institut f\u00fcr Sport: \u201eNachhaltigkeit im und durch den Hochschulsport&#8222; (23.10.)&#8220;]<strong>Wann:<\/strong><br \/>\n<img loading=\"lazy\" decoding=\"async\" class=\"size-medium wp-image-4465 alignright\" src=\"https:\/\/www.studiumgenerale.uni-mannheim.de\/wp-content\/uploads\/2023\/06\/2022-07-07-IFS-Office_Viola-300x185.jpg\" alt=\"\" width=\"300\" height=\"185\" srcset=\"https:\/\/www.studiumgenerale.uni-mannheim.de\/wp-content\/uploads\/2023\/06\/2022-07-07-IFS-Office_Viola-300x185.jpg 300w, https:\/\/www.studiumgenerale.uni-mannheim.de\/wp-content\/uploads\/2023\/06\/2022-07-07-IFS-Office_Viola-2048x1266.jpg 2048w, https:\/\/www.studiumgenerale.uni-mannheim.de\/wp-content\/uploads\/2023\/06\/2022-07-07-IFS-Office_Viola-768x475.jpg 768w, https:\/\/www.studiumgenerale.uni-mannheim.de\/wp-content\/uploads\/2023\/06\/2022-07-07-IFS-Office_Viola-1536x950.jpg 1536w, https:\/\/www.studiumgenerale.uni-mannheim.de\/wp-content\/uploads\/2023\/06\/2022-07-07-IFS-Office_Viola-1920x1187.jpg 1920w\" sizes=\"auto, (max-width: 300px) 100vw, 300px\" \/>23.10.2024 von 12:30 &#8211; 14:30 Uhr<\/p>\n<p><strong>TREFFPUNKT: Institut f\u00fcr Sport, L10, 11-12, Raum 410<br \/>\n<\/strong><\/p>\n<p><strong>Kursleitung:<\/strong> Viola M\u00fcnch<br \/>\nViola M\u00fcnch studierte Sportmanagement und -soziologie\u00a0an der IBA Heidelberg und an der\u00a0Universit\u00e4t Bielefeld und ist\u00a0am Institut f\u00fcr Sport der Uni Mannheim\u00a0f\u00fcr die Themen der\u00a0sozialen und \u00f6kologischen Nachhaltigkeit\u00a0verantwortlich.<\/p>\n<p><strong>Kursbeschreibung:<\/strong><\/p>\n<p>Der Sport nimmt einen hohen Stellenwert innerhalb unserer Gesellschaft\u00a0ein und muss sich daher\u00a0die Frage stellen, wie\u00a0Nachhaltigkeitsthemen in Sportinstitutionen verankert werden k\u00f6nnen.<\/p>\n<p>Zum einen m\u00fcssen die selbst verursachten negativen Auswirkungen (wie CO2-Emissionen, Ressourcenverbrauch oder soziale Ungleichheit) reduziert werden:\u00a0Wie k\u00f6nnen Sportveranstaltungen und -kurse nachhaltig geplant und durchgef\u00fchrt werden?\u00a0Und auf der anderen Seite: Wie kann der Sport seine gesellschaftspolitische Verantwortung wahrnehmen und positiv\u00a0dazu beitragen, unsere sozialen und\u00a0planetaren Grenzen\u00a0zu sch\u00fctzen?<\/p>\n<p>Im Rahmen der Exkursion gehen wir darauf ein, wie Nachhaltigkeit im Hochschulsport aber auch durch den Hochschulsport gelingen kann und welche Besonderheiten der Sport sowie\u00a0eine\u00a0Landeseinrichtung\u00a0mit sich bringen. Wir schauen uns die Handlungs- und Nachhaltigkeitsfelder im Hochschulsport an und entwickeln Ideen f\u00fcr Ma\u00dfnahmen sozialer und \u00f6kologischer Dimension.[\/vc_toggle][vc_toggle title=&#8220;Festvortrag: &#8222;Promise Motivation: Klima-Filme, die Mut machen&#8222; (22.05.)&#8220;]<strong>Wann:\u00a0<\/strong> 22.05.2024, ab 17:15\u00a0 Uhr<\/p>\n<p><strong>Wo: Schloss, O 138 (Fuchs-Festsaal)<br \/>\n<\/strong><\/p>\n<p><strong>Kursleitung: <\/strong>Sabine von Mering<strong><img loading=\"lazy\" decoding=\"async\" class=\"alignright wp-image-4042\" src=\"https:\/\/www.studiumgenerale.uni-mannheim.de\/wp-content\/uploads\/2022\/11\/DOzentin-212x300.jpg\" alt=\"\" width=\"180\" height=\"254\" srcset=\"https:\/\/www.studiumgenerale.uni-mannheim.de\/wp-content\/uploads\/2022\/11\/DOzentin-212x300.jpg 212w, https:\/\/www.studiumgenerale.uni-mannheim.de\/wp-content\/uploads\/2022\/11\/DOzentin.jpg 649w\" sizes=\"auto, (max-width: 180px) 100vw, 180px\" \/><br \/>\n<\/strong>Sabine von Mering, Ph.D., ist Direktorin des Zentrums f\u00fcr Deutschland- und Europastudien, Professorin f\u00fcr Deutsch, Frauen- und Geschlechterstudien und ein Kernmitglied des Umweltstudienprogramms an der <em>Brandeis University<\/em> in Waltham, MA, USA.<br \/>\nIhre englische \u00dcbersetzung von Luisa Neubauers und Alexander Repennings 2019 erschienenem Buch <em>Vom Ende der Klimakrise. Eine Geschichte unserer Zukunft; Beginning the End of the Climate Crisis.<\/em>\u00a0 (Brandeis University Press) wurde 2023 ver\u00f6ffentlicht.<br \/>\nSie ist Klimaaktivistin bei <em>350 Mass<\/em> und <em>NoCoalNoGas<\/em> und 2023 Public Voices Fellow zum Thema Klimakrise bei <em>The OpEd Project<\/em>, in Partnerschaft mit dem Yale Program on <em>Climate Change Communication<\/em>.<br \/>\nW\u00e4hrend sie an der Mitherausgabe des <em>Routledge Handbook on Grassroots Climate Activism<\/em> arbeitet, wird sie ein spezielles Blockseminar leiten: <strong><em>Den gerechten \u00dcbergang gestalten: Ways to incorporate ecofeminism and climate justice activism into your career<\/em><\/strong> als Teil ihrer Gastprofessur an der Universit\u00e4t Mannheim im Jahr 2024.<\/p>\n<p><strong>Kursbeschreibung:<br \/>\n<\/strong>Filme zum Klimawandel haben oft apokalyptischen Charakter, egal, ob sie die Fakten pr\u00e4sentieren oder fiktionale Dystopien. Meist sieht es f\u00fcr die Menschen d\u00fcster aus, was nicht unbedingt zum Aktiv werden einl\u00e4dt. In diesem Vortrag wird Professor Sabine von Mering \u00fcber Filme sprechen, die einen anderen Ansatz verfolgen. Mit ihrer Analyse der Dokumentarfilme <em>Demain<\/em> (France, 2015),\u00a0 <em>Climate Warriors<\/em> (Germany, 2017), <em>2040<\/em> (Australia, 2020), und <em>Bidder 70<\/em> (USA, 2012) sowie des Spielfilms <em>How to Blow Up a Pipeline<\/em> (2023) erl\u00e4utert sie das Konzept der \u201cpromise motivation\u201d, also eine Form der Visualisierung und des Geschichtenerz\u00e4hlens, das sich auf das Machbare konzentriert, um die Zuschauenden zum Handeln einzuladen. Dabei stellt sich heraus, dass es f\u00fcr diese Form der Motivation eine Vielzahl von M\u00f6glichkeiten gibt.<\/p>\n<p><strong>Mit anschlie\u00dfender \u00dcbergabe der Zertifikate Nachhaltigkeit: Studium Oecologicum<\/strong>[\/vc_toggle][vc_toggle title=&#8220;Tagesworkshop :&#8222;The World\u2019s Future&#8222; &#8211; 28. November 2025&#8243;]<strong>Die Zukunft der Welt in deinen H\u00e4nden!<\/strong><\/p>\n<p><strong>Wann: 28<\/strong>.11.2025 von 13:00 &#8211; 18:00 Uhr<\/p>\n<p><strong>Wo: EO159<\/strong><img loading=\"lazy\" decoding=\"async\" class=\"alignright wp-image-4681\" src=\"https:\/\/www.studiumgenerale.uni-mannheim.de\/wp-content\/uploads\/2023\/08\/Portraet_RonjaBaginski_FotografinKatrinGlueckler-300x200.jpg\" alt=\"\" width=\"250\" height=\"167\" srcset=\"https:\/\/www.studiumgenerale.uni-mannheim.de\/wp-content\/uploads\/2023\/08\/Portraet_RonjaBaginski_FotografinKatrinGlueckler-300x200.jpg 300w, https:\/\/www.studiumgenerale.uni-mannheim.de\/wp-content\/uploads\/2023\/08\/Portraet_RonjaBaginski_FotografinKatrinGlueckler-768x512.jpg 768w, https:\/\/www.studiumgenerale.uni-mannheim.de\/wp-content\/uploads\/2023\/08\/Portraet_RonjaBaginski_FotografinKatrinGlueckler-1536x1024.jpg 1536w, https:\/\/www.studiumgenerale.uni-mannheim.de\/wp-content\/uploads\/2023\/08\/Portraet_RonjaBaginski_FotografinKatrinGlueckler-1920x1280.jpg 1920w, https:\/\/www.studiumgenerale.uni-mannheim.de\/wp-content\/uploads\/2023\/08\/Portraet_RonjaBaginski_FotografinKatrinGlueckler-330x220.jpg 330w, https:\/\/www.studiumgenerale.uni-mannheim.de\/wp-content\/uploads\/2023\/08\/Portraet_RonjaBaginski_FotografinKatrinGlueckler.jpg 2048w\" sizes=\"auto, (max-width: 250px) 100vw, 250px\" \/><\/p>\n<p><strong>Kursleitung:\u00a0<\/strong>Laura Oberle &amp; Ronja Baginski<\/p>\n<p><strong>Ronja Baginski, M.Sc.<\/strong><br \/>\nWissenschaftliche Mitarbeiterin am Lehrstuhl f\u00fcr Wirtschaftsp\u00e4dagogik (Prof. Dr. Carmela Aprea) an der Universit\u00e4t Mannheim und am Mannheim Institute for Financial Education (MIFE). Ihre Forschungsschwerpunkte umfassen die \u00f6konomische und finanzielle Allgemeinbildung, Nachhaltigkeitsbildung und Game-basiertes Lernen.<\/p>\n<p><img loading=\"lazy\" decoding=\"async\" class=\"alignright wp-image-4680\" src=\"https:\/\/www.studiumgenerale.uni-mannheim.de\/wp-content\/uploads\/2023\/08\/Portraet_LauraOberle_20210719-scaled.jpg\" alt=\"\" width=\"250\" height=\"167\" srcset=\"https:\/\/www.studiumgenerale.uni-mannheim.de\/wp-content\/uploads\/2023\/08\/Portraet_LauraOberle_20210719-scaled.jpg 2560w, https:\/\/www.studiumgenerale.uni-mannheim.de\/wp-content\/uploads\/2023\/08\/Portraet_LauraOberle_20210719-300x200.jpg 300w, https:\/\/www.studiumgenerale.uni-mannheim.de\/wp-content\/uploads\/2023\/08\/Portraet_LauraOberle_20210719-2048x1365.jpg 2048w, https:\/\/www.studiumgenerale.uni-mannheim.de\/wp-content\/uploads\/2023\/08\/Portraet_LauraOberle_20210719-768x512.jpg 768w, https:\/\/www.studiumgenerale.uni-mannheim.de\/wp-content\/uploads\/2023\/08\/Portraet_LauraOberle_20210719-1536x1024.jpg 1536w, https:\/\/www.studiumgenerale.uni-mannheim.de\/wp-content\/uploads\/2023\/08\/Portraet_LauraOberle_20210719-1920x1280.jpg 1920w, https:\/\/www.studiumgenerale.uni-mannheim.de\/wp-content\/uploads\/2023\/08\/Portraet_LauraOberle_20210719-330x220.jpg 330w\" sizes=\"auto, (max-width: 250px) 100vw, 250px\" \/><\/p>\n<p><strong>Dr. Laura Oberle<br \/>\n<\/strong>Beraterin f\u00fcr Strategie &amp; Transformation bei PwC Switzerland mit einem Fokus auf Business Process Management. Vormals Promovierende am Lehrstuhl f\u00fcr Service Operations Management (Prof. Dr. Cornelia Sch\u00f6n) an der Universit\u00e4t Mannheim.<\/p>\n<p><strong>Kursbeschreibung:<br \/>\n<\/strong>Vor dem Hintergrund der Formulierung der Nachhaltigkeitsziele (SDGs) der Vereinten Nationen wurde das Spiel \u201eThe World&#8217;s Future\u201c entwickelt. In diesem Simulationsspiel schl\u00fcpfst du in die Ministerrolle eines Landes, um die \u00f6konomischen, sozialen und \u00f6kologischen Bed\u00fcrfnisse deiner Bev\u00f6lkerung im Team zu adressieren. Dabei werden mehrere Runden gespielt, in denen du u.a. die Auswirkungen der im Spiel get\u00e4tigten Entscheidungen sehen wirst. Somit wird durch das Spiel nicht nur deine Aufmerksamkeit auf die verschiedenen SDGs und deren Zusammenh\u00e4nge gelenkt, sondern auch deine Team- und Kommunikationsf\u00e4higkeit sowie dein Verhandlungsgeschick trainiert. Sei also dabei, wenn wir am 28. November 2025 die Zukunft der Welt in unseren H\u00e4nden halten![\/vc_toggle][vc_toggle title=&#8220;Tagesworkshop: \u201eDer Ozean und wir: Einblicke in die Meeresforschung und den Meeresschutz\u201c &#8211; 14. November 2025&#8243;]<\/p>\n<div class=\"wp-block-image\"><img loading=\"lazy\" decoding=\"async\" class=\"wpa-warning wpa-image-missing-alt alignright wp-image-6072\" src=\"https:\/\/www.studiumgenerale.uni-mannheim.de\/wp-content\/uploads\/2025\/06\/Foto_Beatrice-Greiner-scaled.jpg\" alt=\"Beatrice Greiner\" width=\"200\" height=\"267\" data-warning=\"Missing alt text\" srcset=\"https:\/\/www.studiumgenerale.uni-mannheim.de\/wp-content\/uploads\/2025\/06\/Foto_Beatrice-Greiner-scaled.jpg 1920w, https:\/\/www.studiumgenerale.uni-mannheim.de\/wp-content\/uploads\/2025\/06\/Foto_Beatrice-Greiner-225x300.jpg 225w, https:\/\/www.studiumgenerale.uni-mannheim.de\/wp-content\/uploads\/2025\/06\/Foto_Beatrice-Greiner-1536x2048.jpg 1536w, https:\/\/www.studiumgenerale.uni-mannheim.de\/wp-content\/uploads\/2025\/06\/Foto_Beatrice-Greiner-768x1024.jpg 768w, https:\/\/www.studiumgenerale.uni-mannheim.de\/wp-content\/uploads\/2025\/06\/Foto_Beatrice-Greiner-1152x1536.jpg 1152w\" sizes=\"auto, (max-width: 200px) 100vw, 200px\" \/><\/div>\n<p><strong>Wann:<\/strong> 14.11.2025 von 13:00 &#8211; 16:30 Uhr<\/p>\n<p><strong>Wo:<\/strong> ExpLAB, Universit\u00e4t Mannheim<\/p>\n<p><strong>Kursleitung: <\/strong>Beatrice Greiner<br \/>\nBeatrice Greiner ist Ozeanografin und Bio\u00f6konomin und arbeitet als Klimaschutzkoordinatorin bei der Energieagentur im Landkreis G\u00f6ppingen, wo sie den kommunalen Klimaschutz vorantreibt. Zuvor war sie \u00fcber ein Jahr als Meeresbiologin auf den Malediven t\u00e4tig, insbesondere in der Korallenriffrestaurierung. Dort erlebte sie auch ihre erste Korallenbleiche hautnah mit.<\/p>\n<p><strong>Kursbeschreibung:<br \/>\n<\/strong>Der Workshop bietet einen Einblick in die aktuelle Situation der Ozeane mit besonderem Fokus auf Korallenriffe. Thematisiert werden der Zustand und die Restaurierung von Korallenriffen sowie ihre Rolle im marinen \u00d6kosystem. Ziel ist es, ein vertieftes Bewusstsein f\u00fcr die Bedeutung und Gef\u00e4hrdung mariner Lebensr\u00e4ume zu schaffen und die Auswirkungen menschlichen Handelns auf die Ozeane zu reflektieren.[\/vc_toggle][vc_toggle title=&#8220;Exkursion: Klimakabinett &#8211; Klima Arena Sinsheim (06.11.)&#8220;]<span style=\"font-family: 'Calibri',sans-serif; color: black;\"><img loading=\"lazy\" decoding=\"async\" class=\"size-medium wp-image-4934 alignright\" src=\"https:\/\/www.studiumgenerale.uni-mannheim.de\/wp-content\/uploads\/2023\/11\/Klima_Arena_Logo_mitClaim_RZ_RGB_gross_72dpi-300x159.jpg\" alt=\"\" width=\"300\" height=\"159\" srcset=\"https:\/\/www.studiumgenerale.uni-mannheim.de\/wp-content\/uploads\/2023\/11\/Klima_Arena_Logo_mitClaim_RZ_RGB_gross_72dpi-300x159.jpg 300w, https:\/\/www.studiumgenerale.uni-mannheim.de\/wp-content\/uploads\/2023\/11\/Klima_Arena_Logo_mitClaim_RZ_RGB_gross_72dpi.jpg 709w\" sizes=\"auto, (max-width: 300px) 100vw, 300px\" \/><\/span><strong>Wann: <\/strong>06.11.2024 von 14:00 &#8211; 17:00 Uhr<\/p>\n<p>Deutschland hat sich das Ziel gesteckt, bis 2045 ein klimaneutrales Land zu werden. Doch was k\u00f6nnen und m\u00fcssen wir daf\u00fcr tun? Vor welchen H\u00fcrden stehen wir und wie k\u00f6nnen wir diese nehmen? Das Klimakabinett wurde extra daf\u00fcr gegr\u00fcndet, sich mit genau diesen Fragen zu befassen. In unserem Planspiel schl\u00fcpfen wir selbst in die Rollen der Ministerinnen und Minister und erleben den politischen Prozess des Kabinetts hautnah. Wir setzen uns mit den verschiedenen M\u00f6glichkeiten und Schwierigkeiten der nationalen Klimapolitik auseinander und versuchen f\u00fcr Deutschland das bestm\u00f6gliche Klima(schutz)-Paket zu beschlie\u00dfen.<\/p>\n<p><a href=\"https:\/\/klima-arena.de\">https:\/\/klima-arena.de<\/a>[\/vc_toggle][vc_toggle title=&#8220;Exkursion: Erlebnistour Bad D\u00fcrkheim zur Biodiversit\u00e4t &#8211; 8. Oktober 2025&#8243;]<strong>Wann: <\/strong>08.10.2025 von 15:00 &#8211; 17:00 Uhr<\/p>\n<p><strong>Treffpunkt:<\/strong><br \/>\nEndhaltestelle der Linie 4, Bad D\u00fcrkheim Bahnhof<\/p>\n<p><strong>Kursleitung:<br \/>\n<\/strong>Roland Matern, Dipl. Ing. (FH)<br \/>\nLandschaftsplanung<strong><br \/>\n<\/strong><strong><br \/>\n<\/strong><\/p>\n<p><strong>Kursbeschreibung:<br \/>\n<\/strong><\/p>\n<p>Die Agenda 2030 der Vereinten Nationen mit ihren 17 Zielen f\u00fcr nachhaltige Entwicklung (Sustainable Development Goals, SDGs) bildet den Rahmen zur Verwirklichung einer zukunftsf\u00e4higen Gesellschaft. Um die von der Weltgemeinschaft f\u00fcr alle L\u00e4nder gesteckten Ziele bekannter zu machen, wurden von den beiden Au\u00dfenstellen von Engagement Global in Mainz und Stuttgart, in Kooperation mit dem Verband Region Rhein-Neckar (VRRN) die sieben \u201e17-Ziele-Touren f\u00fcr Nachhaltigkeit\u201c entwickelt. Die mit zahlreichen Partner*innen in den Landkreisen der Metropolregion Rhein-Neckar konzipierten \u201eErlebnistouren\u201c finden zu Fu\u00df, per Fahrrad und auf dem Wasser statt. Speziell daf\u00fcr ausgebildete Tourguides zeigen die globalen Zusammenh\u00e4nge vor Ort und geben Anregungen, wie die 17 Ziele erreicht werden k\u00f6nnen.<\/p>\n<p>Die 17-Ziele-Touren f\u00fcr Nachhaltigkeit sind ein Angebot von Engagement Global im Rahmen des Programms Entwicklungsbezogene Bildung in Deutschland (EBD), in Kooperation mit dem Verband Region Rhein-Neckar. Das Programm zielt darauf ab, Menschen zu einer kritischen Auseinandersetzung mit globalen Entwicklungen zu motivieren und zu eigenem Engagement f\u00fcr eine nachhaltige Entwicklung zu ermutigen.<\/p>\n<p>Im Mittelpunkt der zweist\u00fcndigen \u2013 barrierefreien \u2013 Tour stehen die vielf\u00e4ltige Flora und Fauna des Bad D\u00fcrkheimer Kurparks und die weltweite Biodiversit\u00e4t.<br \/>\nEs werden Chancen und Herausforderungen und anschauliche Leuchtturmprojekte zum Schutz der Artenvielfalt vorgestellt \u2013 hier und im Globalen S\u00fcden. Dazu geh\u00f6ren unter anderem das Papillon-Projekt und die Renaturierung der Isenach sowie der Schutz der Orang Utans auf Borneo.<\/p>\n<p>Zentrale Fragen werden auf der Erlebnistour durch den Kurpark er\u00f6rtert: Welche Auswirkungen haben Ver\u00e4nderungen der Artenvielfalt auf unser Leben? Was k\u00f6nnen wir tun, um bedrohte Arten zu sch\u00fctzen und das weltweite Artensterben zu bremsen?<\/p>\n<p><strong>\u00a0<\/strong>[\/vc_toggle][vc_toggle title=&#8220;ZfS Seminar: \u201eNachhaltigkeit kommunizieren &#8211; ohne Greenwashing &#8211; Einf\u00fchrung in die Nachhaltigkeitskommunikation\u201c (11. + 18. + 25.10. oder 15. + 22. + 29.11.)&#8220;]<strong>Wann:<br \/>\n<\/strong>11.10.2024 von 13:15 &#8211; 19:15 Uhr +<br \/>\n18.10.2024 von 13:15 &#8211; 19:15 Uhr +<br \/>\n25.10.2024 von 13:15 &#8211; 19:15 Uhr<\/p>\n<p><em>oder:<\/em><\/p>\n<p>15.11.2024 von 13:15 &#8211; 19:15 Uhr +<br \/>\n22.11.2024 von 13:15 &#8211; 19:15 Uhr +<br \/>\n29.11.2024 von 13:15 &#8211; 19:15 Uhr<\/p>\n<p><strong>Kursleitung: <\/strong>Vera Klopprogge<img loading=\"lazy\" decoding=\"async\" class=\"alignright wp-image-4461\" src=\"https:\/\/www.studiumgenerale.uni-mannheim.de\/wp-content\/uploads\/2023\/06\/Vera-Klopprogge_Fotograf-Matthias-Heidrich-300x200.jpg\" alt=\"\" width=\"250\" height=\"167\" srcset=\"https:\/\/www.studiumgenerale.uni-mannheim.de\/wp-content\/uploads\/2023\/06\/Vera-Klopprogge_Fotograf-Matthias-Heidrich-300x200.jpg 300w, https:\/\/www.studiumgenerale.uni-mannheim.de\/wp-content\/uploads\/2023\/06\/Vera-Klopprogge_Fotograf-Matthias-Heidrich-2048x1365.jpg 2048w, https:\/\/www.studiumgenerale.uni-mannheim.de\/wp-content\/uploads\/2023\/06\/Vera-Klopprogge_Fotograf-Matthias-Heidrich-768x512.jpg 768w, https:\/\/www.studiumgenerale.uni-mannheim.de\/wp-content\/uploads\/2023\/06\/Vera-Klopprogge_Fotograf-Matthias-Heidrich-1536x1024.jpg 1536w, https:\/\/www.studiumgenerale.uni-mannheim.de\/wp-content\/uploads\/2023\/06\/Vera-Klopprogge_Fotograf-Matthias-Heidrich-1920x1280.jpg 1920w, https:\/\/www.studiumgenerale.uni-mannheim.de\/wp-content\/uploads\/2023\/06\/Vera-Klopprogge_Fotograf-Matthias-Heidrich-330x220.jpg 330w\" sizes=\"auto, (max-width: 250px) 100vw, 250px\" \/><br \/>\nVera Klopprogge hat \u00fcber 15 Jahre Berufserfahrung in PR und Marketing, unter anderem als Leiterin Corporate Communications bei Forschungseinrichtungen und Universit\u00e4ten und als Leiterin Marketing bei der Geb\u00e4udetechniksparte von Siemens. Seit 2012 gibt die Alumna der Universit\u00e4t Mannheim ihr Know-how in Workshops und Vortr\u00e4gen weiter. Mitte 2023 hat sie ihre Leidenschaft \u2013 ihr Wissen aus der Praxis weiterzugeben \u2013 zu ihrem Vollzeitjob gemacht und ist mit <em>Vera Klopprogge Kommu<\/em><em>nikation &amp; Training<\/em> selbst\u00e4ndig.<\/p>\n<p><strong>Kursbeschreibung:<br \/>\n<\/strong>\u201eNachhaltigkeit\u201c ist das Schlagwort unserer Zeit: Unternehmen wollen es in ihrer Strategie und im Handeln verankern &#8211; aus eigenem Antrieb, aber auch, um wettbewerbsf\u00e4hig zu bleiben. Mit einer guten Kommunikation gilt es, das richtig und effektiv nach au\u00dfen zu kommunizieren.<\/p>\n<p>Rund um das Thema Nachhaltigkeit kursieren dabei viele verschiedene Begriffe, Abk\u00fcrzungen und Trends, die schnell verwirren k\u00f6nnen. Im Seminar gehen wir das strukturiert an und schauen uns an, was beispielsweise die Sustainable Development Goals sind, wie Corporate Social Responsibility gelebt werden kann und warum sich Unternehmen mit so genannten ESG-Kriterien (Environment, Social, Governance) besch\u00e4ftigen.<\/p>\n<p>Wir erarbeiten uns anschlie\u00dfend die Grundlagen der Presse- und \u00d6ffentlichkeitsarbeit in Bezug auf das Thema Nachhaltigkeit. Dabei betrachten wir unter anderem Reportingpflichten und verschiedene Instrumente, wie Pressemitteilungen und den Nachhaltigkeitsbericht. Dabei analysieren wir, was es zu beachten gibt (Achtung vor Greenwashing) und wie wir uns damit von Wettbewerbern unterscheiden k\u00f6nnen. Praktische Schreib\u00fcbungen in Einzel- und Gruppenarbeit runden das Seminar ab.[\/vc_toggle][vc_toggle title=&#8220;Vortrag: &#8222;EU Umwelt- und Klimapolitik&#8222; (14.03.)&#8220;]<strong>Wann: <\/strong>14 .03.2024, von 17:15 &#8211; 19:15 Uhr<\/p>\n<p><strong>Wo: Schloss, O 148 (MVV H\u00f6rsaal)<br \/>\n<\/strong><\/p>\n<p><strong>Kursleitung: <\/strong>Clara Solzbacher<img loading=\"lazy\" decoding=\"async\" class=\"alignright wp-image-5102\" src=\"https:\/\/www.studiumgenerale.uni-mannheim.de\/wp-content\/uploads\/2024\/01\/Solzbacher-Clara-300x300.jpg\" alt=\"\" width=\"175\" height=\"175\" srcset=\"https:\/\/www.studiumgenerale.uni-mannheim.de\/wp-content\/uploads\/2024\/01\/Solzbacher-Clara-300x300.jpg 300w, https:\/\/www.studiumgenerale.uni-mannheim.de\/wp-content\/uploads\/2024\/01\/Solzbacher-Clara-150x150.jpg 150w, https:\/\/www.studiumgenerale.uni-mannheim.de\/wp-content\/uploads\/2024\/01\/Solzbacher-Clara-768x768.jpg 768w, https:\/\/www.studiumgenerale.uni-mannheim.de\/wp-content\/uploads\/2024\/01\/Solzbacher-Clara-700x700.jpg 700w, https:\/\/www.studiumgenerale.uni-mannheim.de\/wp-content\/uploads\/2024\/01\/Solzbacher-Clara.jpg 1200w\" sizes=\"auto, (max-width: 175px) 100vw, 175px\" \/><br \/>\nClara Solzbacher ist seit 5 Jahren f\u00fcr die Europ\u00e4ischen Kommission t\u00e4tig und arbeitet vor allem zu den Themen Nachhaltigkeit, Klima- und Umweltpolitik der EU sowie zu gr\u00fcner und nachhaltiger Finanzierung. Vor Ihrer T\u00e4tigkeit f\u00fcr die EU Kommission arbeitete sie f\u00fcr den WWF Paris im Bereich gr\u00fcne Finanzen. Sie ist Absolventin der franz\u00f6sischen Verwaltungshochschule ENA, der franz\u00f6sischen Business School HEC Paris (Master Management and Public Affairs) sowie der Freien Universit\u00e4t Berlin (Master Politikwissenschaften)). Ihren Bachelor absolvierte sie an der Universit\u00e4t Mannheim (Kultur und Wirtschaft: Geschichte).<\/p>\n<p><strong>Kursbeschreibung:<\/strong><br \/>\nEU Ma\u00dfnahmen im Bereich Klima und Nachhaltigkeit mit Schwerpunkt auf nachhaltiger Finanzierung<\/p>\n<p>Die EU ergreift vielf\u00e4ltige Ma\u00dfnahmen zum Thema Umwelt- und Klimaschutz, zum Beispiel in Form von Rechtsvorschriften, Strategien und Programmen. Wie jedoch finanziert sie diese Vorhaben? Der Vortrag gibt einen groben \u00dcberblick \u00fcber die EU T\u00e4tigkeiten im Bereich Klima und Umwelt und setzt dann einen gezielten Schwerpunkt auf die Mobilisierung von Finanzmitteln f\u00fcr Umwelt- und Klimaschutz (nachhaltige und gr\u00fcne Finanzen).<\/p>\n<p>Klimawandel und Umweltzerst\u00f6rung stellen eine existenzielle Bedrohung f\u00fcr Europa und die Welt dar. Zur Bew\u00e4ltigung dieser Herausforderungen hat der europ\u00e4ische Gr\u00fcne Deal unter Anderem das Ziel der Klimaneutralit\u00e4t bis 2050 festgelegt, also dass bis 2050 keine Netto-Treibhausgasemissionen mehr freigesetzt werden. Au\u00dferdem soll das Naturkapital der EU gesch\u00fctzt, erhalten und verbessert werden. Ein Europ\u00e4isches Klimagesetz hat das Ziel der Klimaneutralit\u00e4t, im Einklang mit den Verpflichtungen die die EU im Rahmen des \u00dcbereinkommens von Paris eingegangen ist, von politischem Engagement in eine rechtliche Verpflichtung umgewandelt. Um dieses Ziel zu erreichen wurden Klima- und Energieziele f\u00fcr 2030 h\u00f6her gesteckt und vielf\u00e4ltige weitere Ma\u00dfnahmen in allen wesentlichen Sektoren ergriffen, zum Beispiel im Bereich EU-Emissionshandelssystem (EU-EHS), in Verkehr, Geb\u00e4ude und Landwirtschaft, der Einbindung von Forstwirtschaft und Landnutzung bei der Bek\u00e4mpfung des Klimawandels, der Nutzung erneuerbarer Energien, Energieeffizienz, oder der Anpassung an die Auswirkungen des Klimawandels. Auch im Bereich des Umwelt- und Naturschutzes hat die EU mit ihrem Aktionsplan f\u00fcr die Kreislaufwirtschaft, der Biodiversit\u00e4tsstrategie f\u00fcr 2030 oder der Verordnung \u00fcber die Wiederherstellung der Natur (Nature Restoration Law) wichtige Ma\u00dfnahmen erlassen um Artenvielfalt und nat\u00fcrliche Lebensr\u00e4ume zu sch\u00fctzen, Luft und Wasser sauber zu halten und f\u00fcr eine ordnungsgem\u00e4\u00dfe Abfallentsorgung zu sorgen.<br \/>\nEine wichtige Frage ist die nach den Finanzmitteln f\u00fcr den Umwelt- und Klimaschutz. Dabei geht es sowohl um den eigenen EU Haushalt, als auch um Ma\u00dfnahmen die gezielt privates Kapital in gr\u00fcne und nachhaltige Projekte lenken.<strong><br \/>\n<\/strong>[\/vc_toggle][vc_toggle title=&#8220;Exkursion &#8211; Institut f\u00fcr Sport &#8211; Nachhaltigkeit im und durch den Hochschulsport (13.03.)&#8220;]<strong>Wann:<\/strong><br \/>\n<img loading=\"lazy\" decoding=\"async\" class=\"size-medium wp-image-4465 alignright\" src=\"https:\/\/www.studiumgenerale.uni-mannheim.de\/wp-content\/uploads\/2023\/06\/2022-07-07-IFS-Office_Viola-300x185.jpg\" alt=\"\" width=\"300\" height=\"185\" srcset=\"https:\/\/www.studiumgenerale.uni-mannheim.de\/wp-content\/uploads\/2023\/06\/2022-07-07-IFS-Office_Viola-300x185.jpg 300w, https:\/\/www.studiumgenerale.uni-mannheim.de\/wp-content\/uploads\/2023\/06\/2022-07-07-IFS-Office_Viola-2048x1266.jpg 2048w, https:\/\/www.studiumgenerale.uni-mannheim.de\/wp-content\/uploads\/2023\/06\/2022-07-07-IFS-Office_Viola-768x475.jpg 768w, https:\/\/www.studiumgenerale.uni-mannheim.de\/wp-content\/uploads\/2023\/06\/2022-07-07-IFS-Office_Viola-1536x950.jpg 1536w, https:\/\/www.studiumgenerale.uni-mannheim.de\/wp-content\/uploads\/2023\/06\/2022-07-07-IFS-Office_Viola-1920x1187.jpg 1920w\" sizes=\"auto, (max-width: 300px) 100vw, 300px\" \/>(1) 13.03.2024 von 10:00 &#8211; 12:00 Uhr <em>oder<\/em><br \/>\n(2) 13.03.2024 von 12:30 &#8211; 14:30 Uhr<\/p>\n<p>&nbsp;<\/p>\n<p><strong>TREFFPUNKT: Yogastudio C7,12<\/strong><\/p>\n<p><strong>Kursleitung:<\/strong> Viola M\u00fcnch<br \/>\nViola M\u00fcnch studierte Sportmanagement und -soziologie\u00a0an der IBA Heidelberg und an der\u00a0Universit\u00e4t Bielefeld und ist\u00a0am Institut f\u00fcr Sport der Uni Mannheim\u00a0f\u00fcr die Themen der\u00a0sozialen und \u00f6kologischen Nachhaltigkeit\u00a0verantwortlich.<\/p>\n<p><strong>Kursbeschreibung:<\/strong><\/p>\n<p>Der Sport nimmt einen hohen Stellenwert innerhalb unserer Gesellschaft\u00a0ein und muss sich daher\u00a0die Frage stellen, wie\u00a0Nachhaltigkeitsthemen in Sportinstitutionen verankert werden k\u00f6nnen.<\/p>\n<p>Zum einen m\u00fcssen die selbst verursachten negativen Auswirkungen (wie CO2-Emissionen, Ressourcenverbrauch oder soziale Ungleichheit) reduziert werden:\u00a0Wie k\u00f6nnen Sportveranstaltungen und -kurse nachhaltig geplant und durchgef\u00fchrt werden?\u00a0Und auf der anderen Seite: Wie kann der Sport seine gesellschaftspolitische Verantwortung wahrnehmen und positiv\u00a0dazu beitragen, unsere sozialen und\u00a0planetaren Grenzen\u00a0zu sch\u00fctzen?<\/p>\n<p>Im Rahmen der Exkursion gehen wir darauf ein, wie Nachhaltigkeit im Hochschulsport aber auch durch den Hochschulsport gelingen kann und welche Besonderheiten der Sport sowie\u00a0eine\u00a0Landeseinrichtung\u00a0mit sich bringen. Wir schauen uns die Handlungs- und Nachhaltigkeitsfelder im Hochschulsport an und entwickeln Ideen f\u00fcr Ma\u00dfnahmen sozialer und \u00f6kologischer Dimension.[\/vc_toggle][vc_toggle title=&#8220;Seminar: &#8222;Sustainability Management&#8222; (21.+24.+ 25.05.)&#8220;]<strong>Wann:<br \/>\n<\/strong>21.05. von 17:00 &#8211; 20:30 Uhr +<br \/>\n24.05. von 09:00 &#8211; 22:30 Uhr +<br \/>\n25.05. von 09:00 &#8211; 22:30 Uhr<strong><br \/>\n<\/strong><\/p>\n<p><strong>Wo:<br \/>\n<\/strong>ExpLAB, Schloss<strong><br \/>\n<\/strong><\/p>\n<p><strong>Kursleitung:<\/strong><br \/>\nSabine von Mering, Ph.D. is a visiting guest professor at Universit\u00e4t Mannheim in the summer of 2024. She is Professor of German, and Women\u2019s Gender and Sexuality Studies and Director of the Center for German and European Studies at Brandeis University in Waltham, MA, USA, where she is also a core member of the Environmental Studies Program and of the minor in<em> Creativity and the Arts for Social Transformation<\/em> (CAST). Her English translation of Luisa Neubauer and Alexander Repenning\u2019s 2019 book <em>Vom Ende der Klimakrise. Eine Geschichte unserer Zukunft (Beginning the End of the Climate Crisis. A History of our Future)<\/em> was published with Brandeis University Press in 2023. She co-edited <em>Antisemitism on Social Media<\/em> with Monika H\u00fcbscher (Routledge, 2022), <em>Right-Wing Radicalism Today: Perspectives from Europe and the US<\/em> (Routledge, 2013), and <em>International Green Politics<\/em> (Brandeis, 2002). She has been a climate activist with 350 Mass and NoCoalNoGas for many years and has also worked with Indigenous water protectors against the Line 3 tarsands pipeline. She is currently working on the <em>Routledge Handbook on Grassroots Climate Activism<\/em> (2024) and is a <em>2023 Public Voices Fellow on the Climate Crisis with The OpEd Project, in partnership with the Yale Program on Climate Change Communication [climatecommunication.yale.edu].<\/em><\/p>\n<p><strong>Kursbeschreibung:<\/strong><br \/>\nDesigning the Just Transition: Ways to incorporate ecofeminism and climate justice activism into your career<\/p>\n<p>Climate change will impact your future whether you like it or not. It will happen by design or by disaster. What knowledge and skills do you need to become an effective change-maker in your profession to help manage the just transition? Centered around the collection of texts in Ayana Elizabeth Johnson and Katharine K.Wilkinson\u2019s All We Can Save. Truth, Courage, and Solutions for the Climate Crisis (2020) this intensive three-day seminar aims to inspire students to take charge of their future and will equip them with the tools to sharpen their arguments and become effective \u201cinside climate activists.\u201d Whether you view yourself as a future teacher, project manager, start-up entrepreneur or HR professional [or whatever Uni Mannheim graduates like to to] this seminar will help you get started on designing your role in the just transition.[\/vc_toggle][vc_toggle title=&#8220;Vorlesungsreihe: \u201eASTA Ringvorlesung&#8222;&#8220;]Weitere Informationen hier:<\/p>\n<p><a href=\"https:\/\/asta-uni-mannheim.de\/ringvorlesung_klimawandel\/\">https:\/\/asta-uni-mannheim.de\/ringvorlesung_klimawandel\/<\/a>[\/vc_toggle][vc_toggle title=&#8220;Tagesworkshop: &#8222;Einfach machen! So geht Nachhaltigkeit&#8222; (25.04.)&#8220;]<strong>Wann: <\/strong>25.04.2024 von 17:15 &#8211; 20:30 Uhr<\/p>\n<p><strong>Wo:\u00a0<\/strong>B6, 30-32, E-F, Raum 110<\/p>\n<p><strong>\u00dcber die Klimaschutzagentur:<br \/>\n<\/strong>Mannheim im Herzen, das Weltklima immer im Blick: Getreu diesem Motto ist die Klimaschutzagentur Mannheim seit 2009 Anlaufstelle f\u00fcr mehr Klimaschutz und Nachhaltigkeit in unserer Stadt. Ob zum Thema Stromsparen, klimafreundliche Ern\u00e4hrung oder Plastikvermeidung, ob bei der direkten Beratung, auf einer Veranstaltung oder in den sozialen Medien: Die 14 Mitarbeitenden helfen kostenfrei und neutral mit praktischen Tipps und Tricks zu allen Klimathemen.<\/p>\n<p><strong>Kursbeschreibung:<br \/>\n<\/strong>Mit dem Workshop \u201eEinfach machen! So geht Nachhaltigkeit\u201c m\u00f6chte die Klimaschutzagentur Mannheim Menschen zusammenbringen und gemeinsam vom Wissen zum Handeln kommen. Ob nun ganz am Anfang, mittendrin oder mit Expertenwissen: in diesen vier Stunden wollen die Mitarbeiterinnen f\u00fcr ein nachhaltiges Mannheim inspirieren und motivieren.\u00a0Ziel des Workshops ist es mehr \u00fcber die komplexen Zusammenh\u00e4nge hinter unseren allt\u00e4glichen Entscheidungen zu erfahren sowie hilfreiche Tipps zu bekommen. Beim Kick-Off haben die Studierenden die M\u00f6glichkeit den Schwerpunkt des Workshops festzulegen. Zur Auswahl stehen die Themen \u201eEnergieverbrauch\u201c, \u201eKlimafreundliche Ern\u00e4hrung\u201c sowie \u201eNachhaltiges Abfallverhalten\u201c.<\/p>\n<p>&nbsp;[\/vc_toggle][vc_toggle title=&#8220;Exkursion &#8211; Klimakabinett &#8211; Klima Arena Sinsheim (20.03.)&#8220;]<span style=\"font-family: 'Calibri',sans-serif; color: black;\"><img loading=\"lazy\" decoding=\"async\" class=\"size-medium wp-image-4934 alignright\" src=\"https:\/\/www.studiumgenerale.uni-mannheim.de\/wp-content\/uploads\/2023\/11\/Klima_Arena_Logo_mitClaim_RZ_RGB_gross_72dpi-300x159.jpg\" alt=\"\" width=\"300\" height=\"159\" srcset=\"https:\/\/www.studiumgenerale.uni-mannheim.de\/wp-content\/uploads\/2023\/11\/Klima_Arena_Logo_mitClaim_RZ_RGB_gross_72dpi-300x159.jpg 300w, https:\/\/www.studiumgenerale.uni-mannheim.de\/wp-content\/uploads\/2023\/11\/Klima_Arena_Logo_mitClaim_RZ_RGB_gross_72dpi.jpg 709w\" sizes=\"auto, (max-width: 300px) 100vw, 300px\" \/><\/span><strong>Wann:\u00a0<\/strong>20.03.2024 von 14:00 &#8211; 17:00 Uhr<\/p>\n<p>Deutschland hat sich das Ziel gesteckt, bis 2045 ein klimaneutrales Land zu werden. Doch was k\u00f6nnen und m\u00fcssen wir daf\u00fcr tun? Vor welchen H\u00fcrden stehen wir und wie k\u00f6nnen wir diese nehmen? Das Klimakabinett wurde extra daf\u00fcr gegr\u00fcndet, sich mit genau diesen Fragen zu befassen. In unserem Planspiel schl\u00fcpfen wir selbst in die Rollen der Ministerinnen und Minister und erleben den politischen Prozess des Kabinetts hautnah. Wir setzen uns mit den verschiedenen M\u00f6glichkeiten und Schwierigkeiten der nationalen Klimapolitik auseinander und versuchen f\u00fcr Deutschland das bestm\u00f6gliche Klima(schutz)-Paket zu beschlie\u00dfen.<\/p>\n<p><a href=\"https:\/\/klima-arena.de\">https:\/\/klima-arena.de<\/a>[\/vc_toggle][vc_toggle title=&#8220;Tagesworkshop: \u201eKlimamodelle und chaotisches Verhalten\u201c (05.11.)&#8220;]<strong>Wann:<\/strong> 05.11.2024 von 15:30 &#8211; 18:45 Uhr<br \/>\n<strong>Wo: <\/strong>A5, 6, H\u00f6rsaal C012 (Bauteil C)<\/p>\n<p><strong>Kursleitung:<br \/>\n<\/strong>Peter Paczewski<strong><br \/>\n<\/strong><\/p>\n<p><strong>Kursbeschreibung:<br \/>\n<\/strong>In diesem Workshop geben wir eine kleine Einf\u00fchrung in die mathematischen und physikalischen Begriffe f\u00fcr die Besch\u00e4ftigung mit Klimamodellen. Hierbei betrachten wir sehr einfache Modelle, die beispielsweise den Planet Erde zu einem Punkt vereinfachen, sowie ausf\u00fchrlichere Modelle, die auf einem sehr feinen Gitter des Planeten viele nichtlineare Gleichungen zugleich betrachten. Wir behandeln Modelle f\u00fcr den Treibhauseffekt und Modelle f\u00fcr den Atlantik und den Golfstrom und geben Beispiele und Erl\u00e4uterungen zu Simulationen. Insbesondere betrachten wir dabei Beispiele der Effekte von Nichtlinearit\u00e4t und des sogenannten chaotischen Verhaltens von dynamischen Systemen.<br \/>\nDie Veranstaltung setzt sich aus kleinen Bl\u00f6cken von Vorlesungen, Quizzen, Beispielen und \u00dcbungen zusammen.<\/p>\n<p>Der Workshop kann \u00fcberdies als ein Aperitif der Vorlesung \u201aNumerik und Stochastik von Klimamodellen (MAC 567)\u2018 im FSS 2025 betrachten werden.<strong><br \/>\n<\/strong>[\/vc_toggle][vc_toggle title=&#8220;Exkursion: \u201eDer Lehrgarten von morgen im Spannungsfeld von Besch\u00e4ftigungsf\u00f6rderung, Umweltpolitik und Umweltschutz&#8222; (09.10.)&#8220;]<strong>Wann: <\/strong>09.10.2024von 10:00 &#8211; 12:00 Uhr<\/p>\n<p><strong>Wo:\u00a0<\/strong>Zentraler Mannheimer Lehrgarten \/ Lilienthalstrasse 60<\/p>\n<p><strong>Kursleitung: <\/strong>Raphael Schmidt<strong><br \/>\n<\/strong><\/p>\n<p><strong>Kursbeschreibung:<br \/>\n<\/strong>folgt<strong><br \/>\n<\/strong>[\/vc_toggle][vc_toggle title=&#8220;Tagesworkshop: \u201eNachhaltigkeits\u00fcberlegungen am Beispiel des Fahrrads im TECHNOSEUM\u201c (29.10.)&#8220;]<strong>Wann:<\/strong> 29.10.2024 von 17:00 &#8211; 18:30 Uhr<br \/>\n<strong>Wo:<\/strong> Technoseum<\/p>\n<p><strong>Kursleitung:<br \/>\n<\/strong>Peter Parczewski<strong><br \/>\n<\/strong><\/p>\n<p><strong>Kursbeschreibung:<br \/>\n<\/strong>Das Fahrrad wurde in Mannheim erfunden und ist heute ein wichtiger Faktor bei der Dekarbonisierung des Individualverkehrs. Aber wie nachhaltig ist die Produktion eines Fahrrads heute und wie nachhaltig war sie zu Beginn des 19. Jahrhunderts als das Fahrrad seinen ersten Boom erlebte? Eine F\u00fchrung im TECHNOSEUM zur Geschichte des Fahrrads f\u00fchrt zu Beginn des Workshops in die Thematik ein. Anschlie\u00dfend w\u00e4hlen die Teilnehmerinnen und Teilnehmer in kleinen Teams einen Aspekt zur Nachhaltigkeit rund um das Fahrrad und den Fahrradverkehr, den sie im Laufe des Workshops genauer erforschen und zum Abschluss in einer kleinen Pr\u00e4sentation vorstellen. Ziel dabei ist es, die im TECHNOSEUM pr\u00e4sentierten Fakten zum Fahrrad um Nachhaltigkeitsaspekte zu erg\u00e4nzen.[\/vc_toggle][\/vc_column][vc_column width=&#8220;1\/6&#8243;][\/vc_column][\/vc_row][vc_row][vc_column width=&#8220;1\/6&#8243;][\/vc_column][vc_column width=&#8220;2\/3&#8243; offset=&#8220;vc_hidden-lg vc_hidden-md vc_hidden-sm vc_hidden-xs&#8220;][vc_column_text]<\/p>\n<h3>Programm des Studium Oecologicum im FSS 2025<\/h3>\n<p>[\/vc_column_text][\/vc_column][vc_column width=&#8220;1\/6&#8243;][\/vc_column][\/vc_row][vc_row][vc_column width=&#8220;1\/6&#8243;][\/vc_column][vc_column width=&#8220;2\/3&#8243; offset=&#8220;vc_hidden-lg vc_hidden-md vc_hidden-sm vc_hidden-xs&#8220;][vc_toggle title=&#8220;Kick-off Veranstaltung (21.02.)&#8220;]<strong>Wann: <\/strong>21.02.2024 von 13:45 &#8211; 17:00 Uhr<\/p>\n<p><strong>Wo: <\/strong>ExpLAB Schloss Schneckenhof<\/p>\n<p><strong>Beschreibung:<\/strong><br \/>\nAn diesem Tag soll ein Einblick in die Forschungen und T\u00e4tigkeiten rund um die Nachhaltigkeit an der Universit\u00e4t Mannheim gegeben werden. Ein Kennenlernen und Austausch zwischen den Teilnehmenden steht hierbei ebenfalls im Fokus. <strong><br \/>\n<\/strong>[\/vc_toggle][vc_toggle title=&#8220;Tagesworkshop: &#8222;Diskursanalysen zum Thema Klimawandel in den sozialen Medien&#8222; (14.03.)&#8220;]<strong>Wann: <\/strong>14.03.2025, von 14:00 &#8211; 19:00 Uhr<\/p>\n<p><strong>Wo: Schloss, ExpLAB<\/strong><img loading=\"lazy\" decoding=\"async\" class=\"alignright wp-image-5673\" src=\"https:\/\/www.studiumgenerale.uni-mannheim.de\/wp-content\/uploads\/2024\/11\/IMG-20241003-WA0003-150x150.jpg\" alt=\"\" width=\"149\" height=\"169\" srcset=\"https:\/\/www.studiumgenerale.uni-mannheim.de\/wp-content\/uploads\/2024\/11\/IMG-20241003-WA0003-264x300.jpg 264w, https:\/\/www.studiumgenerale.uni-mannheim.de\/wp-content\/uploads\/2024\/11\/IMG-20241003-WA0003-1802x2048.jpg 1802w, https:\/\/www.studiumgenerale.uni-mannheim.de\/wp-content\/uploads\/2024\/11\/IMG-20241003-WA0003-768x873.jpg 768w, https:\/\/www.studiumgenerale.uni-mannheim.de\/wp-content\/uploads\/2024\/11\/IMG-20241003-WA0003-1352x1536.jpg 1352w, https:\/\/www.studiumgenerale.uni-mannheim.de\/wp-content\/uploads\/2024\/11\/IMG-20241003-WA0003.jpg 1876w\" sizes=\"auto, (max-width: 149px) 100vw, 149px\" \/><\/p>\n<p><strong>Kursleitung:\u00a0<\/strong>Dr. Maja Linthe<br \/>\nDr. Maja Linthe ist Linguistin und promovierte Slawistin. Sie ist seit mehreren Jahren an der Universit\u00e4t Mannheim als Dozentin t\u00e4tig. Hier hat sie sich vor allem mit Texten in den sozialen Medien und auch mit den Argumentationen verschiedener Akteure im Klimadiskurs besch\u00e4ftigt.<\/p>\n<p><strong>Kursbeschreibung:<br \/>\n<\/strong>Der Workshop widmet sich der Analyse von Diskursen zum Thema Klimawandel auf unterschiedlichen Plattformen der sozialen Medien. Es wird eine kleine Einf\u00fchrung in die Diskurslinguistik geben, um Diskurse zum Klimawandel in den sozialen Medien angemessen untersuchen zu k\u00f6nnen. Fragen, die uns dabei interessieren sind: Welche Akteure gibt es im Diskurs zum Klimawandel? Welche Begriffe werden von ihnen verwendet und welche Muster lassen sich erkennen? Auf welche Art und Weise werden bestimmte Begriffe immer wieder verwendet und mit welcher Intention? Welche Metaphern lassen sich finden?<\/p>\n<p>Dabei wird der Diskurs zun\u00e4chst im Sinne von Spitzm\u00fcller\/Warnke (2011, 9) verstanden als \u201eFormationssystem von Aussagen, das auf kollektives, handlungsleitendes und sozial stratifizierendes Wissen verweist\u201c. F\u00fcr die Analyse von Diskursen aus den sozialen Medien ist au\u00dferdem die Multimodalit\u00e4t sowie die Vernetzung und Partizipation zu beachten. Auf verschiedenen Plattformen sozialer Medien werden wir Posts von Politiker:innen, von Sprecher:innen der Fridays for future-Bewegung und von Klimawandel-Leugner:innen gegen\u00fcberstellen und untersuchen, wie unterschiedlich hier Sprache im Diskurs eingesetzt wird. Die Studierenden k\u00f6nnen selbst Posts vorschlagen, die sie dann mit Anleitung in Gruppenarbeit analysieren. Anschlie\u00dfen werden jeweils die Ergebnisse der Gruppenarbeit im Plenum zusammengetragen. Der Workshop ist f\u00fcr 6 UE konzipiert, in denen sich Phasen des Wissenserwerbs, der Diskussion und der Anwendung des Erlernten in Gruppenarbeit abwechseln werden.<\/p>\n<p><strong>Lekt\u00fcre:<\/strong><br \/>\nWarnke, Ingo H. (2018). Handbuch Diskurs, Berlin, Boston: De Gruyter. https:\/\/doi.org\/10.1515\/9783110296075<br \/>\nMarx, Konstanze\/Schmidt, Axel: \u201eEinleitung.\u201c In: Marx, K., &amp; Schmidt, A. (2019). Interaktion und Medien: Interaktionsanalytische Zug\u00e4nge zu medienvermittelter Kommunikation (OraLingua; Band 17). Heidelberg, S. 1-31.[\/vc_toggle][vc_toggle title=&#8220;Tagesworkshop :&#8222;The World\u2019s Future&#8222; (04.04.)&#8220;]<strong>Die Zukunft der Welt in deinen H\u00e4nden!<\/strong><\/p>\n<p><strong>Wann: <\/strong>04.04.2025 von 14:00 &#8211; 19:00 Uhr<\/p>\n<p><strong>Wo: <\/strong>ExpLAB Schloss Schneckenhof<img loading=\"lazy\" decoding=\"async\" class=\"alignright wp-image-4681\" src=\"https:\/\/www.studiumgenerale.uni-mannheim.de\/wp-content\/uploads\/2023\/08\/Portraet_RonjaBaginski_FotografinKatrinGlueckler-300x200.jpg\" alt=\"\" width=\"250\" height=\"167\" srcset=\"https:\/\/www.studiumgenerale.uni-mannheim.de\/wp-content\/uploads\/2023\/08\/Portraet_RonjaBaginski_FotografinKatrinGlueckler-300x200.jpg 300w, https:\/\/www.studiumgenerale.uni-mannheim.de\/wp-content\/uploads\/2023\/08\/Portraet_RonjaBaginski_FotografinKatrinGlueckler-768x512.jpg 768w, https:\/\/www.studiumgenerale.uni-mannheim.de\/wp-content\/uploads\/2023\/08\/Portraet_RonjaBaginski_FotografinKatrinGlueckler-1536x1024.jpg 1536w, https:\/\/www.studiumgenerale.uni-mannheim.de\/wp-content\/uploads\/2023\/08\/Portraet_RonjaBaginski_FotografinKatrinGlueckler-1920x1280.jpg 1920w, https:\/\/www.studiumgenerale.uni-mannheim.de\/wp-content\/uploads\/2023\/08\/Portraet_RonjaBaginski_FotografinKatrinGlueckler-330x220.jpg 330w, https:\/\/www.studiumgenerale.uni-mannheim.de\/wp-content\/uploads\/2023\/08\/Portraet_RonjaBaginski_FotografinKatrinGlueckler.jpg 2048w\" sizes=\"auto, (max-width: 250px) 100vw, 250px\" \/><\/p>\n<p><strong>Kursleitung:\u00a0<\/strong>Laura Oberle &amp; Ronja Baginski<\/p>\n<p><strong>Ronja Baginski, M.Sc.<\/strong><br \/>\nWissenschaftliche Mitarbeiterin am Lehrstuhl f\u00fcr Wirtschaftsp\u00e4dagogik (Prof. Dr. Carmela Aprea) an der Universit\u00e4t Mannheim und am Mannheim Institute for Financial Education (MIFE). Ihre Forschungsschwerpunkte umfassen die \u00f6konomische und finanzielle Allgemeinbildung, Nachhaltigkeitsbildung und Game-basiertes Lernen.<\/p>\n<p><img loading=\"lazy\" decoding=\"async\" class=\"alignright wp-image-4680\" src=\"https:\/\/www.studiumgenerale.uni-mannheim.de\/wp-content\/uploads\/2023\/08\/Portraet_LauraOberle_20210719-scaled.jpg\" alt=\"\" width=\"250\" height=\"167\" srcset=\"https:\/\/www.studiumgenerale.uni-mannheim.de\/wp-content\/uploads\/2023\/08\/Portraet_LauraOberle_20210719-scaled.jpg 2560w, https:\/\/www.studiumgenerale.uni-mannheim.de\/wp-content\/uploads\/2023\/08\/Portraet_LauraOberle_20210719-300x200.jpg 300w, https:\/\/www.studiumgenerale.uni-mannheim.de\/wp-content\/uploads\/2023\/08\/Portraet_LauraOberle_20210719-2048x1365.jpg 2048w, https:\/\/www.studiumgenerale.uni-mannheim.de\/wp-content\/uploads\/2023\/08\/Portraet_LauraOberle_20210719-768x512.jpg 768w, https:\/\/www.studiumgenerale.uni-mannheim.de\/wp-content\/uploads\/2023\/08\/Portraet_LauraOberle_20210719-1536x1024.jpg 1536w, https:\/\/www.studiumgenerale.uni-mannheim.de\/wp-content\/uploads\/2023\/08\/Portraet_LauraOberle_20210719-1920x1280.jpg 1920w, https:\/\/www.studiumgenerale.uni-mannheim.de\/wp-content\/uploads\/2023\/08\/Portraet_LauraOberle_20210719-330x220.jpg 330w\" sizes=\"auto, (max-width: 250px) 100vw, 250px\" \/><\/p>\n<p><strong>Dr. Laura Oberle<br \/>\n<\/strong>Beraterin f\u00fcr Strategie &amp; Transformation bei PwC Switzerland mit einem Fokus auf Business Process Management. Vormals Promovierende am Lehrstuhl f\u00fcr Service Operations Management (Prof. Dr. Cornelia Sch\u00f6n) an der Universit\u00e4t Mannheim.<\/p>\n<p><strong>Kursbeschreibung:<br \/>\n<\/strong>Vor dem Hintergrund der Formulierung der Nachhaltigkeitsziele (SDGs) der Vereinten Nationen wurde das Spiel \u201eThe World&#8217;s Future\u201c entwickelt. In diesem Simulationsspiel schl\u00fcpfst du in die Ministerrolle eines Landes, um die \u00f6konomischen, sozialen und \u00f6kologischen Bed\u00fcrfnisse deiner Bev\u00f6lkerung im Team zu adressieren. Dabei werden mehrere Runden gespielt, in denen du u.a. die Auswirkungen der im Spiel get\u00e4tigten Entscheidungen sehen wirst. Somit wird durch das Spiel nicht nur deine Aufmerksamkeit auf die verschiedenen SDGs und deren Zusammenh\u00e4nge gelenkt, sondern auch deine Team- und Kommunikationsf\u00e4higkeit sowie dein Verhandlungsgeschick trainiert. Sei also dabei, wenn wir am 4. April 2025 die Zukunft der Welt in unseren H\u00e4nden halten![\/vc_toggle][vc_toggle title=&#8220;Tagesworkshop: &#8222;Nachhaltigkeitsberichterstattung in der EU: Pflicht, Chance und Herausforderung?&#8222; (10.05.)&#8220;]<strong>Wann: <\/strong>10.05.2025 von 09:00 &#8211; 14:15 Uhr<\/p>\n<p><strong>Wo: <\/strong>Online via Zoom<\/p>\n<p><strong>Kursleitung: <\/strong>Stefanie Reustlen<img loading=\"lazy\" decoding=\"async\" class=\"alignright wp-image-4102\" src=\"https:\/\/www.studiumgenerale.uni-mannheim.de\/wp-content\/uploads\/2022\/11\/Foto-Reustlen-300x200.jpg\" alt=\"\" width=\"220\" height=\"147\" srcset=\"https:\/\/www.studiumgenerale.uni-mannheim.de\/wp-content\/uploads\/2022\/11\/Foto-Reustlen-300x200.jpg 300w, https:\/\/www.studiumgenerale.uni-mannheim.de\/wp-content\/uploads\/2022\/11\/Foto-Reustlen-768x512.jpg 768w, https:\/\/www.studiumgenerale.uni-mannheim.de\/wp-content\/uploads\/2022\/11\/Foto-Reustlen-330x220.jpg 330w, https:\/\/www.studiumgenerale.uni-mannheim.de\/wp-content\/uploads\/2022\/11\/Foto-Reustlen.jpg 1200w\" sizes=\"auto, (max-width: 220px) 100vw, 220px\" \/><br \/>\nSeit Beginn meiner Promotion hat mich das Thema Nachhaltigkeit und hierbei insbesondere die Nachhaltigkeitsberichterstattung begeistert. Basierend auf den Erkenntnissen aus meiner Berufst\u00e4tigkeit fasziniert mich an der Nachhaltig-keitsberichterstattung die M\u00f6glichkeit, \u00f6konomische Ziele im Einklang mit \u00f6kologischen und sozialen Belangen umzusetzen. Insbesondere die soziale Dimension der Nachhaltigkeit \u2013 die in Bezug auf Arbeitnehmer humane Arbeitsbedingungen fordert \u2013 hat aufgrund der (noch) geringen Forschungst\u00e4tigkeit verbunden mit der M\u00f6glichkeit einen sozialen Mehrwert zu schaffen, meine Leidenshaft geweckt. Ich freue mich sehr gemeinsam mit Ihnen das spannende Themenfeld der Nachhaltigkeitsberichterstattung zu durchleuchten.<\/p>\n<p><strong>Kursbeschreibung:<br \/>\n<\/strong>Fokus inhaltlich: nichtfinanzielle Berichterstattung \/ Nachhaltigkeitsberichterstattung, ESG<br \/>\nFokus methodisch:\u00a0Ersteller- und Adressatenperspektive (Berichterstattung DAX notierter Unternehmen vs. der Erwartungshaltung von Share- und Stakeholdern sowie der normativen Vorgaben)<\/p>\n<p>Im Kurs soll es um die normativen Vorgaben zur Offenlegung von nichtfinanziellen Erkl\u00e4rungen und Berichten \/ Nachhaltigkeitsberichten gehen:<br \/>\nDie Nachhaltigkeitsberichterstattung hat in den vergangenen Jahren sukzessive an Bedeutung gewonnen (CSR-Richtlinie, CSR-RUG, CSRD, ESRS).<br \/>\nDiese Entwicklung ist f\u00fcr gro\u00dfe kapitalmarktorientierte Unternehmen (sowie aufgrund der steigenden Offenlegungspflichten zunehmend auch f\u00fcr KMU) von hoher Relevanz.<br \/>\nIm Kurs schauen wir uns die Entwicklung sowie die aktuellen und zuk\u00fcnftigen Verpflichtungen im Kontext der Nachhaltigkeitsberichterstattung mit Bezug auf EU und Deutschland an.<br \/>\nBasierend auf den normativen Vorgaben evaluieren wir die gegenw\u00e4rtige Berichterstattung DAX notierter Unternehmen und beantworten hierbei u. a. die folgenden Fragen:<br \/>\nWie Entscheidungsn\u00fctzlich ist die Berichterstattung? Welche Berichtsaspekte werden offengelegt und warum? Wie erfolgt die Offenlegung? (qualitativ \/ quantitativ \/ Leistungskennzahlen)[\/vc_toggle][vc_toggle title=&#8220;Exkursion &#8211; &#8222;Die nachhaltige Musterwohnung&#8222; (27.03.)&#8220;]<strong>Wann:<\/strong> 27.03.2025 von 14:00 &#8211; 15:30 Uhr<\/p>\n<p><strong>\u00dcber die Klimaschutzagentur:<br \/>\n<\/strong>Mannheim im Herzen, das Weltklima immer im Blick: Getreu diesem Motto ist die Klimaschutzagentur Mannheim seit 2009 Anlaufstelle f\u00fcr mehr Klimaschutz und Nachhaltigkeit in unserer Stadt. Ob zum Thema Stromsparen, klimafreundliche Ern\u00e4hrung oder Plastikvermeidung, ob bei der direkten Beratung, auf einer Veranstaltung oder in den sozialen Medien: Die 14 Mitarbeitenden helfen kostenfrei und neutral mit praktischen Tipps und Tricks zu allen Klimathemen.<\/p>\n<p><strong>Kursbeschreibung:<br \/>\n<\/strong>Nachhaltigkeit l\u00e4sst sich durch viele kleine Ma\u00dfnahmen aktiv im Alltag umsetzen. Die Ausstellung \u201eDie nachhaltige Musterwohnung\u201c macht das intuitiv erlebbar. Beim Ziehen, Heben und \u00d6ffnen typischer Haushaltsgegenst\u00e4nde wird deutlich, dass Energiesparen, Plastikvermeidung und Begr\u00fcnung nicht nur dem Klima zugutekommen. Weniger Kosten, eine ges\u00fcndere Lebensweise und der Schutz der Artenvielfalt zeigen: Nachhaltigkeit bedeutet keinen Verzicht, sondern einen Gewinn f\u00fcr alle.<br \/>\nDie F\u00fchrung hat Workshopcharakter \u2013 hier geht es darum, aktiv zu entdecken, kleine Aufgaben zu l\u00f6sen und sich auszutauschen. Der Fokus liegt auf praktischen Tipps im Bereich Energiesparen.[\/vc_toggle][vc_toggle title=&#8220;Exkursion &#8211; F\u00fchrung zur Ausstellung &#8222;Essen und Trinken&#8222; (02.04.)&#8220;]<strong>F\u00fchrung zur Ausstellung \u201eEssen und Trinken\u201c in den Reiss-Engelhorn-Museen<\/strong><br \/>\n<strong><em>Eine zeithistorische F\u00fchrung mit dem Fokus \u201eNachhaltigkeit\u201c<\/em><\/strong><\/p>\n<p><strong>Wann:<\/strong> 02.04.2025 von 14:30 &#8211; 16:00 Uhr<\/p>\n<p><strong>Treffpunkt:<\/strong> Reiss-Engelhorn-Museen, Eingang Zeughaus<\/p>\n<p><strong>Kursbeschreibung:<br \/>\n<\/strong>folgt.<strong><br \/>\n<\/strong>[\/vc_toggle][vc_toggle title=&#8220;Exkursion \u2013  \u201eNaturf\u00fchrung an den Rhein\u201c (13.05.)&#8220;]<strong>Wann: <\/strong>13.05.2025 von 14:30 &#8211; 17:00 Uhr<\/p>\n<p><strong>Treffpunkt:<\/strong> Schloss Universit\u00e4t Mannheim, Campus Schop<\/p>\n<p><strong>Kursleitung:<br \/>\n<\/strong>Margarete Durand, studierte Anglistik und Geografie an der Universit\u00e4t Mannheim ist zur Zeit als Dozentin am Studium Generale der Uni Mannheim t\u00e4tig. Dar\u00fcber hinaus ist sie lizenzierte Naturf\u00fchrerin und bietet in der Region Natur- und Landschaftsf\u00fchrungen an.<\/p>\n<p><strong>Kursbeschreibung:<br \/>\n<\/strong>Woher kommt eigentlich unser Trinkwasser ?<\/p>\n<p>Wasser ist in Mannheim Lebenselixier und Bedrohung zugleich! Klimawandel, \u00dcberschwemmung, Wassermangel, Trinkwassergewinnung, Industrie und Naturlandschaft sind Themen die an diesem Nachmittag angesprochen werden. Bei einem Spaziergang entlang des Ufers erfahrt ihr Interessantes \u00fcber den Rhein und die \u00f6kologische und industrielle Bedeutung des Flusses f\u00fcr die Metropolregion Rhein-Neckar.<\/p>\n<p><a href=\"https:\/\/naturfuehrer.wixsite.com\/vierauwaeldler\/fuehrungen-termine\">Webseite<\/a>[\/vc_toggle][vc_toggle title=&#8220;Exkursion \u2013  \u201eNaturf\u00fchrung an den Rhein\u201c (20.05.)&#8220;]<strong>Wann: <\/strong>20.05.2025 von 14:30 &#8211; 17:00 Uhr<\/p>\n<p><strong>Treffpunkt:<\/strong> Schloss Universit\u00e4t Mannheim, Campus Schop<\/p>\n<p><strong>Kursleitung:<br \/>\n<\/strong>Margarete Durand, studierte Anglistik und Geografie an der Universit\u00e4t Mannheim ist zur Zeit als Dozentin am Studium Generale der Uni Mannheim t\u00e4tig. Dar\u00fcber hinaus ist sie lizenzierte Naturf\u00fchrerin und bietet in der Region Natur- und Landschaftsf\u00fchrungen an.<\/p>\n<p><strong>Kursbeschreibung:<br \/>\n<\/strong>Woher kommt eigentlich unser Trinkwasser ?<\/p>\n<p>Wasser ist in Mannheim Lebenselixier und Bedrohung zugleich! Klimawandel, \u00dcberschwemmung, Wassermangel, Trinkwassergewinnung, Industrie und Naturlandschaft sind Themen die an diesem Nachmittag angesprochen werden. Bei einem Spaziergang entlang des Ufers erfahrt ihr Interessantes \u00fcber den Rhein und die \u00f6kologische und industrielle Bedeutung des Flusses f\u00fcr die Metropolregion Rhein-Neckar.<\/p>\n<p><a href=\"https:\/\/naturfuehrer.wixsite.com\/vierauwaeldler\/fuehrungen-termine\">Webseite<\/a>[\/vc_toggle][vc_toggle title=&#8220;ZfS Seminar \u201eNachhaltigkeit kommunizieren &#8211; ohne Greenwashing\u201c (21.03.+28.03.+11.04.)&#8220;]<strong>Wann:<br \/>\n<\/strong>21.03.2025 von 13:45 &#8211; 20:00 Uhr +<br \/>\n28.03.2025 von 13:45 &#8211; 20:00 Uhr +<br \/>\n11.04.2025 von 13:45 &#8211; 20:00 Uhr<\/p>\n<p><strong>Kursleitung: <\/strong>Vera Klopprogge<img loading=\"lazy\" decoding=\"async\" class=\"alignright wp-image-4461\" src=\"https:\/\/www.studiumgenerale.uni-mannheim.de\/wp-content\/uploads\/2023\/06\/Vera-Klopprogge_Fotograf-Matthias-Heidrich-300x200.jpg\" alt=\"\" width=\"250\" height=\"167\" srcset=\"https:\/\/www.studiumgenerale.uni-mannheim.de\/wp-content\/uploads\/2023\/06\/Vera-Klopprogge_Fotograf-Matthias-Heidrich-300x200.jpg 300w, https:\/\/www.studiumgenerale.uni-mannheim.de\/wp-content\/uploads\/2023\/06\/Vera-Klopprogge_Fotograf-Matthias-Heidrich-2048x1365.jpg 2048w, https:\/\/www.studiumgenerale.uni-mannheim.de\/wp-content\/uploads\/2023\/06\/Vera-Klopprogge_Fotograf-Matthias-Heidrich-768x512.jpg 768w, https:\/\/www.studiumgenerale.uni-mannheim.de\/wp-content\/uploads\/2023\/06\/Vera-Klopprogge_Fotograf-Matthias-Heidrich-1536x1024.jpg 1536w, https:\/\/www.studiumgenerale.uni-mannheim.de\/wp-content\/uploads\/2023\/06\/Vera-Klopprogge_Fotograf-Matthias-Heidrich-1920x1280.jpg 1920w, https:\/\/www.studiumgenerale.uni-mannheim.de\/wp-content\/uploads\/2023\/06\/Vera-Klopprogge_Fotograf-Matthias-Heidrich-330x220.jpg 330w\" sizes=\"auto, (max-width: 250px) 100vw, 250px\" \/><br \/>\nVera Klopprogge hat \u00fcber 15 Jahre Berufserfahrung in PR und Marketing, unter anderem als Leiterin Corporate Communications bei Forschungseinrichtungen und Universit\u00e4ten und als Leiterin Marketing bei der Geb\u00e4udetechniksparte von Siemens. Seit 2012 gibt die Alumna der Universit\u00e4t Mannheim ihr Know-how in Workshops und Vortr\u00e4gen weiter. Mitte 2023 hat sie ihre Leidenschaft \u2013 ihr Wissen aus der Praxis weiterzugeben \u2013 zu ihrem Vollzeitjob gemacht und ist mit <em>Vera Klopprogge Kommu<\/em><em>nikation &amp; Training<\/em> selbst\u00e4ndig.<\/p>\n<p><strong>Kursbeschreibung:<br \/>\n<\/strong>\u201eNachhaltigkeit\u201c ist das Schlagwort unserer Zeit: Unternehmen wollen es in ihrer Strategie und im Handeln verankern &#8211; aus eigenem Antrieb, aber auch, um wettbewerbsf\u00e4hig zu bleiben. Mit einer guten Kommunikation gilt es, das richtig und effektiv nach au\u00dfen zu kommunizieren.<\/p>\n<p>Rund um das Thema Nachhaltigkeit kursieren dabei viele verschiedene Begriffe, Abk\u00fcrzungen und Trends, die schnell verwirren k\u00f6nnen. Im Seminar gehen wir das strukturiert an und schauen uns an, was beispielsweise die Sustainable Development Goals sind, wie Corporate Social Responsibility gelebt werden kann und warum sich Unternehmen mit so genannten ESG-Kriterien (Environment, Social, Governance) besch\u00e4ftigen.<\/p>\n<p>Wir erarbeiten uns anschlie\u00dfend die Grundlagen der Presse- und \u00d6ffentlichkeitsarbeit in Bezug auf das Thema Nachhaltigkeit. Dabei betrachten wir unter anderem Reportingpflichten und verschiedene Instrumente, wie Pressemitteilungen und den Nachhaltigkeitsbericht. Dabei analysieren wir, was es zu beachten gibt (Achtung vor Greenwashing) und wie wir uns damit von Wettbewerbern unterscheiden k\u00f6nnen. Praktische Schreib\u00fcbungen in Einzel- und Gruppenarbeit runden das Seminar ab.[\/vc_toggle][vc_toggle title=&#8220;ZfS Seminar: &#8222;Nachhaltigskeitsprojekte managen&#8222; (04.+05.+11.+12.04.)&#8220;]<strong>Wann:<br \/>\n<\/strong>04.04.2025 von 14:00 &#8211; 18:00 Uhr<br \/>\n05.04.2025 von 10:00 &#8211; 17:00 Uhr<br \/>\n11.04.2025 von 14:00 &#8211; 18:00 Uhr<br \/>\n12.04.2025 von 10:00 &#8211; 17:00 Uhr<\/p>\n<p><strong>Kursleitung: <\/strong>Frau Jutta Heidenreich<br \/>\nJutta Heidenreich studierte Betriebswirtschaftslehre an der Universit\u00e4t Mannheim und ist als Dozentin f\u00fcr das Studium Generale\/Zentrum f\u00fcr Schl\u00fcsselqualifikationen zu den Themen Projektmanagement, Nachhaltigkeit und Konfliktmanagement t\u00e4tig. Weiterhin arbeitet sie seit vielen Jahren als Management- und F\u00fchrungskr\u00e4ftetrainerin und leitet Seminare f\u00fcr die Frankfurt School of Finance &amp; Management.<\/p>\n<p><strong>Kursbeschreibung:<br \/>\n<\/strong>Das Thema Nachhaltigkeit und das zunehmende Erfordernis, unsere eigene Zukunft vor allem nachhaltig zu entwickeln, sind die vordringlichen Herausforderungen f\u00fcr Politik, Wirtschaft und unsere globale Gesellschaft. Vor diesem Hintergrund haben die Vereinten Nationen im Jahre 2015 mit der \u201aAgenda 2030\u2018 eine Charta f\u00fcr die notwendige Transformation der Welt vorgestellt und einen Aktionsplan mit 17 bedeutenden Milleniumzielen verabschiedet. Hierbei stehen sich erstmalig \u00f6konomische, soziale und \u00f6kologische Ziele gleichwertig gegen\u00fcber.<br \/>\nAuf die Erreichung dieser 17 Sustainable Goals (SGDs) baut dieses Seminar auf.<br \/>\nSie werden sich anhand von Projektauftr\u00e4gen mit einigen dieser Ziele auseinander-setzen, deren Durchsetzbarkeit absch\u00e4tzen und den bisherigen Status quo analysieren.<br \/>\nNach individuellem Interesse entscheiden Sie sich f\u00fcr ein Projekt beispielsweise aus den Bereichen \u201anachhaltiger Verkehr\u2018, \u201anachhaltiger Konsum bzw. Produktion\u2018, \u201aErh\u00f6hung des weltweiten Bildungsniveaus\u2018, \u201aBek\u00e4mpfung der Armut\u2018 oder gar ein eigenes Wunschprojekt.<br \/>\nAnhand der Methoden des Projektmanagements und der Stakeholderanalyse erarbeiten Sie in Teams Ihre eigenen L\u00f6sungen und Wege, wie die vielf\u00e4ltigen Aspekte der Nachhaltigkeit in Ihrem Thema verwirklicht werden k\u00f6nnten. Hierbei bringen Sie gerne auch Ihre eigenen Ideen und Erfahrungen mit ein.<br \/>\nIhre Teamergebnisse pr\u00e4sentieren Sie gemeinsam vor dem Plenum, leiten den sich anschlie\u00dfenden Diskurs und stehen allen Teilnehmern im Anschluss als Experte zur Verf\u00fcgung.<br \/>\nNehmen Sie aus diesem Seminar Impulse und Anregungen f\u00fcr Ihren eigenen Beitrag zur Erreichung der Millenniumziele mit.[\/vc_toggle][vc_toggle title=&#8220;ZfS Seminar: \u201eDie nachhaltige Ausrichtung eines Unternehmens\u201c (23.+24.+25.05.)&#8220;]<strong>Wann:<br \/>\n<\/strong>23.05.2025 von 14:00 &#8211; 18:00 Uhr<br \/>\n24.05.2025 von 09:00 &#8211; 18:00 Uhr<br \/>\n25.05.2025 von 09:00 &#8211; 18:00 Uhr<\/p>\n<p><strong>Wo:<\/strong> L9, 1-2, Raum 009<\/p>\n<p><strong>Kursleitung: <\/strong>Jan T\u00e4nzler<\/p>\n<p><strong>Kursbeschreibung:<br \/>\n<\/strong>Wirtschaftsethische Erwartungen prim\u00e4r an Unternehmen drehen sich h\u00e4ufig um die Frage, welches Verhalten man als Teil der \u00d6ffentlichkeit von Unternehmen erwarten sollte.<\/p>\n<p>Unternehmen sind sich dieser Erwartung durchaus bewusst und so wird gesellschaftlich verantwortliches Verhalten der Unternehmen gerade im Hinblick auf Nachhaltigkeit heute mehr denn je gelebt. Neben verschiedenen Aktivit\u00e4ten werden auch gute Corporate-Governance-Ma\u00dfnahmen von Unternehmen in den letzten Jahren vermehrt genutzt. Familienunternehmen besch\u00e4ftigen sich diesbez\u00fcglich st\u00e4rker mit Family-Governance-Ma\u00dfnahmen.<\/p>\n<p>Beleuchtet man das Verhalten von Unternehmen von einer ethischen Perspektive, so sind wichtige Fragen,<\/p>\n<ul>\n<li>welche Erwartungen Kunden an das nachhaltige Verhalten von Unternehmen haben,<\/li>\n<li>welches Verhalten Unternehmen diesbez\u00fcglich an den Tag legen k\u00f6nnen und<\/li>\n<li>wie das nachhaltige Engagement der Unternehmen erfolgreich an die Stakeholder kommuniziert werden kann.<\/li>\n<\/ul>\n<p>Diese Fragen sollen die Studierenden in diesem Seminar diskutieren und beantworten.<\/p>\n<p>Die Studierenden werden in Gruppen aufgeteilt und bekommen eine Case Study zugewiesen. Insgesamt gibt es zwei verschiedene Aufgaben, sodass nicht jede Gruppe die gleichen Inhalte bearbeitet.<\/p>\n<p>Die Case Studies beinhalten ein fiktives Unternehmen, welches vor unterschiedlichen Herausforderungen in Bezug auf die Drei S\u00e4ulen der Nachhaltigkeit (\u00d6konomie, \u00d6kologie und Soziales) steht.<\/p>\n<p>Die erarbeiteten Ergebnisse werde im Anschluss vor den Studierenden vorgestellt und diskutiert. Dadurch, dass verschiedene Inhalte bearbeitet werden, k\u00f6nnen die jeweiligen Studierenden die Ergebnisse der anderen Gruppe diskutieren, ohne Vorwissen zu haben.<\/p>\n<p>Nach dem Seminar haben Sie einen guten Eindruck, welche Beitr\u00e4ge ein Unternehmen leisten kann, um nachhaltiger zu agieren. <strong><br \/>\n<\/strong>[\/vc_toggle][\/vc_column][vc_column width=&#8220;1\/6&#8243;][\/vc_column][\/vc_row][vc_row css=&#8220;.vc_custom_1545098255217{background-color: #ebebeb !important;}&#8220;][vc_column width=&#8220;1\/6&#8243;][\/vc_column][vc_column width=&#8220;2\/3&#8243;][vc_row_inner][vc_column_inner width=&#8220;1\/3&#8243;][vc_column_text]<\/p>\n<h2>Allgemeines<\/h2>\n<p><a href=\"https:\/\/www.studiumgenerale.uni-mannheim.de\/index.php\/kontakt\/\">Kontakt<\/a><br \/>\n<a href=\"https:\/\/www.studiumgenerale.uni-mannheim.de\/index.php\/faqs\/\">FAQs<\/a><br \/>\n<a href=\"https:\/\/www.service.uni-mannheim.de\/index.php\/wer-wir-sind\/\">Wer Wir Sind<\/a><br \/>\n<a href=\"https:\/\/www.studiumgenerale.uni-mannheim.de\/index.php\/aktuelles-2\/\">Wichtige Links<\/a><br \/>\n<a href=\"https:\/\/www.service.uni-mannheim.de\/index.php\/datenschutz\/\">Datenschutz<\/a><br \/>\n<a href=\"https:\/\/www.studiumgenerale.uni-mannheim.de\/index.php\/agb\/\">AGB<\/a><br \/>\n<a href=\"https:\/\/www.studiumgenerale.uni-mannheim.de\/index.php\/impressum\/\">Impressum<\/a>[\/vc_column_text][\/vc_column_inner][vc_column_inner width=&#8220;1\/3&#8243;][vc_column_text]<\/p>\n<h2>Studierende<\/h2>\n<p><a href=\"https:\/\/www.studiumgenerale.uni-mannheim.de\/index.php\/sprachkurse\/\">Sprachkurse<\/a><br \/>\n<a href=\"https:\/\/www.studiumgenerale.uni-mannheim.de\/index.php\/sprachzertifikate\/\">Sprachzertifikate<\/a><br \/>\n<a href=\"https:\/\/www.studiumgenerale.uni-mannheim.de\/index.php\/newsindex\/\">News<\/a><br \/>\n<a href=\"https:\/\/www.studiumgenerale.uni-mannheim.de\/index.php\/faqs\/\">FAQs<\/a><br \/>\n<a href=\"https:\/\/www.studiumgenerale.uni-mannheim.de\/index.php\/zfsueber\/\">ZfS<\/a><br \/>\n<a href=\"https:\/\/www.studiumgenerale.uni-mannheim.de\/index.php\/uebersetzungsservice\/\">\u00dcbersetzungsservice<\/a>[\/vc_column_text][\/vc_column_inner][vc_column_inner width=&#8220;1\/3&#8243;][vc_column_text]<\/p>\n<h2>Externe<\/h2>\n<p><a href=\"https:\/\/www.studiumgenerale.uni-mannheim.de\/index.php\/sprachkurse\/\">Kurse &amp; Weiterbildung<\/a><br \/>\n<a href=\"https:\/\/www.studiumgenerale.uni-mannheim.de\/index.php\/fuer-internehmen\/\">F\u00fcr Unternehmen<\/a><br \/>\n<a href=\"https:\/\/www.studiumgenerale.uni-mannheim.de\/index.php\/fortbildung\/\">Fortbildung<\/a><br \/>\n<a href=\"https:\/\/www.studiumgenerale.uni-mannheim.de\/index.php\/foerdermoeglichkeiten\/\">F\u00f6rderm\u00f6glichkeiten<\/a><br \/>\n<a href=\"https:\/\/www.studiumgenerale.uni-mannheim.de\/index.php\/faqs\/\">FAQs<\/a>[\/vc_column_text][\/vc_column_inner][\/vc_row_inner][\/vc_column][vc_column width=&#8220;1\/6&#8243;][\/vc_column][\/vc_row]<\/p>\n","protected":false},"excerpt":{"rendered":"<p>[vc_row][vc_column][vc_column_text][\/vc_column_text][vc_row_inner el_class=&#8220;navrow&#8220;][vc_column_inner width=&#8220;1\/6&#8243;][\/vc_column_inner][vc_column_inner width=&#8220;2\/3&#8243;][vc_column_text][\/vc_column_text][\/vc_column_inner][vc_column_inner width=&#8220;1\/6&#8243;][\/vc_column_inner][\/vc_row_inner][\/vc_column][\/vc_row][vc_row][vc_column width=&#8220;1\/6&#8243;][\/vc_column][vc_column width=&#8220;2\/3&#8243;][vc_column_text css=&#8220;.vc_custom_1751541187373{background-color: #597d9c !important;border-radius: 5px !important;}&#8220;] Zertifikat Nachhaltigkeit: Studium Oecologicum [\/vc_column_text][vc_row_inner][vc_column_inner width=&#8220;2\/3&#8243; css=&#8220;.vc_custom_1538985480375{margin-top: 10px !important;}&#8220;][vc_column_text]Die Gefahren des Klimawandels sowie die sozialen Missst\u00e4nde in globalen Lieferketten zeigen die Notwendigkeit f\u00fcr nachhaltiges Wirtschaften deutlich auf. Neben den gesellschaftlichen und politischen Forderungen l\u00e4sst sich von Seiten der Regulierung eine deutlich zunehmende Relevanz [&hellip;]<\/p>\n","protected":false},"author":10,"featured_media":0,"parent":0,"menu_order":0,"comment_status":"closed","ping_status":"closed","template":"page-fullwidth.php","meta":{"footnotes":""},"class_list":["post-3407","page","type-page","status-publish","hentry"],"yoast_head":"<!-- This site is optimized with the Yoast SEO plugin v26.1.1 - https:\/\/yoast.com\/wordpress\/plugins\/seo\/ -->\n<title>Zertifikat Nachhaltigkeit: Studium Oecologicum - Studium Generale<\/title>\n<meta name=\"robots\" content=\"index, follow, max-snippet:-1, max-image-preview:large, max-video-preview:-1\" \/>\n<link rel=\"canonical\" href=\"https:\/\/www.studiumgenerale.uni-mannheim.de\/index.php\/studium-oecologicum\/\" \/>\n<meta property=\"og:locale\" content=\"de_DE\" \/>\n<meta property=\"og:type\" content=\"article\" \/>\n<meta property=\"og:title\" content=\"Zertifikat Nachhaltigkeit: Studium Oecologicum - Studium Generale\" \/>\n<meta property=\"og:description\" content=\"[vc_row][vc_column][vc_column_text][\/vc_column_text][vc_row_inner el_class=&#8220;navrow&#8220;][vc_column_inner width=&#8220;1\/6&#8243;][\/vc_column_inner][vc_column_inner width=&#8220;2\/3&#8243;][vc_column_text][\/vc_column_text][\/vc_column_inner][vc_column_inner width=&#8220;1\/6&#8243;][\/vc_column_inner][\/vc_row_inner][\/vc_column][\/vc_row][vc_row][vc_column width=&#8220;1\/6&#8243;][\/vc_column][vc_column width=&#8220;2\/3&#8243;][vc_column_text css=&#8220;.vc_custom_1751541187373{background-color: #597d9c !important;border-radius: 5px !important;}&#8220;] Zertifikat Nachhaltigkeit: Studium Oecologicum [\/vc_column_text][vc_row_inner][vc_column_inner width=&#8220;2\/3&#8243; css=&#8220;.vc_custom_1538985480375{margin-top: 10px !important;}&#8220;][vc_column_text]Die Gefahren des Klimawandels sowie die sozialen Missst\u00e4nde in globalen Lieferketten zeigen die Notwendigkeit f\u00fcr nachhaltiges Wirtschaften deutlich auf. Neben den gesellschaftlichen und politischen Forderungen l\u00e4sst sich von Seiten der Regulierung eine deutlich zunehmende Relevanz [&hellip;]\" \/>\n<meta property=\"og:url\" content=\"https:\/\/www.studiumgenerale.uni-mannheim.de\/index.php\/studium-oecologicum\/\" \/>\n<meta property=\"og:site_name\" content=\"Studium Generale\" \/>\n<meta property=\"article:modified_time\" content=\"2026-04-19T10:33:14+00:00\" \/>\n<meta property=\"og:image\" content=\"https:\/\/www.studiumgenerale.uni-mannheim.de\/wp-content\/uploads\/2022\/08\/Logo_OECOLOGICUM-300x212.png\" \/>\n<meta name=\"twitter:card\" content=\"summary_large_image\" \/>\n<meta name=\"twitter:label1\" content=\"Gesch\u00e4tzte Lesezeit\" \/>\n\t<meta name=\"twitter:data1\" content=\"54\u00a0Minuten\" \/>\n<script type=\"application\/ld+json\" class=\"yoast-schema-graph\">{\"@context\":\"https:\/\/schema.org\",\"@graph\":[{\"@type\":\"WebPage\",\"@id\":\"https:\/\/www.studiumgenerale.uni-mannheim.de\/index.php\/studium-oecologicum\/\",\"url\":\"https:\/\/www.studiumgenerale.uni-mannheim.de\/index.php\/studium-oecologicum\/\",\"name\":\"Zertifikat Nachhaltigkeit: Studium Oecologicum - Studium Generale\",\"isPartOf\":{\"@id\":\"https:\/\/www.studiumgenerale.uni-mannheim.de\/#website\"},\"primaryImageOfPage\":{\"@id\":\"https:\/\/www.studiumgenerale.uni-mannheim.de\/index.php\/studium-oecologicum\/#primaryimage\"},\"image\":{\"@id\":\"https:\/\/www.studiumgenerale.uni-mannheim.de\/index.php\/studium-oecologicum\/#primaryimage\"},\"thumbnailUrl\":\"https:\/\/www.studiumgenerale.uni-mannheim.de\/wp-content\/uploads\/2024\/05\/RZ_Logo_VAN_4c-1-300x144.jpg\",\"datePublished\":\"2022-06-07T07:13:15+00:00\",\"dateModified\":\"2026-04-19T10:33:14+00:00\",\"breadcrumb\":{\"@id\":\"https:\/\/www.studiumgenerale.uni-mannheim.de\/index.php\/studium-oecologicum\/#breadcrumb\"},\"inLanguage\":\"de\",\"potentialAction\":[{\"@type\":\"ReadAction\",\"target\":[\"https:\/\/www.studiumgenerale.uni-mannheim.de\/index.php\/studium-oecologicum\/\"]}]},{\"@type\":\"ImageObject\",\"inLanguage\":\"de\",\"@id\":\"https:\/\/www.studiumgenerale.uni-mannheim.de\/index.php\/studium-oecologicum\/#primaryimage\",\"url\":\"https:\/\/www.studiumgenerale.uni-mannheim.de\/wp-content\/uploads\/2024\/05\/RZ_Logo_VAN_4c-1-scaled.jpg\",\"contentUrl\":\"https:\/\/www.studiumgenerale.uni-mannheim.de\/wp-content\/uploads\/2024\/05\/RZ_Logo_VAN_4c-1-scaled.jpg\",\"width\":2560,\"height\":1227,\"caption\":\"VAN Bremen Logo\"},{\"@type\":\"BreadcrumbList\",\"@id\":\"https:\/\/www.studiumgenerale.uni-mannheim.de\/index.php\/studium-oecologicum\/#breadcrumb\",\"itemListElement\":[{\"@type\":\"ListItem\",\"position\":1,\"name\":\"Startseite\",\"item\":\"https:\/\/www.studiumgenerale.uni-mannheim.de\/\"},{\"@type\":\"ListItem\",\"position\":2,\"name\":\"Zertifikat Nachhaltigkeit: Studium Oecologicum\"}]},{\"@type\":\"WebSite\",\"@id\":\"https:\/\/www.studiumgenerale.uni-mannheim.de\/#website\",\"url\":\"https:\/\/www.studiumgenerale.uni-mannheim.de\/\",\"name\":\"Studium Generale\",\"description\":\"\",\"publisher\":{\"@id\":\"https:\/\/www.studiumgenerale.uni-mannheim.de\/#organization\"},\"potentialAction\":[{\"@type\":\"SearchAction\",\"target\":{\"@type\":\"EntryPoint\",\"urlTemplate\":\"https:\/\/www.studiumgenerale.uni-mannheim.de\/?s={search_term_string}\"},\"query-input\":{\"@type\":\"PropertyValueSpecification\",\"valueRequired\":true,\"valueName\":\"search_term_string\"}}],\"inLanguage\":\"de\"},{\"@type\":\"Organization\",\"@id\":\"https:\/\/www.studiumgenerale.uni-mannheim.de\/#organization\",\"name\":\"Studium Generale\",\"url\":\"https:\/\/www.studiumgenerale.uni-mannheim.de\/\",\"logo\":{\"@type\":\"ImageObject\",\"inLanguage\":\"de\",\"@id\":\"https:\/\/www.studiumgenerale.uni-mannheim.de\/#\/schema\/logo\/image\/\",\"url\":\"https:\/\/www.studiumgenerale.uni-mannheim.de\/wp-content\/uploads\/2021\/09\/StudGen.jpg\",\"contentUrl\":\"https:\/\/www.studiumgenerale.uni-mannheim.de\/wp-content\/uploads\/2021\/09\/StudGen.jpg\",\"width\":400,\"height\":120,\"caption\":\"Studium Generale\"},\"image\":{\"@id\":\"https:\/\/www.studiumgenerale.uni-mannheim.de\/#\/schema\/logo\/image\/\"}}]}<\/script>\n<!-- \/ Yoast SEO plugin. -->","yoast_head_json":{"title":"Zertifikat Nachhaltigkeit: Studium Oecologicum - Studium Generale","robots":{"index":"index","follow":"follow","max-snippet":"max-snippet:-1","max-image-preview":"max-image-preview:large","max-video-preview":"max-video-preview:-1"},"canonical":"https:\/\/www.studiumgenerale.uni-mannheim.de\/index.php\/studium-oecologicum\/","og_locale":"de_DE","og_type":"article","og_title":"Zertifikat Nachhaltigkeit: Studium Oecologicum - Studium Generale","og_description":"[vc_row][vc_column][vc_column_text][\/vc_column_text][vc_row_inner el_class=&#8220;navrow&#8220;][vc_column_inner width=&#8220;1\/6&#8243;][\/vc_column_inner][vc_column_inner width=&#8220;2\/3&#8243;][vc_column_text][\/vc_column_text][\/vc_column_inner][vc_column_inner width=&#8220;1\/6&#8243;][\/vc_column_inner][\/vc_row_inner][\/vc_column][\/vc_row][vc_row][vc_column width=&#8220;1\/6&#8243;][\/vc_column][vc_column width=&#8220;2\/3&#8243;][vc_column_text css=&#8220;.vc_custom_1751541187373{background-color: #597d9c !important;border-radius: 5px !important;}&#8220;] Zertifikat Nachhaltigkeit: Studium Oecologicum [\/vc_column_text][vc_row_inner][vc_column_inner width=&#8220;2\/3&#8243; css=&#8220;.vc_custom_1538985480375{margin-top: 10px !important;}&#8220;][vc_column_text]Die Gefahren des Klimawandels sowie die sozialen Missst\u00e4nde in globalen Lieferketten zeigen die Notwendigkeit f\u00fcr nachhaltiges Wirtschaften deutlich auf. Neben den gesellschaftlichen und politischen Forderungen l\u00e4sst sich von Seiten der Regulierung eine deutlich zunehmende Relevanz [&hellip;]","og_url":"https:\/\/www.studiumgenerale.uni-mannheim.de\/index.php\/studium-oecologicum\/","og_site_name":"Studium Generale","article_modified_time":"2026-04-19T10:33:14+00:00","og_image":[{"url":"https:\/\/www.studiumgenerale.uni-mannheim.de\/wp-content\/uploads\/2022\/08\/Logo_OECOLOGICUM-300x212.png","type":"","width":"","height":""}],"twitter_card":"summary_large_image","twitter_misc":{"Gesch\u00e4tzte Lesezeit":"54\u00a0Minuten"},"schema":{"@context":"https:\/\/schema.org","@graph":[{"@type":"WebPage","@id":"https:\/\/www.studiumgenerale.uni-mannheim.de\/index.php\/studium-oecologicum\/","url":"https:\/\/www.studiumgenerale.uni-mannheim.de\/index.php\/studium-oecologicum\/","name":"Zertifikat Nachhaltigkeit: Studium Oecologicum - Studium Generale","isPartOf":{"@id":"https:\/\/www.studiumgenerale.uni-mannheim.de\/#website"},"primaryImageOfPage":{"@id":"https:\/\/www.studiumgenerale.uni-mannheim.de\/index.php\/studium-oecologicum\/#primaryimage"},"image":{"@id":"https:\/\/www.studiumgenerale.uni-mannheim.de\/index.php\/studium-oecologicum\/#primaryimage"},"thumbnailUrl":"https:\/\/www.studiumgenerale.uni-mannheim.de\/wp-content\/uploads\/2024\/05\/RZ_Logo_VAN_4c-1-300x144.jpg","datePublished":"2022-06-07T07:13:15+00:00","dateModified":"2026-04-19T10:33:14+00:00","breadcrumb":{"@id":"https:\/\/www.studiumgenerale.uni-mannheim.de\/index.php\/studium-oecologicum\/#breadcrumb"},"inLanguage":"de","potentialAction":[{"@type":"ReadAction","target":["https:\/\/www.studiumgenerale.uni-mannheim.de\/index.php\/studium-oecologicum\/"]}]},{"@type":"ImageObject","inLanguage":"de","@id":"https:\/\/www.studiumgenerale.uni-mannheim.de\/index.php\/studium-oecologicum\/#primaryimage","url":"https:\/\/www.studiumgenerale.uni-mannheim.de\/wp-content\/uploads\/2024\/05\/RZ_Logo_VAN_4c-1-scaled.jpg","contentUrl":"https:\/\/www.studiumgenerale.uni-mannheim.de\/wp-content\/uploads\/2024\/05\/RZ_Logo_VAN_4c-1-scaled.jpg","width":2560,"height":1227,"caption":"VAN Bremen Logo"},{"@type":"BreadcrumbList","@id":"https:\/\/www.studiumgenerale.uni-mannheim.de\/index.php\/studium-oecologicum\/#breadcrumb","itemListElement":[{"@type":"ListItem","position":1,"name":"Startseite","item":"https:\/\/www.studiumgenerale.uni-mannheim.de\/"},{"@type":"ListItem","position":2,"name":"Zertifikat Nachhaltigkeit: Studium Oecologicum"}]},{"@type":"WebSite","@id":"https:\/\/www.studiumgenerale.uni-mannheim.de\/#website","url":"https:\/\/www.studiumgenerale.uni-mannheim.de\/","name":"Studium Generale","description":"","publisher":{"@id":"https:\/\/www.studiumgenerale.uni-mannheim.de\/#organization"},"potentialAction":[{"@type":"SearchAction","target":{"@type":"EntryPoint","urlTemplate":"https:\/\/www.studiumgenerale.uni-mannheim.de\/?s={search_term_string}"},"query-input":{"@type":"PropertyValueSpecification","valueRequired":true,"valueName":"search_term_string"}}],"inLanguage":"de"},{"@type":"Organization","@id":"https:\/\/www.studiumgenerale.uni-mannheim.de\/#organization","name":"Studium Generale","url":"https:\/\/www.studiumgenerale.uni-mannheim.de\/","logo":{"@type":"ImageObject","inLanguage":"de","@id":"https:\/\/www.studiumgenerale.uni-mannheim.de\/#\/schema\/logo\/image\/","url":"https:\/\/www.studiumgenerale.uni-mannheim.de\/wp-content\/uploads\/2021\/09\/StudGen.jpg","contentUrl":"https:\/\/www.studiumgenerale.uni-mannheim.de\/wp-content\/uploads\/2021\/09\/StudGen.jpg","width":400,"height":120,"caption":"Studium Generale"},"image":{"@id":"https:\/\/www.studiumgenerale.uni-mannheim.de\/#\/schema\/logo\/image\/"}}]}},"post_mailing_queue_ids":[],"_links":{"self":[{"href":"https:\/\/www.studiumgenerale.uni-mannheim.de\/index.php\/wp-json\/wp\/v2\/pages\/3407","targetHints":{"allow":["GET"]}}],"collection":[{"href":"https:\/\/www.studiumgenerale.uni-mannheim.de\/index.php\/wp-json\/wp\/v2\/pages"}],"about":[{"href":"https:\/\/www.studiumgenerale.uni-mannheim.de\/index.php\/wp-json\/wp\/v2\/types\/page"}],"author":[{"embeddable":true,"href":"https:\/\/www.studiumgenerale.uni-mannheim.de\/index.php\/wp-json\/wp\/v2\/users\/10"}],"replies":[{"embeddable":true,"href":"https:\/\/www.studiumgenerale.uni-mannheim.de\/index.php\/wp-json\/wp\/v2\/comments?post=3407"}],"version-history":[{"count":321,"href":"https:\/\/www.studiumgenerale.uni-mannheim.de\/index.php\/wp-json\/wp\/v2\/pages\/3407\/revisions"}],"predecessor-version":[{"id":10920,"href":"https:\/\/www.studiumgenerale.uni-mannheim.de\/index.php\/wp-json\/wp\/v2\/pages\/3407\/revisions\/10920"}],"wp:attachment":[{"href":"https:\/\/www.studiumgenerale.uni-mannheim.de\/index.php\/wp-json\/wp\/v2\/media?parent=3407"}],"curies":[{"name":"wp","href":"https:\/\/api.w.org\/{rel}","templated":true}]}}